{"id":10710,"date":"2025-02-25T12:15:56","date_gmt":"2025-02-25T10:15:56","guid":{"rendered":"https:\/\/servyproglobal.com\/ignifugaciones\/sectorizacion-de-incendios\/"},"modified":"2026-04-16T15:56:44","modified_gmt":"2026-04-16T13:56:44","slug":"sectorizacion-de-incendios","status":"publish","type":"page","link":"https:\/\/servyproglobal.com\/ca\/ignifugaciones\/sectorizacion-de-incendios\/","title":{"rendered":"Sectoritzaci\u00f3 d\u2019incendis"},"content":{"rendered":"\t\t<div data-elementor-type=\"wp-page\" data-elementor-id=\"10710\" class=\"elementor elementor-10710 elementor-6288\" data-elementor-post-type=\"page\">\n\t\t\t\t<div class=\"elementor-element elementor-element-52f295a e-flex e-con-boxed e-con e-parent\" data-id=\"52f295a\" data-element_type=\"container\" data-e-type=\"container\" data-settings=\"{&quot;background_background&quot;:&quot;classic&quot;}\">\n\t\t\t\t\t<div class=\"e-con-inner\">\n\t\t\t\t<div class=\"elementor-element elementor-element-6ef4dfc elementor-widget elementor-widget-heading\" data-id=\"6ef4dfc\" data-element_type=\"widget\" data-e-type=\"widget\" data-widget_type=\"heading.default\">\n\t\t\t\t\t<h1 class=\"elementor-heading-title elementor-size-default\">Sectoritzaci\u00f3 d\u2019incendis \n<\/h1>\t\t\t\t<\/div>\n\t\t\t\t\t<\/div>\n\t\t\t\t<\/div>\n\t\t<div class=\"elementor-element elementor-element-bd85854 e-flex e-con-boxed e-con e-parent\" data-id=\"bd85854\" data-element_type=\"container\" data-e-type=\"container\">\n\t\t\t\t\t<div class=\"e-con-inner\">\n\t\t\t\t<div class=\"elementor-element elementor-element-6d10e2e elementor-widget elementor-widget-spacer\" data-id=\"6d10e2e\" data-element_type=\"widget\" data-e-type=\"widget\" data-widget_type=\"spacer.default\">\n\t\t\t\t\t\t\t<div class=\"elementor-spacer\">\n\t\t\t<div class=\"elementor-spacer-inner\"><\/div>\n\t\t<\/div>\n\t\t\t\t\t\t<\/div>\n\t\t\t\t<div class=\"elementor-element elementor-element-1c01091 elementor-widget elementor-widget-text-editor\" data-id=\"1c01091\" data-element_type=\"widget\" data-e-type=\"widget\" data-widget_type=\"text-editor.default\">\n\t\t\t\t\t\t\t\t\t<p><span style=\"font-weight: 400;\">La <\/span><b>sectoritzaci\u00f3 d\u2019incendis<\/b><span style=\"font-weight: 400;\"> \u00e9s una soluci\u00f3 essencial dins de la protecci\u00f3 passiva contra incendis, i t\u00e9 com a objectiu dividir un edifici en diferents sectors resistents al foc mitjan\u00e7ant franges tallafocs, envans i extradossats ign\u00edfugs. Aquests sectors estan dissenyats per contenir la propagaci\u00f3 de les flames, la calor i els gasos durant un temps determinat, cosa que permet una evacuaci\u00f3 segura i redueix els danys\u00a0 materials.\u00a0<\/span><\/p><p><span style=\"font-weight: 400;\">Mitjan\u00e7ant la sectoritzaci\u00f3 correcta, un incendi queda confinat a la zona d\u2019origen, fet que protegeix la resta de l\u2019edifici i facilita la intervenci\u00f3 dels serveis d\u2019emerg\u00e8ncia. Per aquest motiu, \u00e9s una mesura imprescindible en naus industrials, oficines, habitatges, locals comercials, p\u00e0rquings i edificis d\u2019\u00fas terciari,\u00a0 especialment quan la normativa exigeix una resist\u00e8ncia al foc certificada entre sectors.\u00a0<\/span><\/p><p><span style=\"font-weight: 400;\">A <\/span><b>Servypro <\/b><span style=\"font-weight: 400;\">abordem la sectoritzaci\u00f3 d\u2019incendis mitjan\u00e7ant plaques ign\u00edfugues, segellats intumescents i sistemes de compartimentaci\u00f3 que garanteixen l\u2019estanquitat total. Fem un estudi t\u00e8cnic previ, l\u2019execuci\u00f3 professional de sistemes homologats i l\u2019emissi\u00f3 del certificat final, cosa que garanteix el compliment normatiu d\u2019una manera clara, r\u00e0pida i sense complicacions.\u00a0<\/span><\/p>\t\t\t\t\t\t\t\t<\/div>\n\t\t\t\t<div class=\"elementor-element elementor-element-06906c4 elementor-widget elementor-widget-heading\" data-id=\"06906c4\" data-element_type=\"widget\" data-e-type=\"widget\" data-widget_type=\"heading.default\">\n\t\t\t\t\t<h2 class=\"elementor-heading-title elementor-size-default\">Sectoritzaci\u00f3 d\u2019incendis CTE \n<\/h2>\t\t\t\t<\/div>\n\t\t\t\t\t<\/div>\n\t\t\t\t<\/div>\n\t\t<div class=\"elementor-element elementor-element-a11bedf e-con-full e-flex e-con e-parent\" data-id=\"a11bedf\" data-element_type=\"container\" data-e-type=\"container\">\n\t\t<div class=\"elementor-element elementor-element-8d97eec e-con-full qodef-sticky-column--enable qodef-sticky-column-snap-to--top qodef-sticky-column-disabled--1200 e-flex e-con e-child\" data-id=\"8d97eec\" data-element_type=\"container\" data-e-type=\"container\">\n\t\t\t\t<div class=\"elementor-element elementor-element-538549c elementor-widget elementor-widget-image\" data-id=\"538549c\" data-element_type=\"widget\" data-e-type=\"widget\" data-widget_type=\"image.default\">\n\t\t\t\t\t\t\t\t\t\t\t\t\t\t\t<img fetchpriority=\"high\" decoding=\"async\" width=\"1024\" height=\"576\" src=\"https:\/\/servyproglobal.com\/wp-content\/uploads\/2026\/01\/PORTADA-BLOG-21-1024x576.jpg\" class=\"attachment-large size-large wp-image-10642\" alt=\"sectorizacion-incendios\" srcset=\"https:\/\/servyproglobal.com\/wp-content\/uploads\/2026\/01\/PORTADA-BLOG-21-1024x576.jpg 1024w, https:\/\/servyproglobal.com\/wp-content\/uploads\/2026\/01\/PORTADA-BLOG-21-300x169.jpg 300w, https:\/\/servyproglobal.com\/wp-content\/uploads\/2026\/01\/PORTADA-BLOG-21-768x432.jpg 768w, https:\/\/servyproglobal.com\/wp-content\/uploads\/2026\/01\/PORTADA-BLOG-21.jpg 1366w\" sizes=\"(max-width: 1024px) 100vw, 1024px\" \/>\t\t\t\t\t\t\t\t\t\t\t\t\t\t\t<\/div>\n\t\t\t\t<\/div>\n\t\t<div class=\"elementor-element elementor-element-ce02231 e-con-full e-flex e-con e-child\" data-id=\"ce02231\" data-element_type=\"container\" data-e-type=\"container\">\n\t\t<div class=\"elementor-element elementor-element-7cebd26 e-con-full e-flex e-con e-child\" data-id=\"7cebd26\" data-element_type=\"container\" data-e-type=\"container\">\n\t\t<div class=\"elementor-element elementor-element-b38b5b2 e-con-full e-flex e-con e-child\" data-id=\"b38b5b2\" data-element_type=\"container\" data-e-type=\"container\">\n\t\t<div class=\"elementor-element elementor-element-ab34a55 e-con-full e-flex e-con e-child\" data-id=\"ab34a55\" data-element_type=\"container\" data-e-type=\"container\">\n\t\t\t\t<div class=\"elementor-element elementor-element-5c7cbe2 elementor-view-default elementor-widget elementor-widget-icon\" data-id=\"5c7cbe2\" data-element_type=\"widget\" data-e-type=\"widget\" data-widget_type=\"icon.default\">\n\t\t\t\t\t\t\t<div class=\"elementor-icon-wrapper\">\n\t\t\t<div class=\"elementor-icon\">\n\t\t\t<svg xmlns=\"http:\/\/www.w3.org\/2000\/svg\" id=\"OBJECTS\" viewBox=\"0 0 77 77\"><path d=\"M14,38.5C14,22.7,21.5,8.7,33.1,0H11v77h22.1c-11.5-8.7-19-22.7-19-38.5Z\" fill=\"#f16a00\"><\/path><path d=\"M44,0c11.5,8.7,19,22.7,19,38.5s-7.5,29.8-19,38.5h22.1V0h-22.1Z\" fill=\"#f16a00\"><\/path><\/svg>\t\t\t<\/div>\n\t\t<\/div>\n\t\t\t\t\t\t<\/div>\n\t\t\t\t<div class=\"elementor-element elementor-element-93a6dec elementor-widget elementor-widget-heading\" data-id=\"93a6dec\" data-element_type=\"widget\" data-e-type=\"widget\" data-widget_type=\"heading.default\">\n\t\t\t\t\t<h3 class=\"elementor-heading-title elementor-size-default\">Elements: \n<\/h3>\t\t\t\t<\/div>\n\t\t\t\t<\/div>\n\t\t<div class=\"elementor-element elementor-element-ee13e51 e-con-full e-flex e-con e-child\" data-id=\"ee13e51\" data-element_type=\"container\" data-e-type=\"container\">\n\t\t\t\t<div class=\"elementor-element elementor-element-8709885 elementor-widget elementor-widget-text-editor\" data-id=\"8709885\" data-element_type=\"widget\" data-e-type=\"widget\" data-widget_type=\"text-editor.default\">\n\t\t\t\t\t\t\t\t\t<p><span style=\"font-weight: 400;\">Els sistemes de sectoritzaci\u00f3 d\u2019incendis fan servir envans, sostres i extradossats ign\u00edfugs que resisteixen altes temperatures, aix\u00ed actuen com a barreres f\u00edsiques. Es complementen amb segellats intumescents, com coixinets o bandes, que <\/span><span style=\"font-weight: 400;\">s\u2019expandeixen davant la calor per bloquejar el pas del foc i del fum.\u00a0<\/span><\/p>\t\t\t\t\t\t\t\t<\/div>\n\t\t\t\t<\/div>\n\t\t\t\t<\/div>\n\t\t\t\t<\/div>\n\t\t<div class=\"elementor-element elementor-element-51b02ae e-con-full e-flex e-con e-child\" data-id=\"51b02ae\" data-element_type=\"container\" data-e-type=\"container\">\n\t\t<div class=\"elementor-element elementor-element-1351c24 e-con-full e-flex e-con e-child\" data-id=\"1351c24\" data-element_type=\"container\" data-e-type=\"container\">\n\t\t<div class=\"elementor-element elementor-element-870731b e-con-full e-flex e-con e-child\" data-id=\"870731b\" data-element_type=\"container\" data-e-type=\"container\">\n\t\t\t\t<div class=\"elementor-element elementor-element-423759b elementor-widget__width-initial elementor-view-default elementor-widget elementor-widget-icon\" data-id=\"423759b\" data-element_type=\"widget\" data-e-type=\"widget\" data-widget_type=\"icon.default\">\n\t\t\t\t\t\t\t<div class=\"elementor-icon-wrapper\">\n\t\t\t<div class=\"elementor-icon\">\n\t\t\t<svg xmlns=\"http:\/\/www.w3.org\/2000\/svg\" id=\"OBJECTS\" viewBox=\"0 0 77 77\"><polygon points=\"9.9 .6 38.6 39 38.6 .6 9.9 .6\" fill=\"#f16a00\"><\/polygon><polygon points=\"38.6 77.4 67.3 77.4 38.6 39 38.6 39 38.6 77.4\" fill=\"#f16a00\"><\/polygon><polygon points=\"77 10.3 38.6 39 77 39 77 10.3\" fill=\"#f16a00\"><\/polygon><polygon points=\".2 67.7 38.6 39 .2 39 .2 67.7\" fill=\"#f16a00\"><\/polygon><\/svg>\t\t\t<\/div>\n\t\t<\/div>\n\t\t\t\t\t\t<\/div>\n\t\t\t\t<div class=\"elementor-element elementor-element-de260d7 elementor-widget elementor-widget-heading\" data-id=\"de260d7\" data-element_type=\"widget\" data-e-type=\"widget\" data-widget_type=\"heading.default\">\n\t\t\t\t\t<h3 class=\"elementor-heading-title elementor-size-default\">Avantatges de la sectoritzaci\u00f3 d\u2019incendis \n<\/h3>\t\t\t\t<\/div>\n\t\t\t\t<\/div>\n\t\t<div class=\"elementor-element elementor-element-76ac5df e-con-full e-flex e-con e-child\" data-id=\"76ac5df\" data-element_type=\"container\" data-e-type=\"container\">\n\t\t\t\t<div class=\"elementor-element elementor-element-d9e5128 elementor-widget elementor-widget-text-editor\" data-id=\"d9e5128\" data-element_type=\"widget\" data-e-type=\"widget\" data-widget_type=\"text-editor.default\">\n\t\t\t\t\t\t\t\t\t<ul><li><span style=\"font-weight: 400;\">Garanteix una contenci\u00f3 efectiva del foc, cosa que n\u2019evita la propagaci\u00f3 entre sectors.\u00a0<\/span><\/li><li><span style=\"font-weight: 400;\">Minimitza els danys estructurals i materials durant un incendi.\u00a0<\/span><\/li><li><span style=\"font-weight: 400;\">Facilita l\u2019evacuaci\u00f3 i millora la seguretat dels ocupants.\u00a0<\/span><\/li><li><span style=\"font-weight: 400;\">Redueix els costos en reparaci\u00f3 i reconstrucci\u00f3 despr\u00e9s del sinistre.<\/span><\/li><\/ul>\t\t\t\t\t\t\t\t<\/div>\n\t\t\t\t<\/div>\n\t\t\t\t<\/div>\n\t\t\t\t<\/div>\n\t\t<div class=\"elementor-element elementor-element-39a1906 e-con-full e-flex e-con e-child\" data-id=\"39a1906\" data-element_type=\"container\" data-e-type=\"container\">\n\t\t\t\t<div class=\"elementor-element elementor-element-911a3f2 elementor-align-right elementor-widget elementor-widget-button\" data-id=\"911a3f2\" data-element_type=\"widget\" data-e-type=\"widget\" data-widget_type=\"button.default\">\n\t\t\t\t\t\t\t\t\t\t<a class=\"elementor-button elementor-button-link elementor-size-sm\" href=\"https:\/\/servyproglobal.com\/ca\/contacto\/\" target=\"_blank\">\n\t\t\t\t\t\t<span class=\"elementor-button-content-wrapper\">\n\t\t\t\t\t\t<span class=\"elementor-button-icon\">\n\t\t\t\t<svg aria-hidden=\"true\" class=\"e-font-icon-svg e-fas-arrow-right\" viewBox=\"0 0 448 512\" xmlns=\"http:\/\/www.w3.org\/2000\/svg\"><path d=\"M190.5 66.9l22.2-22.2c9.4-9.4 24.6-9.4 33.9 0L441 239c9.4 9.4 9.4 24.6 0 33.9L246.6 467.3c-9.4 9.4-24.6 9.4-33.9 0l-22.2-22.2c-9.5-9.5-9.3-25 .4-34.3L311.4 296H24c-13.3 0-24-10.7-24-24v-32c0-13.3 10.7-24 24-24h287.4L190.9 101.2c-9.8-9.3-10-24.8-.4-34.3z\"><\/path><\/svg>\t\t\t<\/span>\n\t\t\t\t\t\t\t\t\t<span class=\"elementor-button-text\">Si us plau, poseu-vos en contacte amb nosaltres per a m\u00e9s informaci\u00f3.<\/span>\n\t\t\t\t\t<\/span>\n\t\t\t\t\t<\/a>\n\t\t\t\t\t\t\t\t<\/div>\n\t\t\t\t<\/div>\n\t\t\t\t<\/div>\n\t\t\t\t<\/div>\n\t\t<div class=\"elementor-element elementor-element-e105152 e-flex e-con-boxed e-con e-parent\" data-id=\"e105152\" data-element_type=\"container\" data-e-type=\"container\">\n\t\t\t\t\t<div class=\"e-con-inner\">\n\t\t\t\t<div class=\"elementor-element elementor-element-cb1df7b elementor-widget elementor-widget-heading\" data-id=\"cb1df7b\" data-element_type=\"widget\" data-e-type=\"widget\" data-widget_type=\"heading.default\">\n\t\t\t\t\t<h3 class=\"elementor-heading-title elementor-size-default\">Preguntes freq\u00fcents sobre com se sectoritza un edifici \n<\/h3>\t\t\t\t<\/div>\n\t\t\t\t\t<\/div>\n\t\t\t\t<\/div>\n\t\t<div class=\"elementor-element elementor-element-88f413f e-flex e-con-boxed e-con e-parent\" data-id=\"88f413f\" data-element_type=\"container\" data-e-type=\"container\">\n\t\t\t\t\t<div class=\"e-con-inner\">\n\t\t\t\t<div class=\"elementor-element elementor-element-e3a6127 elementor-widget elementor-widget-qi_addons_for_elementor_faq\" data-id=\"e3a6127\" data-element_type=\"widget\" data-e-type=\"widget\" data-widget_type=\"qi_addons_for_elementor_faq.default\">\n\t\t\t\t<div class=\"elementor-widget-container\">\n\t\t\t\t\t<div class=\"qodef-shortcode qodef-m qodef-qi-faq qodef-qi-clear qodef-closed qodef-behavior--accordion qodef-layout--simple qodef-style--border-between\">\n\t<h3 class=\"qodef-e-title-holder\">\n\t<span class=\"qodef-e-title\">\n\t\t\t\tQu\u00e8 \u00e9s la sectoritzaci\u00f3 d\u2019incendis i per qu\u00e8 \u00e9s tan important? \t<\/span>\n\t\t<span class=\"qodef-e-mark\">\n\t\t<span class=\"qodef-icon--plus\">\n\t\t\t\t<span class=\"qodef-e-icon\">\n\t\t<svg xmlns=\"http:\/\/www.w3.org\/2000\/svg\" id=\"OBJECTS\" viewBox=\"0 0 77 77\"><polygon points=\"77 35.9 41.2 35.9 41.2 0 35.9 0 35.9 35.9 0 35.9 0 41.2 35.9 41.2 35.9 77 41.2 77 41.2 41.2 77 41.2 77 35.9\" fill=\"#f16a00\"><\/polygon><\/svg>\t<\/span>\n\t\t\t<\/span>\n\t\t<span class=\"qodef-icon--minus\">\n\t\t\t\t<span class=\"qodef-e-icon\">\n\t\t<svg xmlns=\"http:\/\/www.w3.org\/2000\/svg\" id=\"OBJECTS\" viewBox=\"0 0 77 77\"><rect x=\"35.9\" width=\"5.3\" height=\"77\" transform=\"translate(77) rotate(90)\" fill=\"#f16a00\"><\/rect><\/svg>\t<\/span>\n\t\t\t<\/span>\n\t<\/span>\n\t<\/h3>\n<div class=\"qodef-e-content\">\n\t<div class=\"qodef-e-content-inner\">\n\t\t<p><span style=\"font-weight: 400\">La sectoritzaci\u00f3 d\u2019incendis \u00e9s una mesura de protecci\u00f3 passiva que consisteix a dividir un edifici en compartiments estancs al foc, denominats sectors d\u2019incendi. <\/span><span style=\"font-weight: 400\">\u00a0<\/span><span style=\"font-weight: 400\">L\u2019objectiu \u00e9s confinar un possible incendi al sector on s\u2019ha originat, cosa que evita que es propagui a la resta de l\u2019edifici. Aix\u00f2 \u00e9s fonamental per garantir l\u2019evacuaci\u00f3 segura de les persones i facilitar les tasques d\u2019extinci\u00f3. La sectoritzaci\u00f3 d\u2019incendis <\/span><span style=\"font-weight: 400\">\u00a0<\/span><span style=\"font-weight: 400\">segons el CTE (Codi t\u00e8cnic de l\u2019edificaci\u00f3) \u00e9s obligat\u00f2ria en la majoria dels edificis.<\/span><span style=\"font-weight: 400\">\u00a0<\/span><\/p>\t<\/div>\n<\/div>\n<h3 class=\"qodef-e-title-holder\">\n\t<span class=\"qodef-e-title\">\n\t\t\t\t\u00c9s el mateix compartimentaci\u00f3 que sectoritzaci\u00f3 d\u2019incendis? \t<\/span>\n\t\t<span class=\"qodef-e-mark\">\n\t\t<span class=\"qodef-icon--plus\">\n\t\t\t\t<span class=\"qodef-e-icon\">\n\t\t<svg xmlns=\"http:\/\/www.w3.org\/2000\/svg\" id=\"OBJECTS\" viewBox=\"0 0 77 77\"><polygon points=\"77 35.9 41.2 35.9 41.2 0 35.9 0 35.9 35.9 0 35.9 0 41.2 35.9 41.2 35.9 77 41.2 77 41.2 41.2 77 41.2 77 35.9\" fill=\"#f16a00\"><\/polygon><\/svg>\t<\/span>\n\t\t\t<\/span>\n\t\t<span class=\"qodef-icon--minus\">\n\t\t\t\t<span class=\"qodef-e-icon\">\n\t\t<svg xmlns=\"http:\/\/www.w3.org\/2000\/svg\" id=\"OBJECTS\" viewBox=\"0 0 77 77\"><rect x=\"35.9\" width=\"5.3\" height=\"77\" transform=\"translate(77) rotate(90)\" fill=\"#f16a00\"><\/rect><\/svg>\t<\/span>\n\t\t\t<\/span>\n\t<\/span>\n\t<\/h3>\n<div class=\"qodef-e-content\">\n\t<div class=\"qodef-e-content-inner\">\n\t\t<p><span style=\"font-weight: 400\">En la pr\u00e0ctica, els termes compartimentaci\u00f3 contra incendis i sectoritzaci\u00f3 d\u2019incendis s\u2019acostumen a emprar com a sin\u00f2nims, ja que tots dos formen part de la protecci\u00f3 passiva i persegueixen el mateix objectiu: dividir un edifici en espais estancs al foc per limitar la propagaci\u00f3 de l\u2019incendi, aix\u00ed creen barreres amb una resist\u00e8ncia determinada (EI 30, EI 60, EI 120, etc\u00e8tera).<\/span> <span style=\"font-weight: 400\">Tanmateix, en un \u00fas m\u00e9s t\u00e8cnic, se sol fer una distinci\u00f3:<\/span><span style=\"font-weight: 400\">\u00a0<\/span><\/p><ul><li><span style=\"font-weight: 400\"><br \/><\/span> <span style=\"font-weight: 400\">Compartimentaci\u00f3 es refereix principalment a la separaci\u00f3 f\u00edsica de sectors mitjan\u00e7ant envans, murs o elements constructius.\u00a0<\/span><\/li><li><span style=\"font-weight: 400\">Sectoritzaci\u00f3 s\u2019empra m\u00e9s per al segellat de passos d\u2019instal\u00b7lacions, conductes, safates, collarins i altres punts vulnerables que travessen aquests sectors.\u00a0<\/span><\/li><\/ul><p><span style=\"font-weight: 400\">En conjunt, ambdues actuacions treballen de manera complement\u00e0ria per garantir que el foc i el fum no es propaguin entre zones de l\u2019edifici durant un temps determinat.<\/span><span style=\"font-weight: 400\">\u00a0<\/span><\/p>\t<\/div>\n<\/div>\n<h3 class=\"qodef-e-title-holder\">\n\t<span class=\"qodef-e-title\">\n\t\t\t\t\u00c9s obligat\u00f2ria la sectoritzaci\u00f3 d\u2019incendis en edificis i naus industrials a Espanya? \t<\/span>\n\t\t<span class=\"qodef-e-mark\">\n\t\t<span class=\"qodef-icon--plus\">\n\t\t\t\t<span class=\"qodef-e-icon\">\n\t\t<svg xmlns=\"http:\/\/www.w3.org\/2000\/svg\" id=\"OBJECTS\" viewBox=\"0 0 77 77\"><polygon points=\"77 35.9 41.2 35.9 41.2 0 35.9 0 35.9 35.9 0 35.9 0 41.2 35.9 41.2 35.9 77 41.2 77 41.2 41.2 77 41.2 77 35.9\" fill=\"#f16a00\"><\/polygon><\/svg>\t<\/span>\n\t\t\t<\/span>\n\t\t<span class=\"qodef-icon--minus\">\n\t\t\t\t<span class=\"qodef-e-icon\">\n\t\t<svg xmlns=\"http:\/\/www.w3.org\/2000\/svg\" id=\"OBJECTS\" viewBox=\"0 0 77 77\"><rect x=\"35.9\" width=\"5.3\" height=\"77\" transform=\"translate(77) rotate(90)\" fill=\"#f16a00\"><\/rect><\/svg>\t<\/span>\n\t\t\t<\/span>\n\t<\/span>\n\t<\/h3>\n<div class=\"qodef-e-content\">\n\t<div class=\"qodef-e-content-inner\">\n\t\t<p><span style=\"font-weight: 400\">S\u00ed. La sectoritzaci\u00f3 d\u2019incendis \u00e9s obligat\u00f2ria a Espanya i est\u00e0 regulada pel Codi t\u00e8cnic de l\u2019edificaci\u00f3 (CTE), en el Document b\u00e0sic de seguretat en cas d\u2019incendi\u00a0<\/span><span style=\"font-weight: 400\"><br \/><\/span><\/p><p><span style=\"font-weight: 400\">(DB\u2011SI), aix\u00ed com pel Reglament de seguretat contra incendis als establiments industrials (RSCIEI), aprovat pel Reial decret 164\/2025.<\/span><span style=\"font-weight: 400\">\u00a0<\/span><\/p><p><span style=\"font-weight: 400\">La normativa estableix que els edificis i les naus industrials s\u2019han de dividir en sectors d\u2019incendi mitjan\u00e7ant elements constructius resistents al foc (murs, forjats, portes tallafoc, etc\u00e8tera), amb l\u2019objectiu de:<\/span><span style=\"font-weight: 400\">\u00a0<\/span><\/p><ul><li><span style=\"font-weight: 400\">Limitar la propagaci\u00f3 del foc i del fum.\u00a0<\/span><\/li><li><span style=\"font-weight: 400\">Facilitar l\u2019evacuaci\u00f3 segura de les persones. <\/span><span style=\"font-weight: 400\"><br \/><\/span><span style=\"font-weight: 400\">\u25cf <\/span><span style=\"font-weight: 400\">Protegir b\u00e9ns i equips cr\u00edtics.\u00a0<\/span><\/li><li><span style=\"font-weight: 400\">Permetre la intervenci\u00f3 efica\u00e7 dels serveis d\u2019emerg\u00e8ncia.\u00a0<\/span><\/li><\/ul><p><span style=\"font-weight: 400\">En les naus industrials, la sectoritzaci\u00f3 \u00e9s especialment rellevant quan la c\u00e0rrega de foc corregida supera determinats llindars, fet que obliga a compartimentar espais i a instal\u00b7lar sistemes de tancament autom\u00e0tic en passos i conductes.<\/span><span style=\"font-weight: 400\">\u00a0<\/span><\/p>\t<\/div>\n<\/div>\n<h3 class=\"qodef-e-title-holder\">\n\t<span class=\"qodef-e-title\">\n\t\t\t\tQuins elements formen part d\u2019un projecte de sectoritzaci\u00f3   d\u2019incendis? \t<\/span>\n\t\t<span class=\"qodef-e-mark\">\n\t\t<span class=\"qodef-icon--plus\">\n\t\t\t\t<span class=\"qodef-e-icon\">\n\t\t<svg xmlns=\"http:\/\/www.w3.org\/2000\/svg\" id=\"OBJECTS\" viewBox=\"0 0 77 77\"><polygon points=\"77 35.9 41.2 35.9 41.2 0 35.9 0 35.9 35.9 0 35.9 0 41.2 35.9 41.2 35.9 77 41.2 77 41.2 41.2 77 41.2 77 35.9\" fill=\"#f16a00\"><\/polygon><\/svg>\t<\/span>\n\t\t\t<\/span>\n\t\t<span class=\"qodef-icon--minus\">\n\t\t\t\t<span class=\"qodef-e-icon\">\n\t\t<svg xmlns=\"http:\/\/www.w3.org\/2000\/svg\" id=\"OBJECTS\" viewBox=\"0 0 77 77\"><rect x=\"35.9\" width=\"5.3\" height=\"77\" transform=\"translate(77) rotate(90)\" fill=\"#f16a00\"><\/rect><\/svg>\t<\/span>\n\t\t\t<\/span>\n\t<\/span>\n\t<\/h3>\n<div class=\"qodef-e-content\">\n\t<div class=\"qodef-e-content-inner\">\n\t\t<p><span style=\"font-weight: 400\">Un projecte de compartimentaci\u00f3 d\u2019incendis \u00e9s integral i abasta diversos elements clau:<\/span> <span style=\"font-weight: 400\"><br \/><br \/><\/span><\/p><ul><li><span style=\"font-weight: 400\"> Murs i envans tallafocs: elements verticals que divideixen els espais.<\/span><\/li><li><span style=\"font-weight: 400\"> Forjats i sostres falsos: elements horitzontals que separen les plantes.<\/span><\/li><li><span style=\"font-weight: 400\"> Portes tallafocs: permeten el pas entre sectors i es tanquen autom\u00e0ticament en cas d\u2019incendi.<\/span><\/li><li><span style=\"font-weight: 400\"> Segellat de passos d\u2019instal\u00b7lacions: aplicaci\u00f3 de massilles, escumes o collarins intumescents als forats per on passen cables i canonades.<\/span><\/li><li><span style=\"font-weight: 400\"> Comportes tallafocs: s\u2019instal\u00b7len als conductes de ventilaci\u00f3 per bloquejar el pas de fum i de foc.<\/span> <span style=\"font-weight: 400\"><br \/><br \/><\/span><\/li><\/ul><p><span style=\"font-weight: 400\">A Servypro, ens encarreguem de tots aquests aspectes per assegurar una sectoritzaci\u00f3 d\u2019incendis completa i efica\u00e7.<\/span><\/p>\t<\/div>\n<\/div>\n<h3 class=\"qodef-e-title-holder\">\n\t<span class=\"qodef-e-title\">\n\t\t\t\tCom se sectoritza un edifici segons la normativa? \t<\/span>\n\t\t<span class=\"qodef-e-mark\">\n\t\t<span class=\"qodef-icon--plus\">\n\t\t\t\t<span class=\"qodef-e-icon\">\n\t\t<svg xmlns=\"http:\/\/www.w3.org\/2000\/svg\" id=\"OBJECTS\" viewBox=\"0 0 77 77\"><polygon points=\"77 35.9 41.2 35.9 41.2 0 35.9 0 35.9 35.9 0 35.9 0 41.2 35.9 41.2 35.9 77 41.2 77 41.2 41.2 77 41.2 77 35.9\" fill=\"#f16a00\"><\/polygon><\/svg>\t<\/span>\n\t\t\t<\/span>\n\t\t<span class=\"qodef-icon--minus\">\n\t\t\t\t<span class=\"qodef-e-icon\">\n\t\t<svg xmlns=\"http:\/\/www.w3.org\/2000\/svg\" id=\"OBJECTS\" viewBox=\"0 0 77 77\"><rect x=\"35.9\" width=\"5.3\" height=\"77\" transform=\"translate(77) rotate(90)\" fill=\"#f16a00\"><\/rect><\/svg>\t<\/span>\n\t\t\t<\/span>\n\t<\/span>\n\t<\/h3>\n<div class=\"qodef-e-content\">\n\t<div class=\"qodef-e-content-inner\">\n\t\t<p><span style=\"font-weight: 400\">Per sectoritzar un edifici, s\u2019utilitzen elements constructius amb una determinada resist\u00e8ncia al foc (EI), com s\u00f3n els murs, els envans, els forjats i les portes tallafocs. <\/span><span style=\"font-weight: 400\">\u00a0<\/span><\/p><p><span style=\"font-weight: 400\">A m\u00e9s, \u00e9s crucial segellar correctament tots els punts de pas entre sectors, com s\u00f3n els forats de les instal\u00b7lacions (cables, canonades, conductes).<\/span><span style=\"font-weight: 400\">\u00a0<\/span><span style=\"font-weight: 400\"><br \/><\/span><\/p><p><span style=\"font-weight: 400\">A Servypro, fem la sectoritzaci\u00f3 d\u2019incendis mitjan\u00e7ant la construcci\u00f3 d\u2019envans secs<\/span> <span style=\"font-weight: 400\">(pladur), l\u2019aplicaci\u00f3 de morters ign\u00edfugs i el segellat de passos amb sistemes intumescents, el que garanteix l\u2019estanquitat de cada sector.<\/span><span style=\"font-weight: 400\">\u00a0<\/span><\/p>\t<\/div>\n<\/div>\n<h3 class=\"qodef-e-title-holder\">\n\t<span class=\"qodef-e-title\">\n\t\t\t\tQui necessita un servei de sectoritzaci\u00f3 d\u2019incendis? \t<\/span>\n\t\t<span class=\"qodef-e-mark\">\n\t\t<span class=\"qodef-icon--plus\">\n\t\t\t\t<span class=\"qodef-e-icon\">\n\t\t<svg xmlns=\"http:\/\/www.w3.org\/2000\/svg\" id=\"OBJECTS\" viewBox=\"0 0 77 77\"><polygon points=\"77 35.9 41.2 35.9 41.2 0 35.9 0 35.9 35.9 0 35.9 0 41.2 35.9 41.2 35.9 77 41.2 77 41.2 41.2 77 41.2 77 35.9\" fill=\"#f16a00\"><\/polygon><\/svg>\t<\/span>\n\t\t\t<\/span>\n\t\t<span class=\"qodef-icon--minus\">\n\t\t\t\t<span class=\"qodef-e-icon\">\n\t\t<svg xmlns=\"http:\/\/www.w3.org\/2000\/svg\" id=\"OBJECTS\" viewBox=\"0 0 77 77\"><rect x=\"35.9\" width=\"5.3\" height=\"77\" transform=\"translate(77) rotate(90)\" fill=\"#f16a00\"><\/rect><\/svg>\t<\/span>\n\t\t\t<\/span>\n\t<\/span>\n\t<\/h3>\n<div class=\"qodef-e-content\">\n\t<div class=\"qodef-e-content-inner\">\n\t\t<p><span style=\"font-weight: 400\">La sectoritzaci\u00f3 d\u2019incendis \u00e9s un servei essencial per a:<\/span><span style=\"font-weight: 400\">\u00a0<\/span><\/p><ul><li><span style=\"font-weight: 400\"> Propietaris de naus industrials que necessiten separar la zona de producci\u00f3 de la d\u2019emmagatzematge o de les oficines.<\/span><\/li><li><span style=\"font-weight: 400\"> Promotors d\u2019edificis residencials per independitzar els habitatges entre si i amb les zones comunes.<\/span><\/li><li><span style=\"font-weight: 400\"> Amos de locals comercials i p\u00e0rquings per complir amb la normativa municipal i obtenir la llic\u00e8ncia d\u2019activitat.<\/span><\/li><\/ul><p><span style=\"font-weight: 400\">Si ets a Madrid o a Catalunya i necessites adaptar el teu immoble a la normativa de sectoritzaci\u00f3 d\u2019incendis, Servypro \u00e9s el teu soci t\u00e8cnic ideal. <\/span><span style=\"font-weight: 400\">\u00a0<\/span><\/p>\t<\/div>\n<\/div>\n<h3 class=\"qodef-e-title-holder\">\n\t<span class=\"qodef-e-title\">\n\t\t\t\tCom puc sol\u00b7licitar un projecte de sectoritzaci\u00f3 d\u2019incendis? \t<\/span>\n\t\t<span class=\"qodef-e-mark\">\n\t\t<span class=\"qodef-icon--plus\">\n\t\t\t\t<span class=\"qodef-e-icon\">\n\t\t<svg xmlns=\"http:\/\/www.w3.org\/2000\/svg\" id=\"OBJECTS\" viewBox=\"0 0 77 77\"><polygon points=\"77 35.9 41.2 35.9 41.2 0 35.9 0 35.9 35.9 0 35.9 0 41.2 35.9 41.2 35.9 77 41.2 77 41.2 41.2 77 41.2 77 35.9\" fill=\"#f16a00\"><\/polygon><\/svg>\t<\/span>\n\t\t\t<\/span>\n\t\t<span class=\"qodef-icon--minus\">\n\t\t\t\t<span class=\"qodef-e-icon\">\n\t\t<svg xmlns=\"http:\/\/www.w3.org\/2000\/svg\" id=\"OBJECTS\" viewBox=\"0 0 77 77\"><rect x=\"35.9\" width=\"5.3\" height=\"77\" transform=\"translate(77) rotate(90)\" fill=\"#f16a00\"><\/rect><\/svg>\t<\/span>\n\t\t\t<\/span>\n\t<\/span>\n\t<\/h3>\n<div class=\"qodef-e-content\">\n\t<div class=\"qodef-e-content-inner\">\n\t\t<p><span style=\"font-weight: 400\">Contacta amb <strong>Servypro<\/strong> per sol\u00b7licitar un diagn\u00f2stic t\u00e8cnic gratu\u00eft. El nostre equip d\u2019enginyers estudiar\u00e0 el teu cas, definir\u00e0 els sectors d\u2019incendi necessaris segons la normativa i et proposar\u00e0 les solucions constructives m\u00e9s adequades. Et lliurarem un pressupost tancat i, un cop acceptat, ens encarregarem de l\u2019execuci\u00f3 i de la certificaci\u00f3 dels treballs, alhora que garantim el compliment normatiu.<\/span><\/p>\t<\/div>\n<\/div>\n<h3 class=\"qodef-e-title-holder\">\n\t<span class=\"qodef-e-title\">\n\t\t\t\tQu\u00e8 significa la classificaci\u00f3 EI (per exemple, EI 120)? \t<\/span>\n\t\t<span class=\"qodef-e-mark\">\n\t\t<span class=\"qodef-icon--plus\">\n\t\t\t\t<span class=\"qodef-e-icon\">\n\t\t<svg xmlns=\"http:\/\/www.w3.org\/2000\/svg\" id=\"OBJECTS\" viewBox=\"0 0 77 77\"><polygon points=\"77 35.9 41.2 35.9 41.2 0 35.9 0 35.9 35.9 0 35.9 0 41.2 35.9 41.2 35.9 77 41.2 77 41.2 41.2 77 41.2 77 35.9\" fill=\"#f16a00\"><\/polygon><\/svg>\t<\/span>\n\t\t\t<\/span>\n\t\t<span class=\"qodef-icon--minus\">\n\t\t\t\t<span class=\"qodef-e-icon\">\n\t\t<svg xmlns=\"http:\/\/www.w3.org\/2000\/svg\" id=\"OBJECTS\" viewBox=\"0 0 77 77\"><rect x=\"35.9\" width=\"5.3\" height=\"77\" transform=\"translate(77) rotate(90)\" fill=\"#f16a00\"><\/rect><\/svg>\t<\/span>\n\t\t\t<\/span>\n\t<\/span>\n\t<\/h3>\n<div class=\"qodef-e-content\">\n\t<div class=\"qodef-e-content-inner\">\n\t\t<p><span style=\"font-weight: 400\">La classificaci\u00f3 EI es refereix a la resist\u00e8ncia al foc d\u2019un element constructiu. La E significa integritat (la capacitat de no deixar passar les flames ni els gasos calents) i la I significa a\u00efllament (la capacitat de limitar l\u2019augment de temperatura a la cara no exposada al foc). El n\u00famero que ve a continuaci\u00f3 indica el temps en minuts durant el qual l\u2019element mant\u00e9 aquestes propietats. Per exemple, un mur EI 120 garanteix <\/span><span style=\"font-weight: 400\">\u00a0<\/span><span style=\"font-weight: 400\">la integritat i l\u2019a\u00efllament durant 120 minuts.<\/span><span style=\"font-weight: 400\">\u00a0<\/span><\/p><p><span style=\"font-weight: 400\">\u00c9s un est\u00e0ndard regulat a Espanya pel Reial decret 842\/2013 i per la norma UNE\u2011EN 13501\u20112, que defineixen com s\u2019assagen i es classifiquen els productes de construcci\u00f3 davant el foc.<\/span><span style=\"font-weight: 400\">\u00a0<\/span><\/p>\t<\/div>\n<\/div>\n<h3 class=\"qodef-e-title-holder\">\n\t<span class=\"qodef-e-title\">\n\t\t\t\tQuina \u00e9s la difer\u00e8ncia entre un mur tallafocs i un env\u00e0 normal? \t<\/span>\n\t\t<span class=\"qodef-e-mark\">\n\t\t<span class=\"qodef-icon--plus\">\n\t\t\t\t<span class=\"qodef-e-icon\">\n\t\t<svg xmlns=\"http:\/\/www.w3.org\/2000\/svg\" id=\"OBJECTS\" viewBox=\"0 0 77 77\"><polygon points=\"77 35.9 41.2 35.9 41.2 0 35.9 0 35.9 35.9 0 35.9 0 41.2 35.9 41.2 35.9 77 41.2 77 41.2 41.2 77 41.2 77 35.9\" fill=\"#f16a00\"><\/polygon><\/svg>\t<\/span>\n\t\t\t<\/span>\n\t\t<span class=\"qodef-icon--minus\">\n\t\t\t\t<span class=\"qodef-e-icon\">\n\t\t<svg xmlns=\"http:\/\/www.w3.org\/2000\/svg\" id=\"OBJECTS\" viewBox=\"0 0 77 77\"><rect x=\"35.9\" width=\"5.3\" height=\"77\" transform=\"translate(77) rotate(90)\" fill=\"#f16a00\"><\/rect><\/svg>\t<\/span>\n\t\t\t<\/span>\n\t<\/span>\n\t<\/h3>\n<div class=\"qodef-e-content\">\n\t<div class=\"qodef-e-content-inner\">\n\t\t<p><span style=\"font-weight: 400\">La principal difer\u00e8ncia \u00e9s la resist\u00e8ncia al foc. Un env\u00e0 normal de maons o cart\u00f3 guix no garanteix cap resist\u00e8ncia espec\u00edfica. Un mur tallafocs, en canvi, est\u00e0 constru\u00eft amb materials i un gruix determinats per garantir una classificaci\u00f3 de resist\u00e8ncia al foc (per exemple, EI 120), el que significa que pot contenir un incendi durant 120 minuts sense que el foc ni la calor passin a l\u2019altra banda.<\/span><span style=\"font-weight: 400\">\u00a0<\/span><\/p>\t<\/div>\n<\/div>\n<h3 class=\"qodef-e-title-holder\">\n\t<span class=\"qodef-e-title\">\n\t\t\t\tQu\u00e8 passa amb els forats per als cables i les canonades en un mur tallafocs? \t<\/span>\n\t\t<span class=\"qodef-e-mark\">\n\t\t<span class=\"qodef-icon--plus\">\n\t\t\t\t<span class=\"qodef-e-icon\">\n\t\t<svg xmlns=\"http:\/\/www.w3.org\/2000\/svg\" id=\"OBJECTS\" viewBox=\"0 0 77 77\"><polygon points=\"77 35.9 41.2 35.9 41.2 0 35.9 0 35.9 35.9 0 35.9 0 41.2 35.9 41.2 35.9 77 41.2 77 41.2 41.2 77 41.2 77 35.9\" fill=\"#f16a00\"><\/polygon><\/svg>\t<\/span>\n\t\t\t<\/span>\n\t\t<span class=\"qodef-icon--minus\">\n\t\t\t\t<span class=\"qodef-e-icon\">\n\t\t<svg xmlns=\"http:\/\/www.w3.org\/2000\/svg\" id=\"OBJECTS\" viewBox=\"0 0 77 77\"><rect x=\"35.9\" width=\"5.3\" height=\"77\" transform=\"translate(77) rotate(90)\" fill=\"#f16a00\"><\/rect><\/svg>\t<\/span>\n\t\t\t<\/span>\n\t<\/span>\n\t<\/h3>\n<div class=\"qodef-e-content\">\n\t<div class=\"qodef-e-content-inner\">\n\t\t<p><span style=\"font-weight: 400\">Aquests forats, anomenats passos d\u2019instal\u00b7lacions, s\u00f3n punts cr\u00edtics que han de ser tractats per no anul\u00b7lar l\u2019efic\u00e0cia de la compartimentaci\u00f3 contra incendis. A Servypro, fem un segellat intumescent certificat de tots els passos, utilitzant massilles, collarins o coixinets que s\u2019expandeixen amb la calor, cosa que bloqueja completament el pas del fum i del foc.<\/span><span style=\"font-weight: 400\">\u00a0<\/span><\/p>\t<\/div>\n<\/div>\n<h3 class=\"qodef-e-title-holder\">\n\t<span class=\"qodef-e-title\">\n\t\t\t\tEs pot fer una sectoritzaci\u00f3 en un edifici en funcionament? \t<\/span>\n\t\t<span class=\"qodef-e-mark\">\n\t\t<span class=\"qodef-icon--plus\">\n\t\t\t\t<span class=\"qodef-e-icon\">\n\t\t<svg xmlns=\"http:\/\/www.w3.org\/2000\/svg\" id=\"OBJECTS\" viewBox=\"0 0 77 77\"><polygon points=\"77 35.9 41.2 35.9 41.2 0 35.9 0 35.9 35.9 0 35.9 0 41.2 35.9 41.2 35.9 77 41.2 77 41.2 41.2 77 41.2 77 35.9\" fill=\"#f16a00\"><\/polygon><\/svg>\t<\/span>\n\t\t\t<\/span>\n\t\t<span class=\"qodef-icon--minus\">\n\t\t\t\t<span class=\"qodef-e-icon\">\n\t\t<svg xmlns=\"http:\/\/www.w3.org\/2000\/svg\" id=\"OBJECTS\" viewBox=\"0 0 77 77\"><rect x=\"35.9\" width=\"5.3\" height=\"77\" transform=\"translate(77) rotate(90)\" fill=\"#f16a00\"><\/rect><\/svg>\t<\/span>\n\t\t\t<\/span>\n\t<\/span>\n\t<\/h3>\n<div class=\"qodef-e-content\">\n\t<div class=\"qodef-e-content-inner\">\n\t\t<p><span style=\"font-weight: 400\">S\u00ed, a Servypro estem especialitzats a fer treballs de sectoritzaci\u00f3 d\u2019incendis en edificis en ple funcionament. Planifiquem la intervenci\u00f3 per minimitzar les mol\u00e8sties i treballem per fases, en horaris adaptats i mantenint sempre la netedat i l\u2019ordre. El nostre objectiu \u00e9s que puguis continuar amb la teva activitat normal mentre nosaltres ens encarreguem de la seguretat.<\/span> <span style=\"font-weight: 400\">Contacta amb Servypro i sol\u00b7licita la visita d\u2019un t\u00e8cnic per assessorar-te.<\/span><\/p>\t<\/div>\n<\/div>\n<\/div>\n\t<script type=\"application\/ld+json\">{\"@context\":\"https:\\\/\\\/schema.org\",\"@type\":\"FAQPage\",\"mainEntity\":[{\"@type\":\"Question\",\"name\":\"Qu\\u00e8 \\u00e9s la sectoritzaci\\u00f3 d\\u2019incendis i per qu\\u00e8 \\u00e9s tan important? \",\"acceptedAnswer\":{\"@type\":\"Answer\",\"text\":\"<p><span style=\\\"font-weight: 400\\\">La sectoritzaci\\u00f3 d\\u2019incendis \\u00e9s una mesura de protecci\\u00f3 passiva que consisteix a dividir un edifici en compartiments estancs al foc, denominats sectors d\\u2019incendi. <\\\/span><span style=\\\"font-weight: 400\\\">\\u00a0<\\\/span><span style=\\\"font-weight: 400\\\">L\\u2019objectiu \\u00e9s confinar un possible incendi al sector on s\\u2019ha originat, cosa que evita que es propagui a la resta de l\\u2019edifici. Aix\\u00f2 \\u00e9s fonamental per garantir l\\u2019evacuaci\\u00f3 segura de les persones i facilitar les tasques d\\u2019extinci\\u00f3. La sectoritzaci\\u00f3 d\\u2019incendis <\\\/span><span style=\\\"font-weight: 400\\\">\\u00a0<\\\/span><span style=\\\"font-weight: 400\\\">segons el CTE (Codi t\\u00e8cnic de l\\u2019edificaci\\u00f3) \\u00e9s obligat\\u00f2ria en la majoria dels edificis.<\\\/span><span style=\\\"font-weight: 400\\\">\\u00a0<\\\/span><\\\/p>\"}},{\"@type\":\"Question\",\"name\":\"\\u00c9s el mateix compartimentaci\\u00f3 que sectoritzaci\\u00f3 d\\u2019incendis? \",\"acceptedAnswer\":{\"@type\":\"Answer\",\"text\":\"<p><span style=\\\"font-weight: 400\\\">En la pr\\u00e0ctica, els termes compartimentaci\\u00f3 contra incendis i sectoritzaci\\u00f3 d\\u2019incendis s\\u2019acostumen a emprar com a sin\\u00f2nims, ja que tots dos formen part de la protecci\\u00f3 passiva i persegueixen el mateix objectiu: dividir un edifici en espais estancs al foc per limitar la propagaci\\u00f3 de l\\u2019incendi, aix\\u00ed creen barreres amb una resist\\u00e8ncia determinada (EI 30, EI 60, EI 120, etc\\u00e8tera).<\\\/span> <span style=\\\"font-weight: 400\\\">Tanmateix, en un \\u00fas m\\u00e9s t\\u00e8cnic, se sol fer una distinci\\u00f3:<\\\/span><span style=\\\"font-weight: 400\\\">\\u00a0<\\\/span><\\\/p><ul><li><span style=\\\"font-weight: 400\\\"><br \\\/><\\\/span> <span style=\\\"font-weight: 400\\\">Compartimentaci\\u00f3 es refereix principalment a la separaci\\u00f3 f\\u00edsica de sectors mitjan\\u00e7ant envans, murs o elements constructius.\\u00a0<\\\/span><\\\/li><li><span style=\\\"font-weight: 400\\\">Sectoritzaci\\u00f3 s\\u2019empra m\\u00e9s per al segellat de passos d\\u2019instal\\u00b7lacions, conductes, safates, collarins i altres punts vulnerables que travessen aquests sectors.\\u00a0<\\\/span><\\\/li><\\\/ul><p><span style=\\\"font-weight: 400\\\">En conjunt, ambdues actuacions treballen de manera complement\\u00e0ria per garantir que el foc i el fum no es propaguin entre zones de l\\u2019edifici durant un temps determinat.<\\\/span><span style=\\\"font-weight: 400\\\">\\u00a0<\\\/span><\\\/p>\"}},{\"@type\":\"Question\",\"name\":\"\\u00c9s obligat\\u00f2ria la sectoritzaci\\u00f3 d\\u2019incendis en edificis i naus industrials a Espanya? \",\"acceptedAnswer\":{\"@type\":\"Answer\",\"text\":\"<p><span style=\\\"font-weight: 400\\\">S\\u00ed. La sectoritzaci\\u00f3 d\\u2019incendis \\u00e9s obligat\\u00f2ria a Espanya i est\\u00e0 regulada pel Codi t\\u00e8cnic de l\\u2019edificaci\\u00f3 (CTE), en el Document b\\u00e0sic de seguretat en cas d\\u2019incendi\\u00a0<\\\/span><span style=\\\"font-weight: 400\\\"><br \\\/><\\\/span><\\\/p><p><span style=\\\"font-weight: 400\\\">(DB\\u2011SI), aix\\u00ed com pel Reglament de seguretat contra incendis als establiments industrials (RSCIEI), aprovat pel Reial decret 164\\\/2025.<\\\/span><span style=\\\"font-weight: 400\\\">\\u00a0<\\\/span><\\\/p><p><span style=\\\"font-weight: 400\\\">La normativa estableix que els edificis i les naus industrials s\\u2019han de dividir en sectors d\\u2019incendi mitjan\\u00e7ant elements constructius resistents al foc (murs, forjats, portes tallafoc, etc\\u00e8tera), amb l\\u2019objectiu de:<\\\/span><span style=\\\"font-weight: 400\\\">\\u00a0<\\\/span><\\\/p><ul><li><span style=\\\"font-weight: 400\\\">Limitar la propagaci\\u00f3 del foc i del fum.\\u00a0<\\\/span><\\\/li><li><span style=\\\"font-weight: 400\\\">Facilitar l\\u2019evacuaci\\u00f3 segura de les persones. <\\\/span><span style=\\\"font-weight: 400\\\"><br \\\/><\\\/span><span style=\\\"font-weight: 400\\\">\\u25cf <\\\/span><span style=\\\"font-weight: 400\\\">Protegir b\\u00e9ns i equips cr\\u00edtics.\\u00a0<\\\/span><\\\/li><li><span style=\\\"font-weight: 400\\\">Permetre la intervenci\\u00f3 efica\\u00e7 dels serveis d\\u2019emerg\\u00e8ncia.\\u00a0<\\\/span><\\\/li><\\\/ul><p><span style=\\\"font-weight: 400\\\">En les naus industrials, la sectoritzaci\\u00f3 \\u00e9s especialment rellevant quan la c\\u00e0rrega de foc corregida supera determinats llindars, fet que obliga a compartimentar espais i a instal\\u00b7lar sistemes de tancament autom\\u00e0tic en passos i conductes.<\\\/span><span style=\\\"font-weight: 400\\\">\\u00a0<\\\/span><\\\/p>\"}},{\"@type\":\"Question\",\"name\":\"Quins elements formen part d\\u2019un projecte de sectoritzaci\\u00f3   d\\u2019incendis? \",\"acceptedAnswer\":{\"@type\":\"Answer\",\"text\":\"<p><span style=\\\"font-weight: 400\\\">Un projecte de compartimentaci\\u00f3 d\\u2019incendis \\u00e9s integral i abasta diversos elements clau:<\\\/span> <span style=\\\"font-weight: 400\\\"><br \\\/><br \\\/><\\\/span><\\\/p><ul><li><span style=\\\"font-weight: 400\\\"> Murs i envans tallafocs: elements verticals que divideixen els espais.<\\\/span><\\\/li><li><span style=\\\"font-weight: 400\\\"> Forjats i sostres falsos: elements horitzontals que separen les plantes.<\\\/span><\\\/li><li><span style=\\\"font-weight: 400\\\"> Portes tallafocs: permeten el pas entre sectors i es tanquen autom\\u00e0ticament en cas d\\u2019incendi.<\\\/span><\\\/li><li><span style=\\\"font-weight: 400\\\"> Segellat de passos d\\u2019instal\\u00b7lacions: aplicaci\\u00f3 de massilles, escumes o collarins intumescents als forats per on passen cables i canonades.<\\\/span><\\\/li><li><span style=\\\"font-weight: 400\\\"> Comportes tallafocs: s\\u2019instal\\u00b7len als conductes de ventilaci\\u00f3 per bloquejar el pas de fum i de foc.<\\\/span> <span style=\\\"font-weight: 400\\\"><br \\\/><br \\\/><\\\/span><\\\/li><\\\/ul><p><span style=\\\"font-weight: 400\\\">A Servypro, ens encarreguem de tots aquests aspectes per assegurar una sectoritzaci\\u00f3 d\\u2019incendis completa i efica\\u00e7.<\\\/span><\\\/p>\"}},{\"@type\":\"Question\",\"name\":\"Com se sectoritza un edifici segons la normativa? \",\"acceptedAnswer\":{\"@type\":\"Answer\",\"text\":\"<p><span style=\\\"font-weight: 400\\\">Per sectoritzar un edifici, s\\u2019utilitzen elements constructius amb una determinada resist\\u00e8ncia al foc (EI), com s\\u00f3n els murs, els envans, els forjats i les portes tallafocs. <\\\/span><span style=\\\"font-weight: 400\\\">\\u00a0<\\\/span><\\\/p><p><span style=\\\"font-weight: 400\\\">A m\\u00e9s, \\u00e9s crucial segellar correctament tots els punts de pas entre sectors, com s\\u00f3n els forats de les instal\\u00b7lacions (cables, canonades, conductes).<\\\/span><span style=\\\"font-weight: 400\\\">\\u00a0<\\\/span><span style=\\\"font-weight: 400\\\"><br \\\/><\\\/span><\\\/p><p><span style=\\\"font-weight: 400\\\">A Servypro, fem la sectoritzaci\\u00f3 d\\u2019incendis mitjan\\u00e7ant la construcci\\u00f3 d\\u2019envans secs<\\\/span> <span style=\\\"font-weight: 400\\\">(pladur), l\\u2019aplicaci\\u00f3 de morters ign\\u00edfugs i el segellat de passos amb sistemes intumescents, el que garanteix l\\u2019estanquitat de cada sector.<\\\/span><span style=\\\"font-weight: 400\\\">\\u00a0<\\\/span><\\\/p>\"}},{\"@type\":\"Question\",\"name\":\"Qui necessita un servei de sectoritzaci\\u00f3 d\\u2019incendis? \",\"acceptedAnswer\":{\"@type\":\"Answer\",\"text\":\"<p><span style=\\\"font-weight: 400\\\">La sectoritzaci\\u00f3 d\\u2019incendis \\u00e9s un servei essencial per a:<\\\/span><span style=\\\"font-weight: 400\\\">\\u00a0<\\\/span><\\\/p><ul><li><span style=\\\"font-weight: 400\\\"> Propietaris de naus industrials que necessiten separar la zona de producci\\u00f3 de la d\\u2019emmagatzematge o de les oficines.<\\\/span><\\\/li><li><span style=\\\"font-weight: 400\\\"> Promotors d\\u2019edificis residencials per independitzar els habitatges entre si i amb les zones comunes.<\\\/span><\\\/li><li><span style=\\\"font-weight: 400\\\"> Amos de locals comercials i p\\u00e0rquings per complir amb la normativa municipal i obtenir la llic\\u00e8ncia d\\u2019activitat.<\\\/span><\\\/li><\\\/ul><p><span style=\\\"font-weight: 400\\\">Si ets a Madrid o a Catalunya i necessites adaptar el teu immoble a la normativa de sectoritzaci\\u00f3 d\\u2019incendis, Servypro \\u00e9s el teu soci t\\u00e8cnic ideal. <\\\/span><span style=\\\"font-weight: 400\\\">\\u00a0<\\\/span><\\\/p>\"}},{\"@type\":\"Question\",\"name\":\"Com puc sol\\u00b7licitar un projecte de sectoritzaci\\u00f3 d\\u2019incendis? \",\"acceptedAnswer\":{\"@type\":\"Answer\",\"text\":\"<p><span style=\\\"font-weight: 400\\\">Contacta amb <strong>Servypro<\\\/strong> per sol\\u00b7licitar un diagn\\u00f2stic t\\u00e8cnic gratu\\u00eft. El nostre equip d\\u2019enginyers estudiar\\u00e0 el teu cas, definir\\u00e0 els sectors d\\u2019incendi necessaris segons la normativa i et proposar\\u00e0 les solucions constructives m\\u00e9s adequades. Et lliurarem un pressupost tancat i, un cop acceptat, ens encarregarem de l\\u2019execuci\\u00f3 i de la certificaci\\u00f3 dels treballs, alhora que garantim el compliment normatiu.<\\\/span><\\\/p>\"}},{\"@type\":\"Question\",\"name\":\"Qu\\u00e8 significa la classificaci\\u00f3 EI (per exemple, EI 120)? \",\"acceptedAnswer\":{\"@type\":\"Answer\",\"text\":\"<p><span style=\\\"font-weight: 400\\\">La classificaci\\u00f3 EI es refereix a la resist\\u00e8ncia al foc d\\u2019un element constructiu. La E significa integritat (la capacitat de no deixar passar les flames ni els gasos calents) i la I significa a\\u00efllament (la capacitat de limitar l\\u2019augment de temperatura a la cara no exposada al foc). El n\\u00famero que ve a continuaci\\u00f3 indica el temps en minuts durant el qual l\\u2019element mant\\u00e9 aquestes propietats. Per exemple, un mur EI 120 garanteix <\\\/span><span style=\\\"font-weight: 400\\\">\\u00a0<\\\/span><span style=\\\"font-weight: 400\\\">la integritat i l\\u2019a\\u00efllament durant 120 minuts.<\\\/span><span style=\\\"font-weight: 400\\\">\\u00a0<\\\/span><\\\/p><p><span style=\\\"font-weight: 400\\\">\\u00c9s un est\\u00e0ndard regulat a Espanya pel Reial decret 842\\\/2013 i per la norma UNE\\u2011EN 13501\\u20112, que defineixen com s\\u2019assagen i es classifiquen els productes de construcci\\u00f3 davant el foc.<\\\/span><span style=\\\"font-weight: 400\\\">\\u00a0<\\\/span><\\\/p>\"}},{\"@type\":\"Question\",\"name\":\"Quina \\u00e9s la difer\\u00e8ncia entre un mur tallafocs i un env\\u00e0 normal? \",\"acceptedAnswer\":{\"@type\":\"Answer\",\"text\":\"<p><span style=\\\"font-weight: 400\\\">La principal difer\\u00e8ncia \\u00e9s la resist\\u00e8ncia al foc. Un env\\u00e0 normal de maons o cart\\u00f3 guix no garanteix cap resist\\u00e8ncia espec\\u00edfica. Un mur tallafocs, en canvi, est\\u00e0 constru\\u00eft amb materials i un gruix determinats per garantir una classificaci\\u00f3 de resist\\u00e8ncia al foc (per exemple, EI 120), el que significa que pot contenir un incendi durant 120 minuts sense que el foc ni la calor passin a l\\u2019altra banda.<\\\/span><span style=\\\"font-weight: 400\\\">\\u00a0<\\\/span><\\\/p>\"}},{\"@type\":\"Question\",\"name\":\"Qu\\u00e8 passa amb els forats per als cables i les canonades en un mur tallafocs? \",\"acceptedAnswer\":{\"@type\":\"Answer\",\"text\":\"<p><span style=\\\"font-weight: 400\\\">Aquests forats, anomenats passos d\\u2019instal\\u00b7lacions, s\\u00f3n punts cr\\u00edtics que han de ser tractats per no anul\\u00b7lar l\\u2019efic\\u00e0cia de la compartimentaci\\u00f3 contra incendis. A Servypro, fem un segellat intumescent certificat de tots els passos, utilitzant massilles, collarins o coixinets que s\\u2019expandeixen amb la calor, cosa que bloqueja completament el pas del fum i del foc.<\\\/span><span style=\\\"font-weight: 400\\\">\\u00a0<\\\/span><\\\/p>\"}},{\"@type\":\"Question\",\"name\":\"Es pot fer una sectoritzaci\\u00f3 en un edifici en funcionament? \",\"acceptedAnswer\":{\"@type\":\"Answer\",\"text\":\"<p><span style=\\\"font-weight: 400\\\">S\\u00ed, a Servypro estem especialitzats a fer treballs de sectoritzaci\\u00f3 d\\u2019incendis en edificis en ple funcionament. Planifiquem la intervenci\\u00f3 per minimitzar les mol\\u00e8sties i treballem per fases, en horaris adaptats i mantenint sempre la netedat i l\\u2019ordre. El nostre objectiu \\u00e9s que puguis continuar amb la teva activitat normal mentre nosaltres ens encarreguem de la seguretat.<\\\/span> <span style=\\\"font-weight: 400\\\">Contacta amb Servypro i sol\\u00b7licita la visita d\\u2019un t\\u00e8cnic per assessorar-te.<\\\/span><\\\/p>\"}}]}<\/script>\n\t\t\t\t<\/div>\n\t\t\t\t<\/div>\n\t\t\t\t\t<\/div>\n\t\t\t\t<\/div>\n\t\t<div class=\"elementor-element elementor-element-5951d10 e-flex e-con-boxed e-con e-parent\" data-id=\"5951d10\" data-element_type=\"container\" data-e-type=\"container\">\n\t\t\t\t\t<div class=\"e-con-inner\">\n\t\t<div class=\"elementor-element elementor-element-f0b4508 e-con-full e-flex e-con e-child\" data-id=\"f0b4508\" data-element_type=\"container\" data-e-type=\"container\">\n\t\t<div class=\"elementor-element elementor-element-fc44a1c e-con-full e-flex e-con e-child\" data-id=\"fc44a1c\" data-element_type=\"container\" data-e-type=\"container\">\n\t\t<div class=\"elementor-element elementor-element-2413c45 e-con-full e-flex e-con e-child\" data-id=\"2413c45\" data-element_type=\"container\" data-e-type=\"container\">\n\t\t<div class=\"elementor-element elementor-element-5f5c6f0 qodef-elementor-content-grid e-flex e-con-boxed e-con e-child\" data-id=\"5f5c6f0\" data-element_type=\"container\" data-e-type=\"container\">\n\t\t\t\t\t<div class=\"e-con-inner\">\n\t\t<div class=\"elementor-element elementor-element-f5b6f51 e-con-full e-flex e-con e-child\" data-id=\"f5b6f51\" data-element_type=\"container\" data-e-type=\"container\">\n\t\t\t\t<div class=\"elementor-element elementor-element-8c3b424 elementor-widget elementor-widget-freightexpress_core_section_title\" data-id=\"8c3b424\" data-element_type=\"widget\" data-e-type=\"widget\" data-widget_type=\"freightexpress_core_section_title.default\">\n\t\t\t\t<div class=\"elementor-widget-container\">\n\t\t\t\t\t<div class=\"qodef-shortcode qodef-m  qodef-section-title qodef-alignment--left  \">\n    \t\t<h2 class=\"qodef-m-title\" >\n\t\t\tContacteu amb Servypro\t<\/h2>\n\t    <p class=\"qodef-m-description\" > Busqueu una barrera contra incendis efica\u00e7 per a teulades o fa\u00e7anes? Envieu-nos les dades del vostre edifici i us proporcionarem un pressupost a mida de les vostres necessitats.<\/p>\n    <\/div>\n\t\t\t\t<\/div>\n\t\t\t\t<\/div>\n\t\t<div class=\"elementor-element elementor-element-46f9a07 e-con-full e-flex e-con e-child\" data-id=\"46f9a07\" data-element_type=\"container\" data-e-type=\"container\">\n\t\t\t\t<div class=\"elementor-element elementor-element-74b8057 elementor-widget elementor-widget-text-editor\" data-id=\"74b8057\" data-element_type=\"widget\" data-e-type=\"widget\" data-widget_type=\"text-editor.default\">\n\t\t\t\t\t\t\t\t\t<div id=\"block-26\" class=\"widget widget_block\" data-area=\"qodef-footer-top-area-column-2\"><h6 class=\"qodef-widget-title\">Delegaci\u00f3n Madrid<\/h6><p><a target=\"_blank\" rel=\"noreferrer noopener\">C\/ Babilonia 33-3\u00baB<br \/>28042, Madrid<\/a><\/p><p>t. <a href=\"tel:+34670427845\" target=\"_blank\" rel=\"noreferrer noopener\">+34 670 427 845<\/a><\/p><p>\u00a0<\/p><\/div>\t\t\t\t\t\t\t\t<\/div>\n\t\t\t\t<div class=\"elementor-element elementor-element-7dc95a9 elementor-widget elementor-widget-text-editor\" data-id=\"7dc95a9\" data-element_type=\"widget\" data-e-type=\"widget\" data-widget_type=\"text-editor.default\">\n\t\t\t\t\t\t\t\t\t<div id=\"block-26\" class=\"widget widget_block\" data-area=\"qodef-footer-top-area-column-2\"><div id=\"block-26\" class=\"widget widget_block\" data-area=\"qodef-footer-top-area-column-2\"><div id=\"block-31\" class=\"widget widget_block\" data-area=\"qodef-footer-top-area-column-2\"><h6 class=\"qodef-widget-title\">Delegaci\u00f3n Catalu\u00f1a<\/h6><p><a target=\"_blank\" rel=\"noreferrer noopener\">Carrer del Mol\u00ed d&#8217;en Planas 8 <br \/>Pol\u00edgono Santiga, Nave Industrial n\u00ba2 <br \/>08210, Barber\u00e0 del Vall\u00e8s (Barcelona)<\/a><\/p><p>t. <a href=\"tel:+34666304347\" target=\"_blank\" rel=\"noreferrer noopener\">+34 666 304 347<\/a><\/p><p>\u00a0<\/p><\/div><\/div><\/div>\t\t\t\t\t\t\t\t<\/div>\n\t\t\t\t<\/div>\n\t\t<div class=\"elementor-element elementor-element-ca25c58 e-con-full e-flex e-con e-child\" data-id=\"ca25c58\" data-element_type=\"container\" data-e-type=\"container\">\n\t\t\t\t<div class=\"elementor-element elementor-element-1a65335 elementor-icon-list--layout-inline elementor-list-item-link-full_width elementor-widget elementor-widget-icon-list\" data-id=\"1a65335\" data-element_type=\"widget\" data-e-type=\"widget\" data-widget_type=\"icon-list.default\">\n\t\t\t\t\t\t\t<ul class=\"elementor-icon-list-items elementor-inline-items\">\n\t\t\t\t\t\t\t<li class=\"elementor-icon-list-item elementor-inline-item\">\n\t\t\t\t\t\t\t\t\t\t\t<a href=\"https:\/\/servyproglobal.com\/ca\/ignifugaciones\/\">\n\n\t\t\t\t\t\t\t\t\t\t\t<span class=\"elementor-icon-list-text\">Ignifugaciones<\/span>\n\t\t\t\t\t\t\t\t\t\t\t<\/a>\n\t\t\t\t\t\t\t\t\t<\/li>\n\t\t\t\t\t\t\t\t<li class=\"elementor-icon-list-item elementor-inline-item\">\n\t\t\t\t\t\t\t\t\t\t\t<a href=\"https:\/\/servyproglobal.com\/ca\/soluciones\/\">\n\n\t\t\t\t\t\t\t\t\t\t\t<span class=\"elementor-icon-list-text\">Soluciones<\/span>\n\t\t\t\t\t\t\t\t\t\t\t<\/a>\n\t\t\t\t\t\t\t\t\t<\/li>\n\t\t\t\t\t\t\t\t<li class=\"elementor-icon-list-item elementor-inline-item\">\n\t\t\t\t\t\t\t\t\t\t\t<a href=\"https:\/\/servyproglobal.com\/ca\/proyectos-de-exito\/\">\n\n\t\t\t\t\t\t\t\t\t\t\t<span class=\"elementor-icon-list-text\">Proyectos de \u00e9xito<\/span>\n\t\t\t\t\t\t\t\t\t\t\t<\/a>\n\t\t\t\t\t\t\t\t\t<\/li>\n\t\t\t\t\t\t<\/ul>\n\t\t\t\t\t\t<\/div>\n\t\t\t\t<\/div>\n\t\t\t\t<\/div>\n\t\t<div class=\"elementor-element elementor-element-57b2af0 e-con-full e-flex e-con e-child\" data-id=\"57b2af0\" data-element_type=\"container\" data-e-type=\"container\">\n\t\t\t\t<div class=\"elementor-element elementor-element-89e0c38 elementor-button-align-start elementor-widget elementor-widget-form\" data-id=\"89e0c38\" data-element_type=\"widget\" data-e-type=\"widget\" data-settings=\"{&quot;button_width&quot;:&quot;20&quot;,&quot;step_next_label&quot;:&quot;Next&quot;,&quot;step_previous_label&quot;:&quot;Previous&quot;,&quot;step_icon_shape&quot;:&quot;square&quot;,&quot;step_type&quot;:&quot;number_text&quot;}\" data-widget_type=\"form.default\">\n\t\t\t\t\t\t\t<form class=\"elementor-form\" method=\"post\" name=\"New Form\" aria-label=\"New Form\" novalidate=\"\">\r\n\t\t\t<input type=\"hidden\" name=\"post_id\" value=\"10710\"\/>\r\n\t\t\t<input type=\"hidden\" name=\"form_id\" value=\"89e0c38\"\/>\r\n\t\t\t<input type=\"hidden\" name=\"referer_title\" value=\"Sectoritzaci\u00f3 d\u2019incendis - SERVYPRO\" \/>\r\n\r\n\t\t\t\t\t\t\t<input type=\"hidden\" name=\"queried_id\" value=\"10710\"\/>\r\n\t\t\t\r\n\t\t\t<div class=\"elementor-form-fields-wrapper elementor-labels-\">\r\n\t\t\t\t\t\t\t\t<div class=\"elementor-field-type-text elementor-field-group elementor-column elementor-field-group-name elementor-col-100 elementor-field-required\">\r\n\t\t\t\t\t\t\t\t\t\t\t\t<label for=\"form-field-name\" class=\"elementor-field-label elementor-screen-only\">\r\n\t\t\t\t\t\t\t\tNombre\t\t\t\t\t\t\t<\/label>\r\n\t\t\t\t\t\t\t\t\t\t\t\t\t\t<input size=\"1\" type=\"text\" name=\"form_fields[name]\" id=\"form-field-name\" class=\"elementor-field elementor-size-xl  elementor-field-textual\" placeholder=\"Nombre\" required=\"required\">\r\n\t\t\t\t\t\t\t\t\t\t\t<\/div>\r\n\t\t\t\t\t\t\t\t<div class=\"elementor-field-type-email elementor-field-group elementor-column elementor-field-group-email elementor-col-100 elementor-field-required\">\r\n\t\t\t\t\t\t\t\t\t\t\t\t<label for=\"form-field-email\" class=\"elementor-field-label elementor-screen-only\">\r\n\t\t\t\t\t\t\t\tEmail\t\t\t\t\t\t\t<\/label>\r\n\t\t\t\t\t\t\t\t\t\t\t\t\t\t<input size=\"1\" type=\"email\" name=\"form_fields[email]\" id=\"form-field-email\" class=\"elementor-field elementor-size-xl  elementor-field-textual\" placeholder=\"Correo\" required=\"required\">\r\n\t\t\t\t\t\t\t\t\t\t\t<\/div>\r\n\t\t\t\t\t\t\t\t<div class=\"elementor-field-type-tel elementor-field-group elementor-column elementor-field-group-field_eb73952 elementor-col-100\">\r\n\t\t\t\t\t\t\t\t\t\t\t\t<label for=\"form-field-field_eb73952\" class=\"elementor-field-label elementor-screen-only\">\r\n\t\t\t\t\t\t\t\tTel\u00e9fono\t\t\t\t\t\t\t<\/label>\r\n\t\t\t\t\t\t\t\t<input size=\"1\" type=\"tel\" name=\"form_fields[field_eb73952]\" id=\"form-field-field_eb73952\" class=\"elementor-field elementor-size-xl  elementor-field-textual\" placeholder=\"Tel\u00e9fono\" pattern=\"[0-9()#&amp;+*-=.]+\" title=\"Only numbers and phone characters (#, -, *, etc) are accepted.\">\r\n\r\n\t\t\t\t\t\t<\/div>\r\n\t\t\t\t\t\t\t\t<div class=\"elementor-field-type-textarea elementor-field-group elementor-column elementor-field-group-field_1eaf591 elementor-col-100 elementor-field-required\">\r\n\t\t\t\t\t\t\t\t\t\t\t\t<label for=\"form-field-field_1eaf591\" class=\"elementor-field-label elementor-screen-only\">\r\n\t\t\t\t\t\t\t\tMensaje\t\t\t\t\t\t\t<\/label>\r\n\t\t\t\t\t\t<textarea class=\"elementor-field-textual elementor-field  elementor-size-xl\" name=\"form_fields[field_1eaf591]\" id=\"form-field-field_1eaf591\" rows=\"5\" placeholder=\"Escriba aqu\u00ed su mensaje...\" required=\"required\"><\/textarea>\t\t\t\t<\/div>\r\n\t\t\t\t\t\t\t\t<div class=\"elementor-field-type-recaptcha_v3 elementor-field-group elementor-column elementor-field-group-field_91d6a83 elementor-col-100 recaptcha_v3-bottomright\">\r\n\t\t\t\t\t<div class=\"elementor-field\" id=\"form-field-field_91d6a83\"><div class=\"elementor-g-recaptcha\" data-sitekey=\"6LdYv44rAAAAAFYT_VNaiSNZFklDwG-H7G8DmGXk\" data-type=\"v3\" data-action=\"Form\" data-badge=\"bottomright\" data-size=\"invisible\"><\/div><\/div>\t\t\t\t<\/div>\r\n\t\t\t\t\t\t\t\t<div class=\"elementor-field-type-acceptance elementor-field-group elementor-column elementor-field-group-field_574d1ec elementor-col-100 elementor-field-required\">\r\n\t\t\t\t\t\t\t\t\t\t\t\t<label for=\"form-field-field_574d1ec\" class=\"elementor-field-label elementor-screen-only\">\r\n\t\t\t\t\t\t\t\tAceptaci\u00f3n\t\t\t\t\t\t\t<\/label>\r\n\t\t\t\t\t\t\t\t<div class=\"elementor-field-subgroup\">\r\n\t\t\t<span class=\"elementor-field-option\">\r\n\t\t\t\t<input type=\"checkbox\" name=\"form_fields[field_574d1ec]\" id=\"form-field-field_574d1ec\" class=\"elementor-field elementor-size-xl  elementor-acceptance-field\" required=\"required\">\r\n\t\t\t\t<label for=\"form-field-field_574d1ec\">Acepto <a href=\"https:\/\/servyproglobal.com\/aviso-legal\">Aviso Legal<\/a> y <a href=\"https:\/\/servyproglobal.com\/politica-de-privacidad\">Pol\u00edtica de Privacidad<\/a><\/label>\t\t\t<\/span>\r\n\t\t<\/div>\r\n\t\t\t\t\t\t<\/div>\r\n\t\t\t\t\t\t\t\t<div class=\"elementor-field-group elementor-column elementor-field-type-submit elementor-col-20 e-form__buttons\">\r\n\t\t\t\t\t<button class=\"elementor-button elementor-size-lg\" type=\"submit\">\r\n\t\t\t\t\t\t<span class=\"elementor-button-content-wrapper\">\r\n\t\t\t\t\t\t\t\t\t\t\t\t\t\t\t<span class=\"elementor-button-icon\">\r\n\t\t\t\t\t\t\t\t\t<svg aria-hidden=\"true\" class=\"e-font-icon-svg e-fas-arrow-right\" viewBox=\"0 0 448 512\" xmlns=\"http:\/\/www.w3.org\/2000\/svg\"><path d=\"M190.5 66.9l22.2-22.2c9.4-9.4 24.6-9.4 33.9 0L441 239c9.4 9.4 9.4 24.6 0 33.9L246.6 467.3c-9.4 9.4-24.6 9.4-33.9 0l-22.2-22.2c-9.5-9.5-9.3-25 .4-34.3L311.4 296H24c-13.3 0-24-10.7-24-24v-32c0-13.3 10.7-24 24-24h287.4L190.9 101.2c-9.8-9.3-10-24.8-.4-34.3z\"><\/path><\/svg>\t\t\t\t\t\t\t\t\t\t\t\t\t\t\t\t\t<\/span>\r\n\t\t\t\t\t\t\t\t\t\t\t\t\t\t\t\t\t\t\t\t\t\t<span class=\"elementor-button-text\">Enviar<\/span>\r\n\t\t\t\t\t\t\t\t\t\t\t\t\t<\/span>\r\n\t\t\t\t\t<\/button>\r\n\t\t\t\t<\/div>\r\n\t\t\t<\/div>\r\n\t\t<\/form>\r\n\t\t\t\t\t\t<\/div>\n\t\t\t\t<\/div>\n\t\t\t\t\t<\/div>\n\t\t\t\t<\/div>\n\t\t\t\t<\/div>\n\t\t\t\t<\/div>\n\t\t\t\t<\/div>\n\t\t\t\t\t<\/div>\n\t\t\t\t<\/div>\n\t\t<div class=\"elementor-element elementor-element-8ed2cda e-flex e-con-boxed e-con e-parent\" data-id=\"8ed2cda\" data-element_type=\"container\" data-e-type=\"container\">\n\t\t\t\t\t<div class=\"e-con-inner\">\n\t\t<div class=\"elementor-element elementor-element-4f6f912 e-con-full e-flex e-con e-child\" data-id=\"4f6f912\" data-element_type=\"container\" data-e-type=\"container\">\n\t\t\t\t<div class=\"elementor-element elementor-element-73bed8d elementor-widget elementor-widget-heading\" data-id=\"73bed8d\" data-element_type=\"widget\" data-e-type=\"widget\" data-widget_type=\"heading.default\">\n\t\t\t\t\t<h4 class=\"elementor-heading-title elementor-size-default\">\u00daltimas Noticias<\/h4>\t\t\t\t<\/div>\n\t\t\t\t<\/div>\n\t\t\t\t\t<\/div>\n\t\t\t\t<\/div>\n\t\t<div class=\"elementor-element elementor-element-73e89a9 e-flex e-con-boxed e-con e-parent\" data-id=\"73e89a9\" data-element_type=\"container\" data-e-type=\"container\">\n\t\t\t\t\t<div class=\"e-con-inner\">\n\t\t<div class=\"elementor-element elementor-element-0b03cc8 e-con-full e-flex e-con e-child\" data-id=\"0b03cc8\" data-element_type=\"container\" data-e-type=\"container\">\n\t\t<div class=\"elementor-element elementor-element-b482b50 e-con-full e-flex e-con e-child\" data-id=\"b482b50\" data-element_type=\"container\" data-e-type=\"container\">\n\t\t<div class=\"elementor-element elementor-element-42d0fbf e-con-full e-flex e-con e-child\" data-id=\"42d0fbf\" data-element_type=\"container\" data-e-type=\"container\">\n\t\t\t\t<div class=\"elementor-element elementor-element-dc404c5 elementor-widget elementor-widget-qi_addons_for_elementor_blog_list\" data-id=\"dc404c5\" data-element_type=\"widget\" data-e-type=\"widget\" data-widget_type=\"qi_addons_for_elementor_blog_list.default\">\n\t\t\t\t<div class=\"elementor-widget-container\">\n\t\t\t\t\t<div class=\"qodef-shortcode qodef-m qodef-addons-blog-list qodef-info-no-icons qodef-image--hover-zoom qodef-qi-grid qodef-layout--qi-masonry qodef-col-num--3 qodef-item-layout--boxed qodef-responsive--predefined\" >\n\t<div class=\"qodef-grid-inner\">\n\t\t\t<div class=\"qodef-qi-grid-masonry-sizer\"><\/div>\n<article class=\"qodef-e qodef-blog-item qodef-grid-item post-10910 post type-post status-publish format-standard has-post-thumbnail hentry category-sin-categorizar\">\n\t<div class=\"qodef-e-inner\">\n\t\t<div class=\"qodef-e-media-holder\">\n\t\t\t<div class=\"qodef-e-media\">\n\t\t<div class=\"qodef-e-media-image\">\n\t\t<a itemprop=\"url\" href=\"https:\/\/servyproglobal.com\/ca\/mantenimiento-de-sistemas-pci-contra-incendio-guia-de-proteccion-pasiva\/\">\n\t\t\t<img decoding=\"async\" width=\"2560\" height=\"1391\" src=\"https:\/\/servyproglobal.com\/wp-content\/uploads\/2026\/02\/mantenimiento-de-sistemas-pci.jpg\" class=\"attachment- size-\" alt=\"\" srcset=\"https:\/\/servyproglobal.com\/wp-content\/uploads\/2026\/02\/mantenimiento-de-sistemas-pci.jpg 2560w, https:\/\/servyproglobal.com\/wp-content\/uploads\/2026\/02\/mantenimiento-de-sistemas-pci-300x163.jpg 300w, https:\/\/servyproglobal.com\/wp-content\/uploads\/2026\/02\/mantenimiento-de-sistemas-pci-1024x556.jpg 1024w, https:\/\/servyproglobal.com\/wp-content\/uploads\/2026\/02\/mantenimiento-de-sistemas-pci-768x417.jpg 768w, https:\/\/servyproglobal.com\/wp-content\/uploads\/2026\/02\/mantenimiento-de-sistemas-pci-1536x835.jpg 1536w, https:\/\/servyproglobal.com\/wp-content\/uploads\/2026\/02\/mantenimiento-de-sistemas-pci-2048x1113.jpg 2048w\" sizes=\"(max-width: 2560px) 100vw, 2560px\" \/>\t\t<\/a>\n\t\t\t<\/div>\n<\/div>\n<div itemprop=\"dateCreated\" class=\"qodef-e-info-item qodef-e-info-date entry-date \">\n\t<a itemprop=\"url\" href=\"https:\/\/servyproglobal.com\/ca\/2026\/02\/\">\n\t\t22 febr.\t<\/a>\n<\/div>\n\t\t<\/div>\n\t\t<div class=\"qodef-e-content\">\n\t\t\t\t\t\t\t<div class=\"qodef-e-info qodef-info--top\">\n\t\t\t\t\t<div class=\"qodef-e-info-item qodef-e-info-category\">\n\t\t<a href=\"https:\/\/servyproglobal.com\/ca\/category\/sin-categorizar\/\" rel=\"category tag\">Sin categorizar<\/a><\/div>\n\t\t\t\t<\/div>\n\t\t\t\t\t\t<div class=\"qodef-e-text\">\n\t\t\t\t<h5 itemprop=\"name\" class=\"qodef-e-title entry-title\">\n\t<a itemprop=\"url\" class=\"qodef-e-title-link\" href=\"https:\/\/servyproglobal.com\/ca\/mantenimiento-de-sistemas-pci-contra-incendio-guia-de-proteccion-pasiva\/\">\n\t\tMantenimiento de sistemas PCI contra incendio: gu\u00eda de protecci\u00f3n pasiva\t<\/a>\n<\/h5>\n\t\t<p itemprop=\"description\" class=\"qodef-e-excerpt\">\n\t\t\tSi tienes una nave, un local o un edificio en uso, hay una realidad inc\u00f3moda: el mantenimiento de sistemas PCI contra incendio no es algo que se haga una vez y ya quede perfecto p\t\t<\/p>\n\t\t\t\t<\/div>\n\t\t\t\t\t\t\t<div class=\"qodef-e-info qodef-info--bottom\">\n\t\t\t\t\t\t<div class=\"qodef-e-read-more\">\n\t\t<a class=\"qodef-shortcode qodef-m qodef-qi-button qodef-html--link qodef-layout--filled qodef-type--standard qodef-icon--right qodef-hover--icon-move-horizontal-short\" href=\"https:\/\/servyproglobal.com\/ca\/mantenimiento-de-sistemas-pci-contra-incendio-guia-de-proteccion-pasiva\/\" target=\"_self\">\t<span class=\"qodef-m-text\">Leer m\u00e1s<\/span>\t<\/a>\t<\/div>\n\t\t\t\t<\/div>\n\t\t\t\t\t<\/div>\n\t<\/div>\n<\/article>\n<article class=\"qodef-e qodef-blog-item qodef-grid-item post-10906 post type-post status-publish format-standard has-post-thumbnail hentry category-servyproglobal\">\n\t<div class=\"qodef-e-inner\">\n\t\t<div class=\"qodef-e-media-holder\">\n\t\t\t<div class=\"qodef-e-media\">\n\t\t<div class=\"qodef-e-media-image\">\n\t\t<a itemprop=\"url\" href=\"https:\/\/servyproglobal.com\/ca\/diferencias-entre-la-reaccion-al-fuego-y-la-resistencia-al-fuego-de-elementos-constructivos\/\">\n\t\t\t<img decoding=\"async\" width=\"2560\" height=\"1391\" src=\"https:\/\/servyproglobal.com\/wp-content\/uploads\/2026\/02\/resistencia-al-fuego-cte.jpg\" class=\"attachment- size-\" alt=\"resistencia-al-fuego-cte\" srcset=\"https:\/\/servyproglobal.com\/wp-content\/uploads\/2026\/02\/resistencia-al-fuego-cte.jpg 2560w, https:\/\/servyproglobal.com\/wp-content\/uploads\/2026\/02\/resistencia-al-fuego-cte-300x163.jpg 300w, https:\/\/servyproglobal.com\/wp-content\/uploads\/2026\/02\/resistencia-al-fuego-cte-1024x556.jpg 1024w, https:\/\/servyproglobal.com\/wp-content\/uploads\/2026\/02\/resistencia-al-fuego-cte-768x417.jpg 768w, https:\/\/servyproglobal.com\/wp-content\/uploads\/2026\/02\/resistencia-al-fuego-cte-1536x835.jpg 1536w, https:\/\/servyproglobal.com\/wp-content\/uploads\/2026\/02\/resistencia-al-fuego-cte-2048x1113.jpg 2048w\" sizes=\"(max-width: 2560px) 100vw, 2560px\" \/>\t\t<\/a>\n\t\t\t<\/div>\n<\/div>\n<div itemprop=\"dateCreated\" class=\"qodef-e-info-item qodef-e-info-date entry-date \">\n\t<a itemprop=\"url\" href=\"https:\/\/servyproglobal.com\/ca\/2026\/02\/\">\n\t\t12 febr.\t<\/a>\n<\/div>\n\t\t<\/div>\n\t\t<div class=\"qodef-e-content\">\n\t\t\t\t\t\t\t<div class=\"qodef-e-info qodef-info--top\">\n\t\t\t\t\t<div class=\"qodef-e-info-item qodef-e-info-category\">\n\t\t<a href=\"https:\/\/servyproglobal.com\/ca\/category\/servyproglobal\/\" rel=\"category tag\">Servyproglobal<\/a><\/div>\n\t\t\t\t<\/div>\n\t\t\t\t\t\t<div class=\"qodef-e-text\">\n\t\t\t\t<h5 itemprop=\"name\" class=\"qodef-e-title entry-title\">\n\t<a itemprop=\"url\" class=\"qodef-e-title-link\" href=\"https:\/\/servyproglobal.com\/ca\/diferencias-entre-la-reaccion-al-fuego-y-la-resistencia-al-fuego-de-elementos-constructivos\/\">\n\t\tDiferencias entre la reacci\u00f3n al fuego y la resistencia al fuego de elementos constructivos\t<\/a>\n<\/h5>\n\t\t<p itemprop=\"description\" class=\"qodef-e-excerpt\">\n\t\t\tSi dise\u00f1as o gestionas obras en Espa\u00f1a, tarde o temprano te enfrentas a dos conceptos que parecen sin\u00f3nimos, pero no lo son: reacci\u00f3n al fuego y resistencia al fuego de element\t\t<\/p>\n\t\t\t\t<\/div>\n\t\t\t\t\t\t\t<div class=\"qodef-e-info qodef-info--bottom\">\n\t\t\t\t\t\t<div class=\"qodef-e-read-more\">\n\t\t<a class=\"qodef-shortcode qodef-m qodef-qi-button qodef-html--link qodef-layout--filled qodef-type--standard qodef-icon--right qodef-hover--icon-move-horizontal-short\" href=\"https:\/\/servyproglobal.com\/ca\/diferencias-entre-la-reaccion-al-fuego-y-la-resistencia-al-fuego-de-elementos-constructivos\/\" target=\"_self\">\t<span class=\"qodef-m-text\">Leer m\u00e1s<\/span>\t<\/a>\t<\/div>\n\t\t\t\t<\/div>\n\t\t\t\t\t<\/div>\n\t<\/div>\n<\/article>\n<article class=\"qodef-e qodef-blog-item qodef-grid-item post-10900 post type-post status-publish format-standard has-post-thumbnail hentry category-materiales-ignifugos\">\n\t<div class=\"qodef-e-inner\">\n\t\t<div class=\"qodef-e-media-holder\">\n\t\t\t<div class=\"qodef-e-media\">\n\t\t<div class=\"qodef-e-media-image\">\n\t\t<a itemprop=\"url\" href=\"https:\/\/servyproglobal.com\/ca\/resistencia-al-fuego-de-forjados-colaborantes\/\">\n\t\t\t<img loading=\"lazy\" decoding=\"async\" width=\"2560\" height=\"1391\" src=\"https:\/\/servyproglobal.com\/wp-content\/uploads\/2026\/02\/resistencia-al-fuego-de-forjados-2.jpg\" class=\"attachment- size-\" alt=\"resistencia-al-fuego-de-forjados\" srcset=\"https:\/\/servyproglobal.com\/wp-content\/uploads\/2026\/02\/resistencia-al-fuego-de-forjados-2.jpg 2560w, https:\/\/servyproglobal.com\/wp-content\/uploads\/2026\/02\/resistencia-al-fuego-de-forjados-2-300x163.jpg 300w, https:\/\/servyproglobal.com\/wp-content\/uploads\/2026\/02\/resistencia-al-fuego-de-forjados-2-1024x556.jpg 1024w, https:\/\/servyproglobal.com\/wp-content\/uploads\/2026\/02\/resistencia-al-fuego-de-forjados-2-768x417.jpg 768w, https:\/\/servyproglobal.com\/wp-content\/uploads\/2026\/02\/resistencia-al-fuego-de-forjados-2-1536x835.jpg 1536w, https:\/\/servyproglobal.com\/wp-content\/uploads\/2026\/02\/resistencia-al-fuego-de-forjados-2-2048x1113.jpg 2048w\" sizes=\"(max-width: 2560px) 100vw, 2560px\" \/>\t\t<\/a>\n\t\t\t<\/div>\n<\/div>\n<div itemprop=\"dateCreated\" class=\"qodef-e-info-item qodef-e-info-date entry-date \">\n\t<a itemprop=\"url\" href=\"https:\/\/servyproglobal.com\/ca\/2026\/02\/\">\n\t\t8 febr.\t<\/a>\n<\/div>\n\t\t<\/div>\n\t\t<div class=\"qodef-e-content\">\n\t\t\t\t\t\t\t<div class=\"qodef-e-info qodef-info--top\">\n\t\t\t\t\t<div class=\"qodef-e-info-item qodef-e-info-category\">\n\t\t<a href=\"https:\/\/servyproglobal.com\/ca\/category\/materiales-ignifugos\/\" rel=\"category tag\">Materiales ign\u00edfugos<\/a><\/div>\n\t\t\t\t<\/div>\n\t\t\t\t\t\t<div class=\"qodef-e-text\">\n\t\t\t\t<h5 itemprop=\"name\" class=\"qodef-e-title entry-title\">\n\t<a itemprop=\"url\" class=\"qodef-e-title-link\" href=\"https:\/\/servyproglobal.com\/ca\/resistencia-al-fuego-de-forjados-colaborantes\/\">\n\t\tResistencia al fuego de forjados colaborantes\t<\/a>\n<\/h5>\n\t\t<p itemprop=\"description\" class=\"qodef-e-excerpt\">\n\t\t\tLa resistencia al fuego de forjados colaborantes es el punto cr\u00edtico en muchas naves industriales: sin protecci\u00f3n, los ensayos sit\u00faan su aguante real en torno a media hora, por\t\t<\/p>\n\t\t\t\t<\/div>\n\t\t\t\t\t\t\t<div class=\"qodef-e-info qodef-info--bottom\">\n\t\t\t\t\t\t<div class=\"qodef-e-read-more\">\n\t\t<a class=\"qodef-shortcode qodef-m qodef-qi-button qodef-html--link qodef-layout--filled qodef-type--standard qodef-icon--right qodef-hover--icon-move-horizontal-short\" href=\"https:\/\/servyproglobal.com\/ca\/resistencia-al-fuego-de-forjados-colaborantes\/\" target=\"_self\">\t<span class=\"qodef-m-text\">Leer m\u00e1s<\/span>\t<\/a>\t<\/div>\n\t\t\t\t<\/div>\n\t\t\t\t\t<\/div>\n\t<\/div>\n<\/article>\n\t<\/div>\n\t<\/div>\n\t\t\t\t<\/div>\n\t\t\t\t<\/div>\n\t\t\t\t<\/div>\n\t\t\t\t<\/div>\n\t\t\t\t<\/div>\n\t\t\t\t\t<\/div>\n\t\t\t\t<\/div>\n\t\t\t\t<\/div>\n\t\t","protected":false},"excerpt":{"rendered":"<p>Sectoritzaci\u00f3 d\u2019incendis La sectoritzaci\u00f3 d\u2019incendis \u00e9s una soluci\u00f3 essencial dins de la protecci\u00f3 passiva contra incendis, i t\u00e9 com a objectiu dividir un edifici en diferents sectors resistents al foc mitjan\u00e7ant franges tallafocs, envans i extradossats ign\u00edfugs. Aquests sectors estan dissenyats per contenir la propagaci\u00f3 de les flames, la calor i els gasos durant un [&hellip;]<\/p>\n","protected":false},"author":1,"featured_media":10583,"parent":10681,"menu_order":0,"comment_status":"closed","ping_status":"closed","template":"page-full-width.php","meta":{"_acf_changed":false,"footnotes":""},"class_list":["post-10710","page","type-page","status-publish","has-post-thumbnail","hentry"],"acf":[],"yoast_head":"<!-- This site is optimized with the Yoast SEO plugin v26.9 - https:\/\/yoast.com\/product\/yoast-seo-wordpress\/ -->\n<title>Zonificaci\u00f3 i compartimentaci\u00f3 contra incendis | Servypro<\/title>\n<meta name=\"description\" content=\"Compartimentaci\u00f3 contra incendis mitjan\u00e7ant barreres contra foc i particions resistents al foc. Protegix unitats industrials, oficines i habitatges.\" \/>\n<meta name=\"robots\" content=\"index, follow, max-snippet:-1, max-image-preview:large, max-video-preview:-1\" \/>\n<link rel=\"canonical\" href=\"https:\/\/servyproglobal.com\/ca\/ignifugaciones\/sectorizacion-de-incendios\/\" \/>\n<meta property=\"og:locale\" content=\"ca_ES\" \/>\n<meta property=\"og:type\" content=\"article\" \/>\n<meta property=\"og:title\" content=\"Sectorizaci\u00f3n de incendios y compartimentaci\u00f3n - Servypro\" \/>\n<meta property=\"og:description\" content=\"Sectorizaci\u00f3n de incendios para una compartimentaci\u00f3n eficaz. Protecci\u00f3n y seguridad estructural.\" \/>\n<meta property=\"og:url\" content=\"https:\/\/servyproglobal.com\/ca\/ignifugaciones\/sectorizacion-de-incendios\/\" \/>\n<meta property=\"og:site_name\" content=\"SERVYPRO\" \/>\n<meta property=\"article:modified_time\" content=\"2026-04-16T13:56:44+00:00\" \/>\n<meta property=\"og:image\" content=\"https:\/\/servyproglobal.com\/wp-content\/uploads\/2025\/02\/thumbnail.jpg\" \/>\n\t<meta property=\"og:image:width\" content=\"1920\" \/>\n\t<meta property=\"og:image:height\" content=\"1080\" \/>\n\t<meta property=\"og:image:type\" content=\"image\/jpeg\" \/>\n<meta name=\"twitter:card\" content=\"summary_large_image\" \/>\n<meta name=\"twitter:title\" content=\"Sectorizaci\u00f3n de incendios y compartimentaci\u00f3n - Servypro\" \/>\n<meta name=\"twitter:description\" content=\"Sectorizaci\u00f3n de incendios para una compartimentaci\u00f3n eficaz. Protecci\u00f3n y seguridad estructural.\" \/>\n<meta name=\"twitter:label1\" content=\"Temps estimat de lectura\" \/>\n\t<meta name=\"twitter:data1\" content=\"9 minuts\" \/>\n<script type=\"application\/ld+json\" class=\"yoast-schema-graph\">{\"@context\":\"https:\/\/schema.org\",\"@graph\":[{\"@type\":\"WebPage\",\"@id\":\"https:\/\/servyproglobal.com\/ca\/ignifugaciones\/sectorizacion-de-incendios\/\",\"url\":\"https:\/\/servyproglobal.com\/ca\/ignifugaciones\/sectorizacion-de-incendios\/\",\"name\":\"Zonificaci\u00f3 i compartimentaci\u00f3 contra incendis | Servypro\",\"isPartOf\":{\"@id\":\"https:\/\/servyproglobal.com\/ca\/#website\"},\"primaryImageOfPage\":{\"@id\":\"https:\/\/servyproglobal.com\/ca\/ignifugaciones\/sectorizacion-de-incendios\/#primaryimage\"},\"image\":{\"@id\":\"https:\/\/servyproglobal.com\/ca\/ignifugaciones\/sectorizacion-de-incendios\/#primaryimage\"},\"thumbnailUrl\":\"https:\/\/servyproglobal.com\/wp-content\/uploads\/2025\/02\/thumbnail.jpg\",\"datePublished\":\"2025-02-25T10:15:56+00:00\",\"dateModified\":\"2026-04-16T13:56:44+00:00\",\"description\":\"Compartimentaci\u00f3 contra incendis mitjan\u00e7ant barreres contra foc i particions resistents al foc. Protegix unitats industrials, oficines i habitatges.\",\"breadcrumb\":{\"@id\":\"https:\/\/servyproglobal.com\/ca\/ignifugaciones\/sectorizacion-de-incendios\/#breadcrumb\"},\"inLanguage\":\"ca\",\"potentialAction\":[{\"@type\":\"ReadAction\",\"target\":[\"https:\/\/servyproglobal.com\/ca\/ignifugaciones\/sectorizacion-de-incendios\/\"]}]},{\"@type\":\"ImageObject\",\"inLanguage\":\"ca\",\"@id\":\"https:\/\/servyproglobal.com\/ca\/ignifugaciones\/sectorizacion-de-incendios\/#primaryimage\",\"url\":\"https:\/\/servyproglobal.com\/wp-content\/uploads\/2025\/02\/thumbnail.jpg\",\"contentUrl\":\"https:\/\/servyproglobal.com\/wp-content\/uploads\/2025\/02\/thumbnail.jpg\",\"width\":1920,\"height\":1080,\"caption\":\"forjados-chapa-colaborante\"},{\"@type\":\"BreadcrumbList\",\"@id\":\"https:\/\/servyproglobal.com\/ca\/ignifugaciones\/sectorizacion-de-incendios\/#breadcrumb\",\"itemListElement\":[{\"@type\":\"ListItem\",\"position\":1,\"name\":\"Portada\",\"item\":\"https:\/\/servyproglobal.com\/ca\/\"},{\"@type\":\"ListItem\",\"position\":2,\"name\":\"Ignifugaciones\",\"item\":\"https:\/\/servyproglobal.com\/ca\/ignifugaciones\/\"},{\"@type\":\"ListItem\",\"position\":3,\"name\":\"Sectoritzaci\u00f3 d\u2019incendis\"}]},{\"@type\":\"WebSite\",\"@id\":\"https:\/\/servyproglobal.com\/ca\/#website\",\"url\":\"https:\/\/servyproglobal.com\/ca\/\",\"name\":\"SERVYPRO\",\"description\":\"L\u00edderes en protecci\u00f3n pasiva contra el fuego\",\"publisher\":{\"@id\":\"https:\/\/servyproglobal.com\/ca\/#organization\"},\"potentialAction\":[{\"@type\":\"SearchAction\",\"target\":{\"@type\":\"EntryPoint\",\"urlTemplate\":\"https:\/\/servyproglobal.com\/ca\/?s={search_term_string}\"},\"query-input\":{\"@type\":\"PropertyValueSpecification\",\"valueRequired\":true,\"valueName\":\"search_term_string\"}}],\"inLanguage\":\"ca\"},{\"@type\":\"Organization\",\"@id\":\"https:\/\/servyproglobal.com\/ca\/#organization\",\"name\":\"SERVYPRO\",\"url\":\"https:\/\/servyproglobal.com\/ca\/\",\"logo\":{\"@type\":\"ImageObject\",\"inLanguage\":\"ca\",\"@id\":\"https:\/\/servyproglobal.com\/ca\/#\/schema\/logo\/image\/\",\"url\":\"https:\/\/servyproglobal.com\/wp-content\/uploads\/2026\/01\/logo_dark-1.png\",\"contentUrl\":\"https:\/\/servyproglobal.com\/wp-content\/uploads\/2026\/01\/logo_dark-1.png\",\"width\":608,\"height\":108,\"caption\":\"SERVYPRO\"},\"image\":{\"@id\":\"https:\/\/servyproglobal.com\/ca\/#\/schema\/logo\/image\/\"}}]}<\/script>\n<!-- \/ Yoast SEO plugin. -->","yoast_head_json":{"title":"Zonificaci\u00f3 i compartimentaci\u00f3 contra incendis | Servypro","description":"Compartimentaci\u00f3 contra incendis mitjan\u00e7ant barreres contra foc i particions resistents al foc. Protegix unitats industrials, oficines i habitatges.","robots":{"index":"index","follow":"follow","max-snippet":"max-snippet:-1","max-image-preview":"max-image-preview:large","max-video-preview":"max-video-preview:-1"},"canonical":"https:\/\/servyproglobal.com\/ca\/ignifugaciones\/sectorizacion-de-incendios\/","og_locale":"ca_ES","og_type":"article","og_title":"Sectorizaci\u00f3n de incendios y compartimentaci\u00f3n - Servypro","og_description":"Sectorizaci\u00f3n de incendios para una compartimentaci\u00f3n eficaz. Protecci\u00f3n y seguridad estructural.","og_url":"https:\/\/servyproglobal.com\/ca\/ignifugaciones\/sectorizacion-de-incendios\/","og_site_name":"SERVYPRO","article_modified_time":"2026-04-16T13:56:44+00:00","og_image":[{"width":1920,"height":1080,"url":"https:\/\/servyproglobal.com\/wp-content\/uploads\/2025\/02\/thumbnail.jpg","type":"image\/jpeg"}],"twitter_card":"summary_large_image","twitter_title":"Sectorizaci\u00f3n de incendios y compartimentaci\u00f3n - Servypro","twitter_description":"Sectorizaci\u00f3n de incendios para una compartimentaci\u00f3n eficaz. Protecci\u00f3n y seguridad estructural.","twitter_misc":{"Temps estimat de lectura":"9 minuts"},"schema":{"@context":"https:\/\/schema.org","@graph":[{"@type":"WebPage","@id":"https:\/\/servyproglobal.com\/ca\/ignifugaciones\/sectorizacion-de-incendios\/","url":"https:\/\/servyproglobal.com\/ca\/ignifugaciones\/sectorizacion-de-incendios\/","name":"Zonificaci\u00f3 i compartimentaci\u00f3 contra incendis | Servypro","isPartOf":{"@id":"https:\/\/servyproglobal.com\/ca\/#website"},"primaryImageOfPage":{"@id":"https:\/\/servyproglobal.com\/ca\/ignifugaciones\/sectorizacion-de-incendios\/#primaryimage"},"image":{"@id":"https:\/\/servyproglobal.com\/ca\/ignifugaciones\/sectorizacion-de-incendios\/#primaryimage"},"thumbnailUrl":"https:\/\/servyproglobal.com\/wp-content\/uploads\/2025\/02\/thumbnail.jpg","datePublished":"2025-02-25T10:15:56+00:00","dateModified":"2026-04-16T13:56:44+00:00","description":"Compartimentaci\u00f3 contra incendis mitjan\u00e7ant barreres contra foc i particions resistents al foc. Protegix unitats industrials, oficines i habitatges.","breadcrumb":{"@id":"https:\/\/servyproglobal.com\/ca\/ignifugaciones\/sectorizacion-de-incendios\/#breadcrumb"},"inLanguage":"ca","potentialAction":[{"@type":"ReadAction","target":["https:\/\/servyproglobal.com\/ca\/ignifugaciones\/sectorizacion-de-incendios\/"]}]},{"@type":"ImageObject","inLanguage":"ca","@id":"https:\/\/servyproglobal.com\/ca\/ignifugaciones\/sectorizacion-de-incendios\/#primaryimage","url":"https:\/\/servyproglobal.com\/wp-content\/uploads\/2025\/02\/thumbnail.jpg","contentUrl":"https:\/\/servyproglobal.com\/wp-content\/uploads\/2025\/02\/thumbnail.jpg","width":1920,"height":1080,"caption":"forjados-chapa-colaborante"},{"@type":"BreadcrumbList","@id":"https:\/\/servyproglobal.com\/ca\/ignifugaciones\/sectorizacion-de-incendios\/#breadcrumb","itemListElement":[{"@type":"ListItem","position":1,"name":"Portada","item":"https:\/\/servyproglobal.com\/ca\/"},{"@type":"ListItem","position":2,"name":"Ignifugaciones","item":"https:\/\/servyproglobal.com\/ca\/ignifugaciones\/"},{"@type":"ListItem","position":3,"name":"Sectoritzaci\u00f3 d\u2019incendis"}]},{"@type":"WebSite","@id":"https:\/\/servyproglobal.com\/ca\/#website","url":"https:\/\/servyproglobal.com\/ca\/","name":"SERVYPRO","description":"L\u00edderes en protecci\u00f3n pasiva contra el fuego","publisher":{"@id":"https:\/\/servyproglobal.com\/ca\/#organization"},"potentialAction":[{"@type":"SearchAction","target":{"@type":"EntryPoint","urlTemplate":"https:\/\/servyproglobal.com\/ca\/?s={search_term_string}"},"query-input":{"@type":"PropertyValueSpecification","valueRequired":true,"valueName":"search_term_string"}}],"inLanguage":"ca"},{"@type":"Organization","@id":"https:\/\/servyproglobal.com\/ca\/#organization","name":"SERVYPRO","url":"https:\/\/servyproglobal.com\/ca\/","logo":{"@type":"ImageObject","inLanguage":"ca","@id":"https:\/\/servyproglobal.com\/ca\/#\/schema\/logo\/image\/","url":"https:\/\/servyproglobal.com\/wp-content\/uploads\/2026\/01\/logo_dark-1.png","contentUrl":"https:\/\/servyproglobal.com\/wp-content\/uploads\/2026\/01\/logo_dark-1.png","width":608,"height":108,"caption":"SERVYPRO"},"image":{"@id":"https:\/\/servyproglobal.com\/ca\/#\/schema\/logo\/image\/"}}]}},"_links":{"self":[{"href":"https:\/\/servyproglobal.com\/ca\/wp-json\/wp\/v2\/pages\/10710","targetHints":{"allow":["GET"]}}],"collection":[{"href":"https:\/\/servyproglobal.com\/ca\/wp-json\/wp\/v2\/pages"}],"about":[{"href":"https:\/\/servyproglobal.com\/ca\/wp-json\/wp\/v2\/types\/page"}],"author":[{"embeddable":true,"href":"https:\/\/servyproglobal.com\/ca\/wp-json\/wp\/v2\/users\/1"}],"replies":[{"embeddable":true,"href":"https:\/\/servyproglobal.com\/ca\/wp-json\/wp\/v2\/comments?post=10710"}],"version-history":[{"count":6,"href":"https:\/\/servyproglobal.com\/ca\/wp-json\/wp\/v2\/pages\/10710\/revisions"}],"predecessor-version":[{"id":11386,"href":"https:\/\/servyproglobal.com\/ca\/wp-json\/wp\/v2\/pages\/10710\/revisions\/11386"}],"up":[{"embeddable":true,"href":"https:\/\/servyproglobal.com\/ca\/wp-json\/wp\/v2\/pages\/10681"}],"wp:featuredmedia":[{"embeddable":true,"href":"https:\/\/servyproglobal.com\/ca\/wp-json\/wp\/v2\/media\/10583"}],"wp:attachment":[{"href":"https:\/\/servyproglobal.com\/ca\/wp-json\/wp\/v2\/media?parent=10710"}],"curies":[{"name":"wp","href":"https:\/\/api.w.org\/{rel}","templated":true}]}}