{"id":10713,"date":"2025-02-11T14:15:56","date_gmt":"2025-02-11T12:15:56","guid":{"rendered":"https:\/\/servyproglobal.com\/politica-de-cookies\/"},"modified":"2026-04-16T15:46:34","modified_gmt":"2026-04-16T13:46:34","slug":"politica-de-cookies","status":"publish","type":"page","link":"https:\/\/servyproglobal.com\/ca\/politica-de-cookies\/","title":{"rendered":"Pol\u00edtica de privacitat\u00a0"},"content":{"rendered":"\t\t<div data-elementor-type=\"wp-page\" data-elementor-id=\"10713\" class=\"elementor elementor-10713 elementor-5817\" data-elementor-post-type=\"page\">\n\t\t\t\t<div class=\"elementor-element elementor-element-bc71ffb e-flex e-con-boxed e-con e-parent\" data-id=\"bc71ffb\" data-element_type=\"container\" data-e-type=\"container\">\n\t\t\t\t\t<div class=\"e-con-inner\">\n\t\t\t\t<div class=\"elementor-element elementor-element-5eb1e87 elementor-widget elementor-widget-text-editor\" data-id=\"5eb1e87\" data-element_type=\"widget\" data-e-type=\"widget\" data-widget_type=\"text-editor.default\">\n\t\t\t\t\t\t\t\t\t<p><span style=\"font-weight: 400;\">D\u2019acord amb el que disposen les normatives vigents sobre protecci\u00f3 de dades <\/span><span style=\"font-weight: 400;\">personals, li facilitem la informaci\u00f3 seg\u00fcent:\u00a0<\/span><\/p><ol><li><b> INFORMACI\u00d3 A L\u2019INTERESSAT O USUARI\u00a0<\/b><\/li><\/ol><p><span style=\"font-weight: 400;\">SERVICIOS Y PROTECCI\u00d3N GLOBAL DE INCENDIOS, S. L., posa a la seva disposici\u00f3 aquesta pol\u00edtica de privacitat per informar-lo, de manera detallada, sobre com han de ser tractades les dades personals que vost\u00e8, com a interessat o usuari, proporcioni o hagi proporcionat, a trav\u00e9s de qualsevol mitj\u00e0 (p\u00e0gina web, correu <\/span><span style=\"font-weight: 400;\">electr\u00f2nic, tel\u00e8fon, presencialment, formularis en l\u00ednia o paper, etc\u00e8tera).\u00a0<\/span><\/p><p><span style=\"font-weight: 400;\">SERVICIOS Y PROTECCI\u00d3N GLOBAL DE INCENDIOS, S. L., ha adoptat totes les mesures t\u00e8cniques i d\u2019organitzaci\u00f3 necess\u00e0ries per garantir la confidencialitat, la <\/span><span style=\"font-weight: 400;\">integritat, la disponibilitat i la resili\u00e8ncia de les dades personals que custodia.\u00a0<\/span><\/p><p><span style=\"font-weight: 400;\">Responsabilitat de l\u2019interessat o usuari <\/span><span style=\"font-weight: 400;\">En facilitar les dades, vost\u00e8, com a interessat o usuari (d\u2019ara endavant, l\u2019interessat), <\/span><span style=\"font-weight: 400;\">\u00a0<\/span><span style=\"font-weight: 400;\">garanteix que \u00e9s major de 18 anys i que les dades facilitades a SERVICIOS Y PROTECCI\u00d3N GLOBAL DE INCENDIOS, S. L., s\u00f3n veritables, exactes, completes i actualitzades. A aquest efecte, l\u2019interessat confirma que respon de la veracitat de les dades comunicades i que mant\u00e9 convenientment actualitzada aquesta <\/span><span style=\"font-weight: 400;\">\u00a0<\/span><\/p><p><span style=\"font-weight: 400;\">informaci\u00f3, de manera que respon a la seva situaci\u00f3 real, i es fa responsable de les dades falses i inexactes que pugui proporcionar, i tamb\u00e9 dels danys i perjudicis, <\/span><span style=\"font-weight: 400;\">directes o indirectes, que se\u2019n pugui derivar.\u00a0<\/span><\/p><ol start=\"2\"><li><b><br \/><\/b><b> RESPONSABLE DEL TRACTAMENT\u00a0<\/b><\/li><\/ol><p><span style=\"font-weight: 400;\">Identitat: SERVICIOS Y PROTECCI\u00d3N GLOBAL DE INCENDIOS, S. L.\u00a0<\/span><\/p><p><span style=\"font-weight: 400;\">NIF: B16742017\u00a0<\/span><\/p><p><span style=\"font-weight: 400;\">Adre\u00e7a postal: c. P\u00edo Baroja, 9, 31550 Ribaforada (Navarra). <\/span><span style=\"font-weight: 400;\">\u00a0<\/span><\/p><p><i><span style=\"font-weight: 400;\">E-mail<\/span><\/i><span style=\"font-weight: 400;\">: info@servyproglobal.com\u00a0<\/span><\/p><p><span style=\"font-weight: 400;\">Tel\u00e8fon: 656 523 933\u00a0<\/span><\/p><p><span style=\"font-weight: 400;\">Correu electr\u00f2nic: info@servyproglobal.com<\/span><span style=\"font-weight: 400;\">\u00a0<\/span><span style=\"font-weight: 400;\"><br \/><\/span><\/p><ol start=\"3\"><li><b> FINALITATS, TERMINIS DE CONSERVACI\u00d3 I LEGITIMACI\u00d3 DELS\u00a0\u00a0<\/b><\/li><\/ol><p><b>TRACTAMENTS\u00a0<\/b><\/p><p><span style=\"font-weight: 400;\">SERVICIOS Y PROTECCI\u00d3N GLOBAL DE INCENDIOS, S. L., com a responsable del tractament de les dades de l\u2019interessat, aix\u00ed com les que pugui subministrar en el futur, l\u2019informa que aquestes dades seran tractades de conformitat amb el que disposen les normatives vigents sobre protecci\u00f3 de dades personals, per la qual cosa se li proporciona la informaci\u00f3 seg\u00fcent sobre cada un dels tractaments que <\/span><span style=\"font-weight: 400;\">efectua SERVICIOS Y PROTECCI\u00d3N GLOBAL DE INCENDIOS, S. L..\u00a0<\/span><\/p><p><b>CONTACTE \/ CONSULTES\u00a0<\/b><\/p><p><span style=\"font-weight: 400;\">Finalitat del tractament: donar resposta i fer el seguiment de les consultes, sol\u00b7licituds d\u2019informaci\u00f3, suggeriments i reclamacions, aix\u00ed com mantenir el contacte amb aquelles persones que han mostrat inter\u00e8s per l\u2019empresa, els seus productes <\/span><span style=\"font-weight: 400;\">o serveis.\u00a0<\/span><\/p><p><span style=\"font-weight: 400;\">Criteris de conservaci\u00f3 de les dades: es conservem durant el temps necessari per <\/span><span style=\"font-weight: 400;\">a la tramitaci\u00f3 i resposta de la consulta.\u00a0<\/span><\/p><p><span style=\"font-weight: 400;\">Legitimaci\u00f3 per al tractament de les dades: RGPD, 6.1.f) la base legal per al tractament de les dades est\u00e0 basada en l\u2019inter\u00e8s leg\u00edtim del responsable del <\/span><span style=\"font-weight: 400;\">tractament per atendre i respondre les comunicacions o sol\u00b7licituds rebudes.\u00a0<\/span><\/p><p><b>FACTURES PROFORMA \/ PRESSUPOSTOS\u00a0<\/b><\/p><p><span style=\"font-weight: 400;\">Finalitat del tractament: la confecci\u00f3 i el lliurament de les factures proforma o pressupostos sol\u00b7licitats pels interessats, aix\u00ed com poder fer-ne el seguiment per <\/span><span style=\"font-weight: 400;\">tel\u00e8fon, telem\u00e0ticament o presencialment.\u00a0<\/span><\/p><p><span style=\"font-weight: 400;\">Criteris de conservaci\u00f3 de les dades: es conserven mentre existeixi un inter\u00e8s mutu <\/span><span style=\"font-weight: 400;\">per fer-ho, o b\u00e9 fins que l\u2019interessat en sol\u00b7liciti la supressi\u00f3.\u00a0<\/span><\/p><p><span style=\"font-weight: 400;\">Legitimaci\u00f3 per al tractament de les dades: el tractament \u00e9s necessari per a l\u2019aplicaci\u00f3 a petici\u00f3 de l\u2019interessat de mesures precontractuals (RGPD,<\/span><span style=\"font-weight: 400;\"><br \/><\/span><span style=\"font-weight: 400;\"> 6.1.b), aix\u00ed com el tractament prec\u00eds per satisfer l\u2019inter\u00e8s leg\u00edtim del responsable per confeccionar i fer el seguiment dels pressupostos sol\u00b7licitats per l\u2019interessat (RGPD,<\/span><span style=\"font-weight: 400;\">\u00a0<\/span><\/p><p><span style=\"font-weight: 400;\">6.1.f).\u00a0<\/span><\/p><p><b>CLIENTS\u00a0<\/b><\/p><p><span style=\"font-weight: 400;\">Finalitat del tractament: la gesti\u00f3 de clients, el manteniment de les relacions <\/span><span style=\"font-weight: 400;\">\u00a0<\/span><span style=\"font-weight: 400;\">contractuals o comercials amb els mateixos, gestionar la contractaci\u00f3 de productes o serveis, aix\u00ed com per a la gesti\u00f3 administrativa (facturaci\u00f3, cobraments, etc\u00e8tera), <\/span><span style=\"font-weight: 400;\">\u00a0<\/span><span style=\"font-weight: 400;\"><br \/><\/span><\/p><p><span style=\"font-weight: 400;\">comptable i fiscal de l\u2019empresa i per complir les obligacions legals que tot aix\u00f2 <\/span><span style=\"font-weight: 400;\">implica.\u00a0<\/span><\/p><p><span style=\"font-weight: 400;\">Tamb\u00e9 per poder establir contacte amb les persones que presten serveis en una persona jur\u00eddica (empresa, organitzaci\u00f3, etc\u00e8tera), aix\u00ed com amb empresaris individuals i professionals liberals, per poder entaular o mantenir relacions de <\/span><span style=\"font-weight: 400;\">car\u00e0cter empresarial (<\/span><i><span style=\"font-weight: 400;\">business to business<\/span><\/i><span style=\"font-weight: 400;\">, B2B) amb ells.\u00a0<\/span><\/p><p><span style=\"font-weight: 400;\">Criteris de conservaci\u00f3 de les dades: es conserven mentre es mantinguin les relacions contractuals o comercials entre ambdues parts i no se\u2019n sol\u00b7liciti la supressi\u00f3 i, en cas que es faci, durant el temps que preveu la normativa en vigor <\/span><span style=\"font-weight: 400;\">(fiscal, mercantil, etc\u00e8tera) pel que fa a la prescripci\u00f3 de responsabilitats.\u00a0<\/span><\/p><p><span style=\"font-weight: 400;\">Legitimaci\u00f3 per al tractament de les dades: RGPD, 6.1.b) la base legal per al tractament de les dades \u00e9s l\u2019execuci\u00f3 i el manteniment de les relacions contractuals o comercials entre ambdues parts, aix\u00ed com el compliment de les obligacions legals <\/span><span style=\"font-weight: 400;\">(fiscal, mercantil, etc\u00e8tera) que tot aix\u00f2 implica.\u00a0<\/span><\/p><p><span style=\"font-weight: 400;\">El tractament de les dades de contacte de car\u00e0cter professional per a les relacions de car\u00e0cter empresarial est\u00e0 legitimat per l\u2019inter\u00e8s leg\u00edtim del responsable per poder <\/span><span style=\"font-weight: 400;\">\u00a0<\/span><\/p><p><span style=\"font-weight: 400;\">contactar, entaular o mantenir relacions de car\u00e0cter empresarial amb la persona jur\u00eddica en la qual presta els seus serveis l\u2019interessat, aix\u00ed com amb empresaris <\/span><span style=\"font-weight: 400;\">individuals i professionals liberals (RGPD, 6.1.f, i LOPDGDD, 19).\u00a0<\/span><\/p><p><b>SUBSCRIPCI\u00d3 AL BUTLLET\u00cd \/ <\/b><b><i>NEWSLETTER\u00a0<\/i><\/b><\/p><p><span style=\"font-weight: 400;\">Finalitat del tractament: gestionar l\u2019enviament de <\/span><i><span style=\"font-weight: 400;\">newsletters <\/span><\/i><span style=\"font-weight: 400;\">\/ butlletins informatius <\/span><span style=\"font-weight: 400;\">sobre el responsable del tractament, els seus productes i serveis.\u00a0<\/span><\/p><p><span style=\"font-weight: 400;\">Criteris de conservaci\u00f3 de les dades: es mantenen al sistema de forma indefinida <\/span><span style=\"font-weight: 400;\">mentre l\u2019interessat no en sol\u00b7liciti la supressi\u00f3.\u00a0<\/span><\/p><p><span style=\"font-weight: 400;\">Legitimaci\u00f3 per al tractament de les dades: RGPD, 6.1.a) la base legal per al tractament de les dades \u00e9s el consentiment facilitat per l\u2019interessat en el moment <\/span><span style=\"font-weight: 400;\">de subscriure\u2019s al butllet\u00ed \/ <\/span><i><span style=\"font-weight: 400;\">newsletter<\/span><\/i><span style=\"font-weight: 400;\">.\u00a0<\/span><\/p><p><b>ENVIAMENT DE COMUNICACIONS COMERCIALS\u00a0<\/b><\/p><p><span style=\"font-weight: 400;\">Finalitat del tractament: remetre informaci\u00f3 comercial per qualsevol mitj\u00e0, postal o electr\u00f2nic, sobre productes o serveis relacionats amb l\u2019aplicaci\u00f3 i la distribuci\u00f3 de productes per a la protecci\u00f3 passiva contra el foc i altra informaci\u00f3 del responsable<\/span> <span style=\"font-weight: 400;\">del tractament que pugui ser d\u2019inter\u00e8s per a l\u2019interessat (esdeveniments, activitats, <\/span><span style=\"font-weight: 400;\">\u00a0etc\u00e8tera).<\/span><span style=\"font-weight: 400;\"><br \/><\/span><\/p><p><span style=\"font-weight: 400;\">Criteris de conservaci\u00f3 de les dades: es mantenen al sistema de manera indefinida mentre l\u2019interessat no en sol\u00b7liciti la supressi\u00f3 i, en cas que ho faci, durant el temps <\/span><span style=\"font-weight: 400;\">que calgui pel que fa a la prescripci\u00f3 de responsabilitats.\u00a0<\/span><\/p><p><span style=\"font-weight: 400;\">Legitimaci\u00f3 per al tractament de les dades: l\u2019enviament d\u2019informaci\u00f3 comercial a clients est\u00e0 basat en l\u2019inter\u00e8s leg\u00edtim del responsable del tractament per remetre-li comunicacions comercials sobre productes o serveis similars als contractats i aconseguir aix\u00ed la seva fidelitzaci\u00f3 (article 6.1.f del RGPD). El tractament tamb\u00e9 pot <\/span><span style=\"font-weight: 400;\">\u00a0estar legitimat pel consentiment facilitat per l\u2019interessat (article 6.1.a del RGPD). <\/span><span style=\"font-weight: 400;\">Tanmateix, en qualsevol dels dos casos, l\u2019interessat t\u00e9 dret a oposar-se a aquest tractament i a retirar el consentiment, i ho pot fer per qualsevol dels mitjans que aquest document descriu. L\u2019exercici d\u2019aquests drets no afectar\u00e0 en cap cas el manteniment de les relacions comercials i els tractaments de dades efectuats amb <\/span><span style=\"font-weight: 400;\">\u00a0anterioritat al seu exercici no perden la licitud.\u00a0<\/span><\/p><p><b>PROVE\u00cfDORS\u00a0<\/b><\/p><p><span style=\"font-weight: 400;\">Finalitat del tractament: gesti\u00f3 de prove\u00efdors, manteniment de les relacions contractuals o comercials amb ells, aix\u00ed com la gesti\u00f3 administrativa (facturaci\u00f3, cobraments, etc\u00e8tera), comptable i fiscal de l\u2019empresa i per al compliment de les <\/span><span style=\"font-weight: 400;\">obligacions legals que tot aix\u00f2 implica. <\/span><span style=\"font-weight: 400;\">Tamb\u00e9 per poder establir contacte amb les persones que presten serveis en una persona jur\u00eddica (empresa, organitzaci\u00f3, etc\u00e8tera), aix\u00ed com amb empresaris <\/span><span style=\"font-weight: 400;\">\u00a0<\/span><span style=\"font-weight: 400;\">individuals i professionals liberals, per poder entaular o mantenir relacions de <\/span><span style=\"font-weight: 400;\">\u00a0car\u00e0cter empresarial (<\/span><i><span style=\"font-weight: 400;\">business to business<\/span><\/i><span style=\"font-weight: 400;\">, B2B) amb ells.\u00a0<\/span><\/p><p><span style=\"font-weight: 400;\">Criteris de conservaci\u00f3 de les dades: es conserven mentre es mantinguin les relacions contractuals o comercials entre ambdues parts i no se\u2019n sol\u00b7liciti la supressi\u00f3 i, en cas que es faci, durant el temps que preveu la normativa en vigor <\/span><span style=\"font-weight: 400;\">(fiscal, mercantil, etc\u00e8tera) pel que fa a la prescripci\u00f3 de responsabilitats.\u00a0<\/span><\/p><p><span style=\"font-weight: 400;\">Legitimaci\u00f3 per al tractament de les dades: RGPD, 6.1.b) la base legal per al tractament de les dades \u00e9s l\u2019execuci\u00f3 i el manteniment de les relacions contractuals o comercials entre ambdues parts, aix\u00ed com el compliment de les obligacions legals <\/span><span style=\"font-weight: 400;\">(fiscal, mercantil, etc\u00e8tera) que tot aix\u00f2 implica.\u00a0<\/span><\/p><p><span style=\"font-weight: 400;\">El tractament de les dades de contacte de car\u00e0cter professional per a les relacions de car\u00e0cter empresarial est\u00e0 legitimat per l\u2019inter\u00e8s leg\u00edtim del responsable per poder contactar, entaular o mantenir relacions de car\u00e0cter empresarial amb la persona jur\u00eddica en la qual presta els seus serveis l\u2019interessat, aix\u00ed com amb empresaris <\/span><span style=\"font-weight: 400;\">\u00a0<\/span><\/p><p><span style=\"font-weight: 400;\">individuals i professionals liberals (RGPD, 6.1.f, i LOPDGDD, 19).\u00a0<\/span><\/p><p><b>LLIURAMENT DEL CURR\u00cdCULUM<\/b><span style=\"font-weight: 400;\"><br \/><\/span><\/p><p><span style=\"font-weight: 400;\">Finalitat del tractament: arxivament i registre de documentaci\u00f3 i curr\u00edculums facilitats volunt\u00e0riament pels interessats per a futurs processos de selecci\u00f3 de <\/span><span style=\"font-weight: 400;\">candidats a un lloc de treball a l\u2019empresa.\u00a0<\/span><\/p><p><span style=\"font-weight: 400;\">Criteris de conservaci\u00f3 de les dades: es conserven durant un termini m\u00e0xim d\u2019un <\/span><span style=\"font-weight: 400;\">any o fins que l\u2019interessat exerceix el seu dret de supressi\u00f3.\u00a0<\/span><\/p><p><span style=\"font-weight: 400;\">En aquest sentit, un cop transcorri el termini esmentat, i si vol continuar participant en els processos de selecci\u00f3 del responsable del tractament, li preguem que ens <\/span><span style=\"font-weight: 400;\">remeti de nou el seu curr\u00edculum.\u00a0<\/span><\/p><p><span style=\"font-weight: 400;\">Legitimaci\u00f3 per al tractament de les dades: RGPD, 6.1.a) la base legal per al tractament de les dades \u00e9s el consentiment facilitat per l\u2019interessat en el moment de facilitar les seves dades per participar en processos de selecci\u00f3. En lliurar-nos o enviar-nos el curr\u00edculum, l\u2019interessat autoritza el tractament de les seves dades <\/span><span style=\"font-weight: 400;\">\u00a0mitjan\u00e7ant una clara acci\u00f3 afirmativa.\u00a0<\/span><\/p><ol start=\"4\"><li><b> COMUNICACI\u00d3 DE DADES\u00a0<\/b><\/li><\/ol><p><span style=\"font-weight: 400;\">Amb car\u00e0cter general no es comunicaran les dades personals a tercers, tret dels casos en qu\u00e8 hi hagi una obligaci\u00f3 legal o que calgui per prestar els serveis o per al manteniment i el desenvolupament de les relacions, com ara, a t\u00edtol enunciatiu, per\u00f2 no limitatiu:<\/span><span style=\"font-weight: 400;\">\u00a0<\/span><\/p><ul><li><span style=\"font-weight: 400;\">Administracions p\u00fabliques, jutges i tribunals, per al compliment de les obligacions legals, aix\u00ed com per a l\u2019atenci\u00f3 de possibles responsabilitats derivades de la normativa aplicable.<\/span><\/li><li><span style=\"font-weight: 400;\">Entitats financeres \/ banc\u00e0ries, per gestionar cobraments i pagaments.<\/span><\/li><li><span style=\"font-weight: 400;\">Prove\u00efdors de serveis de pagament, per gestionar cobraments i pagaments (Mastercard, Visa, PayPal, etc\u00e8tera).<\/span><\/li><li><span style=\"font-weight: 400;\">Empreses de transport, per al lliurament o la recollida de productes.<\/span><\/li><li><span style=\"font-weight: 400;\">Prove\u00efdors de serveis contractats pel responsable, que tindran la condici\u00f3 d\u2019encarregat del tractament.<\/span><\/li><\/ul><p><span style=\"font-weight: 400;\">Encara que no es tracta d\u2019una cessi\u00f3 de dades, per fer algun dels tractaments indicats o per prestar-li algun servei, pot ser que terceres empreses, que actuen com a encarregades del tractament (prove\u00efdors nostres), accedeixin a la seva informaci\u00f3 per dur a terme el tractament o servei esmentat. Aquests encarregats <\/span><span style=\"font-weight: 400;\">\u00a0<\/span><span style=\"font-weight: 400;\">accedeixen a les seves dades seguint les nostres instruccions i sense que les puguin utilitzar per a una finalitat diferent i han de mantenir la m\u00e9s estricta <\/span><span style=\"font-weight: 400;\">confidencialitat.\u00a0<\/span><\/p><p><b>Transfer\u00e8ncies internacionals<\/b><span style=\"font-weight: 400;\">\u00a0<\/span><span style=\"font-weight: 400;\"><br \/><\/span><\/p><p><span style=\"font-weight: 400;\">SERVICIOS Y PROTECCI\u00d3N GLOBAL DE INCENDIOS, S. L., no t\u00e9 previst de fer transfer\u00e8ncies internacionals de les seves dades a pa\u00efsos fora de l\u2019Espai Econ\u00f2mic Europeu (EEE). En aquells sup\u00f2sits en qu\u00e8 calgui, nom\u00e9s es fan a destinataris que es troben en un pa\u00eds, un territori o en un o diversos sectors espec\u00edfics d\u2019aquest pa\u00eds <\/span><span style=\"font-weight: 400;\">\u00a0<\/span><span style=\"font-weight: 400;\">o organitzaci\u00f3 internacional que hagi estat declarat de nivell de protecci\u00f3 adequat per la Comissi\u00f3 Europea; o b\u00e9 que es trobin sota l\u2019acord EU-US Data Privacy Framework, o que s\u2019emparin en alguna de les garanties adequades que preveu <\/span><span style=\"font-weight: 400;\">l\u2019article 46.2 del Reglament (UE) 2016\/679.\u00a0<\/span><\/p><ol start=\"5\"><li><b> DRETS DELS INTERESSATS\u00a0<\/b><\/li><\/ol><p><span style=\"font-weight: 400;\">Qualsevol persona t\u00e9 dret a obtenir una confirmaci\u00f3 sobre si el responsable del tractament est\u00e0 tractant dades personals que li concerneixen o no, aix\u00ed com a retirar, <\/span><span style=\"font-weight: 400;\">\u00a0<\/span><span style=\"font-weight: 400;\">en qualsevol moment, el consentiment que hagi pogut atorgar per a alguna finalitat espec\u00edfica, sense que aix\u00f2 afecti la licitud del tractament basat en el consentiment <\/span><span style=\"font-weight: 400;\">\u00a0previ a la seva retirada.\u00a0<\/span><\/p><p><span style=\"font-weight: 400;\">La normativa en mat\u00e8ria de protecci\u00f3 de dades permet que pugui exercir els seus drets d\u2019acc\u00e9s, rectificaci\u00f3, supressi\u00f3 i portabilitat de dades i d\u2019oposici\u00f3 i limitaci\u00f3 al seu tractament, aix\u00ed com a no ser objecte de decisions basades \u00fanicament en el tractament automatitzat de les seves dades, quan procedeixi.<\/span><span style=\"font-weight: 400;\">\u00a0<\/span><\/p><ul><li><span style=\"font-weight: 400;\">Aquests drets es caracteritzen pel seg\u00fcent:<\/span><\/li><\/ul><p><span style=\"font-weight: 400;\">El seu exercici \u00e9s gratu\u00eft, tret que es tracti de sol\u00b7licituds manifestament infundades o excessives (per exemple, car\u00e0cter repetitiu), cas en qu\u00e8 el responsable del tractament pot cobrar un c\u00e0non proporcional als costos <\/span><span style=\"font-weight: 400;\">\u00a0<\/span><span style=\"font-weight: 400;\">administratius suportats o negar-se a actuar.<\/span><span style=\"font-weight: 400;\">\u00a0<\/span><\/p><ul><li><span style=\"font-weight: 400;\">Pot exercir els drets directament o per mitj\u00e0 del seu representant legal o voluntari.<\/span><\/li><li><span style=\"font-weight: 400;\">Hem de respondre a la seva sol\u00b7licitud en el termini d\u2019un mes, tot i que, si es t\u00e9 en compte la complexitat i el nombre de sol\u00b7licituds, es pot prorrogar el termini en dos mesos m\u00e9s.<\/span> <span style=\"font-weight: 400;\"><br \/><\/span><span style=\"font-weight: 400;\">\u25cf <\/span><span style=\"font-weight: 400;\">Tenim l\u2019obligaci\u00f3 d\u2019informar-lo sobre els mitjans per exercir aquests drets, els quals han de ser accessibles i sense poder denegar-li l\u2019exercici del dret pel sol motiu d\u2019optar per un altre mitj\u00e0. Si la sol\u00b7licitud es presenta per mitjans electr\u00f2nics, la informaci\u00f3 s\u2019ha de facilitar per aquest canal quan sigui possible, tret que ens sol\u00b7liciti que sigui d\u2019una altra manera.<\/span><\/li><li><span style=\"font-weight: 400;\">Si el responsable del tractament no dona curs a la sol\u00b7licitud, l\u2019ha d\u2019informar, <\/span><span style=\"font-weight: 400;\">com a molt tard en un mes, de les raons de la no-actuaci\u00f3 i de la possibilitat de reclamar davant d\u2019una autoritat de control.<\/span><\/li><\/ul><p><b>Com s\u2019exerceixen aquests drets?<\/b><span style=\"font-weight: 400;\"><br \/><\/span><\/p><p><span style=\"font-weight: 400;\">Els interessats poden exercir els seus drets adre\u00e7ant una comunicaci\u00f3 per escrit a l\u2019adre\u00e7a postal o electr\u00f2nica del responsable del tractament, indicant a la refer\u00e8ncia <\/span><span style=\"font-weight: 400;\">\u00a0<\/span><span style=\"font-weight: 400;\">\u00abEXERCICI DRETS LOPD\u00bb, i incloent-hi una petici\u00f3 en qu\u00e8 es concreti la sol\u00b7licitud, <\/span><span style=\"font-weight: 400;\">l\u2019adre\u00e7a a l\u2019efecte de notificacions, la data i la signatura.\u00a0<\/span><\/p><p><span style=\"font-weight: 400;\">Si ens ho sol\u00b7licita, posarem a la seva disposici\u00f3 els formularis per poder exercir <\/span><span style=\"font-weight: 400;\">aquests drets, sempre que ens indiqui quin dret vol exercir. <\/span><span style=\"font-weight: 400;\">Aix\u00ed mateix, i especialment si considera que no ha obtingut satisfacci\u00f3 plena en <\/span><span style=\"font-weight: 400;\">\u00a0<\/span><span style=\"font-weight: 400;\">l\u2019exercici dels seus drets, l\u2019informem que pot presentar una reclamaci\u00f3 davant l\u2019Autoritat Nacional de Control adre\u00e7ant-se a aquest efecte a l\u2019Ag\u00e8ncia Espanyola <\/span><span style=\"font-weight: 400;\">de Protecci\u00f3 de Dades, al carrer Jorge Juan, 6, 28001 Madrid.\u00a0<\/span><\/p><ol start=\"6\"><li><b> XARXES SOCIALS\u00a0<\/b><\/li><\/ol><p><span style=\"font-weight: 400;\">SERVICIOS Y PROTECCI\u00d3N GLOBAL DE INCENDIOS, S. L., utilitza xarxes socials i aquesta \u00e9s una altra forma d\u2019arribar a vost\u00e8. La informaci\u00f3 que es recull a trav\u00e9s dels missatges i les comunicacions que publica pot contenir informaci\u00f3 personal que es troba disponible en l\u00ednia i accessible al p\u00fablic. Aquestes xarxes socials <\/span><span style=\"font-weight: 400;\">\u00a0<\/span><span style=\"font-weight: 400;\">compten amb unes pol\u00edtiques de privacitat pr\u00f2pies, en qu\u00e8 s\u2019explica com fan servir i comparteixen la seva informaci\u00f3, per la qual cosa li recomanem que les consulti abans de fer-ne \u00fas per confirmar que est\u00e0 d\u2019acord amb la manera com la seva <\/span><span style=\"font-weight: 400;\">informaci\u00f3 \u00e9s recollida, tractada i compartida.\u00a0<\/span><\/p><p><span style=\"font-weight: 400;\">El tractament de les dades que es fa de les persones que es facin seguidores o que facin qualsevol vincle o acci\u00f3 de connexi\u00f3 per mitj\u00e0 de les xarxes socials de les p\u00e0gines oficials del responsable del tractament es regeix per aquesta pol\u00edtica de <\/span><span style=\"font-weight: 400;\">privacitat i per les pol\u00edtiques de privacitat de les mateixes xarxes socials.\u00a0<\/span><\/p><p><span style=\"font-weight: 400;\">El responsable del tractament tracta les seves dades amb les finalitats d\u2019administrar correctament la seva pres\u00e8ncia a la xarxa social que correspongui, enviar missatges personals i individuals a trav\u00e9s dels canals de la xarxa social, informar-lo d\u2019activitats,<\/span> <span style=\"font-weight: 400;\">productes o serveis del responsable del tractament, o de tercers que puguin estar relacionats amb la nostra activitat, aix\u00ed com qualsevol altre tractament que les <\/span><span style=\"font-weight: 400;\">\u00a0normatives de les xarxes socials pugui permetre.\u00a0<\/span><\/p><ol start=\"7\"><li><b> <\/b><b><i>COOKIES\u00a0<\/i><\/b><\/li><\/ol><p><span style=\"font-weight: 400;\">Amb car\u00e0cter general, si navega per internet, vost\u00e8 pot acceptar o rebutjar les <\/span><i><span style=\"font-weight: 400;\">cookies <\/span><\/i><span style=\"font-weight: 400;\">des de les opcions de configuraci\u00f3 del seu navegador. <\/span><span style=\"font-weight: 400;\">Aquest lloc web pot utilitzar <\/span><i><span style=\"font-weight: 400;\">cookies <\/span><\/i><span style=\"font-weight: 400;\">i altres tecnologies similars, com ara <\/span><i><span style=\"font-weight: 400;\">local <\/span><\/i><i><span style=\"font-weight: 400;\">\u00a0<\/span><\/i><i><span style=\"font-weight: 400;\">shared objects<\/span><\/i><span style=\"font-weight: 400;\">, <\/span><i><span style=\"font-weight: 400;\">flash cookies <\/span><\/i><span style=\"font-weight: 400;\">o p\u00edxels, que s\u00f3n petits arxius que algunes <\/span><span style=\"font-weight: 400;\">\u00a0<\/span><span style=\"font-weight: 400;\"><br \/><\/span><\/p><p><span style=\"font-weight: 400;\">plataformes, com les p\u00e0gines web, poden instal\u00b7lar a l\u2019equip de l\u2019usuari (ordinador, <\/span><i><span style=\"font-weight: 400;\">tablet<\/span><\/i><span style=\"font-weight: 400;\">, <\/span><i><span style=\"font-weight: 400;\">smartphone<\/span><\/i><span style=\"font-weight: 400;\">, etc\u00e8tera).\u00a0<\/span><\/p><p><span style=\"font-weight: 400;\">Les seves funcions poden ser molt variades: emmagatzemar prefer\u00e8ncies de navegaci\u00f3, recopilar informaci\u00f3 estad\u00edstica, permetre certes funcionalitats t\u00e8cniques, emmagatzemar informaci\u00f3 sobre els h\u00e0bits de navegaci\u00f3 de l\u2019usuari o <\/span><span style=\"font-weight: 400;\">del seu equip, etc\u00e8tera.\u00a0<\/span><\/p><p><span style=\"font-weight: 400;\">Les <\/span><i><span style=\"font-weight: 400;\">cookies <\/span><\/i><span style=\"font-weight: 400;\">s\u00f3n \u00fatils per diversos motius. Des d\u2019un punt de vista t\u00e8cnic, permeten que les p\u00e0gines web funcionin de manera m\u00e9s \u00e0gil i adaptada a les prefer\u00e8ncies de l\u2019usuari, com per exemple emmagatzemar el seu idioma o la moneda del seu pa\u00eds, etc\u00e8tera. A m\u00e9s, ajuden els responsables del tractament dels llocs web a millorar els seus serveis i a fer m\u00e9s eficient la publicitat que s\u2019hi mostra, gr\u00e0cies a la <\/span><span style=\"font-weight: 400;\">informaci\u00f3 estad\u00edstica o d\u2019h\u00e0bits que hi recullen. <\/span><span style=\"font-weight: 400;\">Per instal\u00b7lar i utilitzar determinades <\/span><i><span style=\"font-weight: 400;\">cookies<\/span><\/i><span style=\"font-weight: 400;\">, cal obtenir el consentiment informat per part dels usuaris. Les <\/span><i><span style=\"font-weight: 400;\">cookies <\/span><\/i><span style=\"font-weight: 400;\">que requereixen el consentiment de l\u2019usuari s\u00f3n, entre d\u2019altres, les <\/span><i><span style=\"font-weight: 400;\">cookies <\/span><\/i><span style=\"font-weight: 400;\">anal\u00edtiques, publicit\u00e0ries i d\u2019afiliaci\u00f3, i en queden exceptuades les de car\u00e0cter t\u00e8cnic i les necess\u00e0ries per al funcionament del lloc <\/span><span style=\"font-weight: 400;\">web o la prestaci\u00f3 de serveis expressament sol\u00b7licitats per l\u2019usuari.\u00a0<\/span><\/p><p><span style=\"font-weight: 400;\">L\u2019usuari t\u00e9 la possibilitat de configurar el navegador per ser alertat de la recepci\u00f3 de <\/span><i><span style=\"font-weight: 400;\">cookies <\/span><\/i><span style=\"font-weight: 400;\">i per impedir-ne la instal\u00b7laci\u00f3 al seu equip. Si us plau, consulti les instruccions del seu navegador per ampliar aquesta informaci\u00f3. Per a m\u00e9s <\/span><span style=\"font-weight: 400;\">informaci\u00f3 sobre les <\/span><i><span style=\"font-weight: 400;\">cookies<\/span><\/i><span style=\"font-weight: 400;\">, consulti la nostra Pol\u00edtica de <\/span><i><span style=\"font-weight: 400;\">cookies<\/span><\/i><span style=\"font-weight: 400;\">.\u00a0<\/span><\/p><ol start=\"8\"><li><b> CAR\u00c0CTER OBLIGATORI O FACULTATIU DE LA INFORMACI\u00d3 FACILITADA PER L\u2019INTERESSAT\u00a0<\/b><\/li><\/ol><p><span style=\"font-weight: 400;\">L\u2019interessat, mitjan\u00e7ant la marcaci\u00f3 de les caselles corresponents i la introducci\u00f3 de dades als camps, indicats com a obligatoris en els diversos formularis, accepta expressament i de manera lliure i inequ\u00edvoca, que les seves dades s\u00f3n necess\u00e0ries per atendre la seva petici\u00f3 per part del responsable del tractament, i la inclusi\u00f3 <\/span><span style=\"font-weight: 400;\">d\u2019informaci\u00f3 als camps restants \u00e9s volunt\u00e0ria.\u00a0<\/span><\/p><p><span style=\"font-weight: 400;\">En cas que no es facilitin totes les dades obligat\u00f2ries, no se\u2019n podran fer els tractaments corresponents i, per tant, no es podran atendre les peticions, <\/span><span style=\"font-weight: 400;\">contractacions o sol\u00b7licituds efectuades per l\u2019interessat. <\/span><span style=\"font-weight: 400;\">L\u2019interessat garanteix que les dades personals que facilita s\u00f3n veraces i es fa <\/span><span style=\"font-weight: 400;\">responsable de comunicar qualsevol modificaci\u00f3 que en faci.<\/span><span style=\"font-weight: 400;\">\u00a0<\/span><span style=\"font-weight: 400;\"><br \/><\/span><\/p><ol start=\"9\"><li><b> MESURES DE SEGURETAT\u00a0<\/b><\/li><\/ol><p><span style=\"font-weight: 400;\">SERVICIOS Y PROTECCI\u00d3N GLOBAL DE INCENDIOS, S. L., es compromet a protegir la seva informaci\u00f3 personal emprant mesures, controls i procediments de <\/span><span style=\"font-weight: 400;\">\u00a0<\/span><span style=\"font-weight: 400;\">car\u00e0cter f\u00edsic, organitzatiu i tecnol\u00f2gic, raonablement fiables i efectius, orientats a <\/span><span style=\"font-weight: 400;\">preservar la integritat i la seguretat de les seves dades i a garantir-ne la privacitat.\u00a0<\/span><\/p><p><span style=\"font-weight: 400;\">A m\u00e9s, tot el personal amb acc\u00e9s a les dades personals ha estat format i t\u00e9 coneixement de les seves obligacions amb relaci\u00f3 als tractaments de les seves <\/span><span style=\"font-weight: 400;\">\u00a0dades personals.\u00a0<\/span><\/p><p><span style=\"font-weight: 400;\">En el cas dels contractes que subscrivim amb prove\u00efdors incloem cl\u00e0usules en qu\u00e8 se\u2019ls exigeix mantenir el deure de secret pel que fa a les dades de car\u00e0cter personal a les quals hagin tingut acc\u00e9s en virtut de l\u2019enc\u00e0rrec efectuat, aix\u00ed com implantar les mesures de seguretat t\u00e8cniques i organitzatives necess\u00e0ries per garantir la <\/span><span style=\"font-weight: 400;\">\u00a0<\/span><span style=\"font-weight: 400;\">confidencialitat, integritat, disponibilitat i resili\u00e8ncia permanents dels sistemes i els <\/span><span style=\"font-weight: 400;\">serveis de tractament de les dades personals.\u00a0<\/span><\/p><p><span style=\"font-weight: 400;\">Totes aquestes mesures de seguretat s\u00f3n revisades de manera peri\u00f2dica per <\/span><span style=\"font-weight: 400;\">garantir-ne l\u2019adequaci\u00f3 i efectivitat.\u00a0<\/span><\/p><p><span style=\"font-weight: 400;\">Tanmateix, la seguretat absoluta no es pot garantir i no existeix cap sistema de seguretat que sigui impenetrable, per la qual cosa, en cas que qualsevol informaci\u00f3 objecte de tractament i sota el nostre control es vegi compromesa com a conseq\u00fc\u00e8ncia d\u2019una bretxa de seguretat, prendrem les mesures adequades per investigar l\u2019incident, notificar-ho a l\u2019autoritat de control i, si escau, a aquells interessats que se n\u2019hagin vist afectats perqu\u00e8 prenguin les mesures adequades.<\/span><\/p>\t\t\t\t\t\t\t\t<\/div>\n\t\t\t\t\t<\/div>\n\t\t\t\t<\/div>\n\t\t\t\t<\/div>\n\t\t","protected":false},"excerpt":{"rendered":"<p>D\u2019acord amb el que disposen les normatives vigents sobre protecci\u00f3 de dades personals, li facilitem la informaci\u00f3 seg\u00fcent:\u00a0 INFORMACI\u00d3 A L\u2019INTERESSAT O USUARI\u00a0 SERVICIOS Y PROTECCI\u00d3N GLOBAL DE INCENDIOS, S. L., posa a la seva disposici\u00f3 aquesta pol\u00edtica de privacitat per informar-lo, de manera detallada, sobre com han de ser tractades les dades personals que [&hellip;]<\/p>\n","protected":false},"author":1,"featured_media":10583,"parent":0,"menu_order":0,"comment_status":"closed","ping_status":"closed","template":"","meta":{"_acf_changed":false,"footnotes":""},"class_list":["post-10713","page","type-page","status-publish","has-post-thumbnail","hentry"],"acf":[],"yoast_head":"<!-- This site is optimized with the Yoast SEO plugin v26.9 - https:\/\/yoast.com\/product\/yoast-seo-wordpress\/ -->\n<title>Pol\u00edtica de privacitat - Servypro<\/title>\n<meta name=\"description\" content=\"Detalls sobre la nostra pol\u00edtica de galetes i la configuraci\u00f3 a Servypro.\" \/>\n<meta name=\"robots\" content=\"noindex, follow\" \/>\n<meta property=\"og:locale\" content=\"ca_ES\" \/>\n<meta property=\"og:type\" content=\"article\" \/>\n<meta property=\"og:title\" content=\"Pol\u00edtica de privacitat - Servypro\" \/>\n<meta property=\"og:description\" content=\"Detalls sobre la nostra pol\u00edtica de galetes i la configuraci\u00f3 a Servypro.\" \/>\n<meta property=\"og:url\" content=\"https:\/\/servyproglobal.com\/ca\/politica-de-cookies\/\" \/>\n<meta property=\"og:site_name\" content=\"SERVYPRO\" \/>\n<meta property=\"article:modified_time\" content=\"2026-04-16T13:46:34+00:00\" \/>\n<meta property=\"og:image\" content=\"https:\/\/servyproglobal.com\/wp-content\/uploads\/2025\/02\/thumbnail.jpg\" \/>\n\t<meta property=\"og:image:width\" content=\"1920\" \/>\n\t<meta property=\"og:image:height\" content=\"1080\" \/>\n\t<meta property=\"og:image:type\" content=\"image\/jpeg\" \/>\n<meta name=\"twitter:card\" content=\"summary_large_image\" \/>\n<meta name=\"twitter:label1\" content=\"Temps estimat de lectura\" \/>\n\t<meta name=\"twitter:data1\" content=\"17 minuts\" \/>\n<script type=\"application\/ld+json\" class=\"yoast-schema-graph\">{\"@context\":\"https:\/\/schema.org\",\"@graph\":[{\"@type\":\"WebPage\",\"@id\":\"https:\/\/servyproglobal.com\/ca\/politica-de-cookies\/\",\"url\":\"https:\/\/servyproglobal.com\/ca\/politica-de-cookies\/\",\"name\":\"Pol\u00edtica de privacitat - Servypro\",\"isPartOf\":{\"@id\":\"https:\/\/servyproglobal.com\/ca\/#website\"},\"primaryImageOfPage\":{\"@id\":\"https:\/\/servyproglobal.com\/ca\/politica-de-cookies\/#primaryimage\"},\"image\":{\"@id\":\"https:\/\/servyproglobal.com\/ca\/politica-de-cookies\/#primaryimage\"},\"thumbnailUrl\":\"https:\/\/servyproglobal.com\/wp-content\/uploads\/2025\/02\/thumbnail.jpg\",\"datePublished\":\"2025-02-11T12:15:56+00:00\",\"dateModified\":\"2026-04-16T13:46:34+00:00\",\"description\":\"Detalls sobre la nostra pol\u00edtica de galetes i la configuraci\u00f3 a Servypro.\",\"breadcrumb\":{\"@id\":\"https:\/\/servyproglobal.com\/ca\/politica-de-cookies\/#breadcrumb\"},\"inLanguage\":\"ca\",\"potentialAction\":[{\"@type\":\"ReadAction\",\"target\":[\"https:\/\/servyproglobal.com\/ca\/politica-de-cookies\/\"]}]},{\"@type\":\"ImageObject\",\"inLanguage\":\"ca\",\"@id\":\"https:\/\/servyproglobal.com\/ca\/politica-de-cookies\/#primaryimage\",\"url\":\"https:\/\/servyproglobal.com\/wp-content\/uploads\/2025\/02\/thumbnail.jpg\",\"contentUrl\":\"https:\/\/servyproglobal.com\/wp-content\/uploads\/2025\/02\/thumbnail.jpg\",\"width\":1920,\"height\":1080,\"caption\":\"forjados-chapa-colaborante\"},{\"@type\":\"BreadcrumbList\",\"@id\":\"https:\/\/servyproglobal.com\/ca\/politica-de-cookies\/#breadcrumb\",\"itemListElement\":[{\"@type\":\"ListItem\",\"position\":1,\"name\":\"Portada\",\"item\":\"https:\/\/servyproglobal.com\/ca\/\"},{\"@type\":\"ListItem\",\"position\":2,\"name\":\"Pol\u00edtica de privacitat\u00a0\"}]},{\"@type\":\"WebSite\",\"@id\":\"https:\/\/servyproglobal.com\/ca\/#website\",\"url\":\"https:\/\/servyproglobal.com\/ca\/\",\"name\":\"SERVYPRO\",\"description\":\"L\u00edderes en protecci\u00f3n pasiva contra el fuego\",\"publisher\":{\"@id\":\"https:\/\/servyproglobal.com\/ca\/#organization\"},\"potentialAction\":[{\"@type\":\"SearchAction\",\"target\":{\"@type\":\"EntryPoint\",\"urlTemplate\":\"https:\/\/servyproglobal.com\/ca\/?s={search_term_string}\"},\"query-input\":{\"@type\":\"PropertyValueSpecification\",\"valueRequired\":true,\"valueName\":\"search_term_string\"}}],\"inLanguage\":\"ca\"},{\"@type\":\"Organization\",\"@id\":\"https:\/\/servyproglobal.com\/ca\/#organization\",\"name\":\"SERVYPRO\",\"url\":\"https:\/\/servyproglobal.com\/ca\/\",\"logo\":{\"@type\":\"ImageObject\",\"inLanguage\":\"ca\",\"@id\":\"https:\/\/servyproglobal.com\/ca\/#\/schema\/logo\/image\/\",\"url\":\"https:\/\/servyproglobal.com\/wp-content\/uploads\/2026\/01\/logo_dark-1.png\",\"contentUrl\":\"https:\/\/servyproglobal.com\/wp-content\/uploads\/2026\/01\/logo_dark-1.png\",\"width\":608,\"height\":108,\"caption\":\"SERVYPRO\"},\"image\":{\"@id\":\"https:\/\/servyproglobal.com\/ca\/#\/schema\/logo\/image\/\"}}]}<\/script>\n<!-- \/ Yoast SEO plugin. -->","yoast_head_json":{"title":"Pol\u00edtica de privacitat - Servypro","description":"Detalls sobre la nostra pol\u00edtica de galetes i la configuraci\u00f3 a Servypro.","robots":{"index":"noindex","follow":"follow"},"og_locale":"ca_ES","og_type":"article","og_title":"Pol\u00edtica de privacitat - Servypro","og_description":"Detalls sobre la nostra pol\u00edtica de galetes i la configuraci\u00f3 a Servypro.","og_url":"https:\/\/servyproglobal.com\/ca\/politica-de-cookies\/","og_site_name":"SERVYPRO","article_modified_time":"2026-04-16T13:46:34+00:00","og_image":[{"width":1920,"height":1080,"url":"https:\/\/servyproglobal.com\/wp-content\/uploads\/2025\/02\/thumbnail.jpg","type":"image\/jpeg"}],"twitter_card":"summary_large_image","twitter_misc":{"Temps estimat de lectura":"17 minuts"},"schema":{"@context":"https:\/\/schema.org","@graph":[{"@type":"WebPage","@id":"https:\/\/servyproglobal.com\/ca\/politica-de-cookies\/","url":"https:\/\/servyproglobal.com\/ca\/politica-de-cookies\/","name":"Pol\u00edtica de privacitat - Servypro","isPartOf":{"@id":"https:\/\/servyproglobal.com\/ca\/#website"},"primaryImageOfPage":{"@id":"https:\/\/servyproglobal.com\/ca\/politica-de-cookies\/#primaryimage"},"image":{"@id":"https:\/\/servyproglobal.com\/ca\/politica-de-cookies\/#primaryimage"},"thumbnailUrl":"https:\/\/servyproglobal.com\/wp-content\/uploads\/2025\/02\/thumbnail.jpg","datePublished":"2025-02-11T12:15:56+00:00","dateModified":"2026-04-16T13:46:34+00:00","description":"Detalls sobre la nostra pol\u00edtica de galetes i la configuraci\u00f3 a Servypro.","breadcrumb":{"@id":"https:\/\/servyproglobal.com\/ca\/politica-de-cookies\/#breadcrumb"},"inLanguage":"ca","potentialAction":[{"@type":"ReadAction","target":["https:\/\/servyproglobal.com\/ca\/politica-de-cookies\/"]}]},{"@type":"ImageObject","inLanguage":"ca","@id":"https:\/\/servyproglobal.com\/ca\/politica-de-cookies\/#primaryimage","url":"https:\/\/servyproglobal.com\/wp-content\/uploads\/2025\/02\/thumbnail.jpg","contentUrl":"https:\/\/servyproglobal.com\/wp-content\/uploads\/2025\/02\/thumbnail.jpg","width":1920,"height":1080,"caption":"forjados-chapa-colaborante"},{"@type":"BreadcrumbList","@id":"https:\/\/servyproglobal.com\/ca\/politica-de-cookies\/#breadcrumb","itemListElement":[{"@type":"ListItem","position":1,"name":"Portada","item":"https:\/\/servyproglobal.com\/ca\/"},{"@type":"ListItem","position":2,"name":"Pol\u00edtica de privacitat\u00a0"}]},{"@type":"WebSite","@id":"https:\/\/servyproglobal.com\/ca\/#website","url":"https:\/\/servyproglobal.com\/ca\/","name":"SERVYPRO","description":"L\u00edderes en protecci\u00f3n pasiva contra el fuego","publisher":{"@id":"https:\/\/servyproglobal.com\/ca\/#organization"},"potentialAction":[{"@type":"SearchAction","target":{"@type":"EntryPoint","urlTemplate":"https:\/\/servyproglobal.com\/ca\/?s={search_term_string}"},"query-input":{"@type":"PropertyValueSpecification","valueRequired":true,"valueName":"search_term_string"}}],"inLanguage":"ca"},{"@type":"Organization","@id":"https:\/\/servyproglobal.com\/ca\/#organization","name":"SERVYPRO","url":"https:\/\/servyproglobal.com\/ca\/","logo":{"@type":"ImageObject","inLanguage":"ca","@id":"https:\/\/servyproglobal.com\/ca\/#\/schema\/logo\/image\/","url":"https:\/\/servyproglobal.com\/wp-content\/uploads\/2026\/01\/logo_dark-1.png","contentUrl":"https:\/\/servyproglobal.com\/wp-content\/uploads\/2026\/01\/logo_dark-1.png","width":608,"height":108,"caption":"SERVYPRO"},"image":{"@id":"https:\/\/servyproglobal.com\/ca\/#\/schema\/logo\/image\/"}}]}},"_links":{"self":[{"href":"https:\/\/servyproglobal.com\/ca\/wp-json\/wp\/v2\/pages\/10713","targetHints":{"allow":["GET"]}}],"collection":[{"href":"https:\/\/servyproglobal.com\/ca\/wp-json\/wp\/v2\/pages"}],"about":[{"href":"https:\/\/servyproglobal.com\/ca\/wp-json\/wp\/v2\/types\/page"}],"author":[{"embeddable":true,"href":"https:\/\/servyproglobal.com\/ca\/wp-json\/wp\/v2\/users\/1"}],"replies":[{"embeddable":true,"href":"https:\/\/servyproglobal.com\/ca\/wp-json\/wp\/v2\/comments?post=10713"}],"version-history":[{"count":4,"href":"https:\/\/servyproglobal.com\/ca\/wp-json\/wp\/v2\/pages\/10713\/revisions"}],"predecessor-version":[{"id":11385,"href":"https:\/\/servyproglobal.com\/ca\/wp-json\/wp\/v2\/pages\/10713\/revisions\/11385"}],"wp:featuredmedia":[{"embeddable":true,"href":"https:\/\/servyproglobal.com\/ca\/wp-json\/wp\/v2\/media\/10583"}],"wp:attachment":[{"href":"https:\/\/servyproglobal.com\/ca\/wp-json\/wp\/v2\/media?parent=10713"}],"curies":[{"name":"wp","href":"https:\/\/api.w.org\/{rel}","templated":true}]}}