{"id":10734,"date":"2025-02-25T11:32:17","date_gmt":"2025-02-25T09:32:17","guid":{"rendered":"https:\/\/servyproglobal.com\/soluciones\/franjas-cortafuegos\/"},"modified":"2026-04-16T15:48:55","modified_gmt":"2026-04-16T13:48:55","slug":"franjas-cortafuegos","status":"publish","type":"page","link":"https:\/\/servyproglobal.com\/ca\/soluciones\/franjas-cortafuegos\/","title":{"rendered":"Franges tallafocs"},"content":{"rendered":"\t\t<div data-elementor-type=\"wp-page\" data-elementor-id=\"10734\" class=\"elementor elementor-10734 elementor-6235\" data-elementor-post-type=\"page\">\n\t\t\t\t<div class=\"elementor-element elementor-element-52f295a e-flex e-con-boxed e-con e-parent\" data-id=\"52f295a\" data-element_type=\"container\" data-e-type=\"container\" data-settings=\"{&quot;background_background&quot;:&quot;classic&quot;}\">\n\t\t\t\t\t<div class=\"e-con-inner\">\n\t\t\t\t<div class=\"elementor-element elementor-element-6ef4dfc elementor-widget elementor-widget-heading\" data-id=\"6ef4dfc\" data-element_type=\"widget\" data-e-type=\"widget\" data-widget_type=\"heading.default\">\n\t\t\t\t\t<h1 class=\"elementor-heading-title elementor-size-default\">Franges tallafocs<\/h1>\t\t\t\t<\/div>\n\t\t\t\t\t<\/div>\n\t\t\t\t<\/div>\n\t\t<div class=\"elementor-element elementor-element-e99b1d3 e-flex e-con-boxed e-con e-parent\" data-id=\"e99b1d3\" data-element_type=\"container\" data-e-type=\"container\">\n\t\t\t\t\t<div class=\"e-con-inner\">\n\t\t\t\t<div class=\"elementor-element elementor-element-50828a5 elementor-widget elementor-widget-spacer\" data-id=\"50828a5\" data-element_type=\"widget\" data-e-type=\"widget\" data-widget_type=\"spacer.default\">\n\t\t\t\t\t\t\t<div class=\"elementor-spacer\">\n\t\t\t<div class=\"elementor-spacer-inner\"><\/div>\n\t\t<\/div>\n\t\t\t\t\t\t<\/div>\n\t\t\t\t\t<\/div>\n\t\t\t\t<\/div>\n\t\t<div class=\"elementor-element elementor-element-3831644 e-flex e-con-boxed e-con e-parent\" data-id=\"3831644\" data-element_type=\"container\" data-e-type=\"container\">\n\t\t\t\t\t<div class=\"e-con-inner\">\n\t\t\t\t<div class=\"elementor-element elementor-element-39a29b9 elementor-widget elementor-widget-text-editor\" data-id=\"39a29b9\" data-element_type=\"widget\" data-e-type=\"widget\" data-widget_type=\"text-editor.default\">\n\t\t\t\t\t\t\t\t\t<p style=\"text-align: left;\">Les <strong>franges tallafocs<\/strong> s\u00f3n solucions constructives dissenyades per actuar com a barreres eficaces davant la propagaci\u00f3 horitzontal del foc en cobertes, fa\u00e7anes i entre sectors d\u2019incendi. El seu objectiu \u00e9s aturar l\u2019avan\u00e7ament de les flames, la calor i els gasos, i protegir tant l\u2019estructura de l\u2019edifici com les persones que s\u2019hi troben dins.<br \/><br \/>Aquest tipus de sistemes formen part de la protecci\u00f3 passiva contra incendis i s\u00f3n fonamentals en naus industrials, centres log\u00edstics, edificis residencials i comercials. S\u2019instal\u00b7len en punts cr\u00edtics com s\u00f3n reclaus entre cobertes, murs mitgers, separacions entre sectors d\u2019incendi o fa\u00e7anes ventilades. <\/p>\t\t\t\t\t\t\t\t<\/div>\n\t\t\t\t\t<\/div>\n\t\t\t\t<\/div>\n\t\t<div class=\"elementor-element elementor-element-c7c0d2c e-flex e-con-boxed e-con e-parent\" data-id=\"c7c0d2c\" data-element_type=\"container\" data-e-type=\"container\">\n\t\t\t\t\t<div class=\"e-con-inner\">\n\t\t\t\t<div class=\"elementor-element elementor-element-d91e703 elementor-widget elementor-widget-heading\" data-id=\"d91e703\" data-element_type=\"widget\" data-e-type=\"widget\" data-widget_type=\"heading.default\">\n\t\t\t\t\t<h2 class=\"elementor-heading-title elementor-size-default\">Franja perimetral tallafocs <\/h2>\t\t\t\t<\/div>\n\t\t\t\t\t<\/div>\n\t\t\t\t<\/div>\n\t\t<div class=\"elementor-element elementor-element-a11bedf e-con-full e-flex e-con e-parent\" data-id=\"a11bedf\" data-element_type=\"container\" data-e-type=\"container\">\n\t\t<div class=\"elementor-element elementor-element-8d97eec e-con-full qodef-sticky-column--enable qodef-sticky-column-snap-to--top qodef-sticky-column-disabled--1200 e-flex e-con e-child\" data-id=\"8d97eec\" data-element_type=\"container\" data-e-type=\"container\">\n\t\t\t\t<div class=\"elementor-element elementor-element-538549c elementor-widget elementor-widget-image\" data-id=\"538549c\" data-element_type=\"widget\" data-e-type=\"widget\" data-widget_type=\"image.default\">\n\t\t\t\t\t\t\t\t\t\t\t\t\t\t\t<img fetchpriority=\"high\" decoding=\"async\" width=\"1024\" height=\"576\" src=\"https:\/\/servyproglobal.com\/wp-content\/uploads\/2026\/01\/PORTADA-BLOG-16-1024x576.jpg\" class=\"attachment-large size-large wp-image-10726\" alt=\"franjas-cortafuegos\" srcset=\"https:\/\/servyproglobal.com\/wp-content\/uploads\/2026\/01\/PORTADA-BLOG-16-1024x576.jpg 1024w, https:\/\/servyproglobal.com\/wp-content\/uploads\/2026\/01\/PORTADA-BLOG-16-300x169.jpg 300w, https:\/\/servyproglobal.com\/wp-content\/uploads\/2026\/01\/PORTADA-BLOG-16-768x432.jpg 768w, https:\/\/servyproglobal.com\/wp-content\/uploads\/2026\/01\/PORTADA-BLOG-16.jpg 1366w\" sizes=\"(max-width: 1024px) 100vw, 1024px\" \/>\t\t\t\t\t\t\t\t\t\t\t\t\t\t\t<\/div>\n\t\t\t\t<\/div>\n\t\t<div class=\"elementor-element elementor-element-ce02231 e-con-full e-flex e-con e-child\" data-id=\"ce02231\" data-element_type=\"container\" data-e-type=\"container\">\n\t\t<div class=\"elementor-element elementor-element-7cebd26 e-con-full e-flex e-con e-child\" data-id=\"7cebd26\" data-element_type=\"container\" data-e-type=\"container\">\n\t\t<div class=\"elementor-element elementor-element-b38b5b2 e-con-full e-flex e-con e-child\" data-id=\"b38b5b2\" data-element_type=\"container\" data-e-type=\"container\">\n\t\t<div class=\"elementor-element elementor-element-ab34a55 e-con-full e-flex e-con e-child\" data-id=\"ab34a55\" data-element_type=\"container\" data-e-type=\"container\">\n\t\t\t\t<div class=\"elementor-element elementor-element-5c7cbe2 elementor-view-default elementor-widget elementor-widget-icon\" data-id=\"5c7cbe2\" data-element_type=\"widget\" data-e-type=\"widget\" data-widget_type=\"icon.default\">\n\t\t\t\t\t\t\t<div class=\"elementor-icon-wrapper\">\n\t\t\t<div class=\"elementor-icon\">\n\t\t\t<svg xmlns=\"http:\/\/www.w3.org\/2000\/svg\" id=\"OBJECTS\" viewBox=\"0 0 77 77\"><path d=\"M14,38.5C14,22.7,21.5,8.7,33.1,0H11v77h22.1c-11.5-8.7-19-22.7-19-38.5Z\" fill=\"#f16a00\"><\/path><path d=\"M44,0c11.5,8.7,19,22.7,19,38.5s-7.5,29.8-19,38.5h22.1V0h-22.1Z\" fill=\"#f16a00\"><\/path><\/svg>\t\t\t<\/div>\n\t\t<\/div>\n\t\t\t\t\t\t<\/div>\n\t\t\t\t<div class=\"elementor-element elementor-element-93a6dec elementor-widget elementor-widget-heading\" data-id=\"93a6dec\" data-element_type=\"widget\" data-e-type=\"widget\" data-widget_type=\"heading.default\">\n\t\t\t\t\t<h3 class=\"elementor-heading-title elementor-size-default\">Resist\u00e8ncia al foc \n<\/h3>\t\t\t\t<\/div>\n\t\t\t\t<\/div>\n\t\t<div class=\"elementor-element elementor-element-ee13e51 e-con-full e-flex e-con e-child\" data-id=\"ee13e51\" data-element_type=\"container\" data-e-type=\"container\">\n\t\t\t\t<div class=\"elementor-element elementor-element-8709885 elementor-widget elementor-widget-text-editor\" data-id=\"8709885\" data-element_type=\"widget\" data-e-type=\"widget\" data-widget_type=\"text-editor.default\">\n\t\t\t\t\t\t\t\t\t<p>Garanteixen entre 60 i 120 minuts de resist\u00e8ncia (EI 60 \u2013 EI 120), temps suficient per permetre l\u2019evacuaci\u00f3 i facilitar les tasques d\u2019extinci\u00f3 sense comprometre la integritat de <br \/>l\u2019edifici. <\/p>\t\t\t\t\t\t\t\t<\/div>\n\t\t\t\t<\/div>\n\t\t\t\t<\/div>\n\t\t<div class=\"elementor-element elementor-element-2532224 e-con-full e-flex e-con e-child\" data-id=\"2532224\" data-element_type=\"container\" data-e-type=\"container\">\n\t\t<div class=\"elementor-element elementor-element-0ba19b9 e-con-full e-flex e-con e-child\" data-id=\"0ba19b9\" data-element_type=\"container\" data-e-type=\"container\">\n\t\t\t\t<div class=\"elementor-element elementor-element-fbe293d elementor-widget__width-initial elementor-view-default elementor-widget elementor-widget-icon\" data-id=\"fbe293d\" data-element_type=\"widget\" data-e-type=\"widget\" data-widget_type=\"icon.default\">\n\t\t\t\t\t\t\t<div class=\"elementor-icon-wrapper\">\n\t\t\t<div class=\"elementor-icon\">\n\t\t\t<svg xmlns=\"http:\/\/www.w3.org\/2000\/svg\" id=\"OBJECTS\" viewBox=\"0 0 77 77\"><path d=\"M3.2,8v25.8c23.6,25.8,47.1-25.8,70.7,0V8c-23.6-25.8-47.1,25.8-70.7,0Z\" fill=\"#f16a00\"><\/path><path d=\"M3.2,43.2v25.8c23.6,25.8,47.1-25.8,70.7,0v-25.8c-23.6-25.8-47.1,25.8-70.7,0Z\" fill=\"#f16a00\"><\/path><\/svg>\t\t\t<\/div>\n\t\t<\/div>\n\t\t\t\t\t\t<\/div>\n\t\t\t\t<div class=\"elementor-element elementor-element-1c8c7cc elementor-widget elementor-widget-heading\" data-id=\"1c8c7cc\" data-element_type=\"widget\" data-e-type=\"widget\" data-widget_type=\"heading.default\">\n\t\t\t\t\t<h3 class=\"elementor-heading-title elementor-size-default\">A\u00efllament addicional \n<\/h3>\t\t\t\t<\/div>\n\t\t\t\t<\/div>\n\t\t<div class=\"elementor-element elementor-element-f64609b e-con-full e-flex e-con e-child\" data-id=\"f64609b\" data-element_type=\"container\" data-e-type=\"container\">\n\t\t\t\t<div class=\"elementor-element elementor-element-832e404 elementor-widget elementor-widget-text-editor\" data-id=\"832e404\" data-element_type=\"widget\" data-e-type=\"widget\" data-widget_type=\"text-editor.default\">\n\t\t\t\t\t\t\t\t\t<p><span style=\"font-weight: 400;\">A m\u00e9s de frenar la propagaci\u00f3 del foc, aporten a\u00efllament contra el fum, el soroll i\u00a0\u00a0<\/span><span style=\"font-weight: 400;\">l\u2019electricitat, cosa que millora el confort i la seguretat global de l\u2019immoble. <\/span><\/p>\t\t\t\t\t\t\t\t<\/div>\n\t\t\t\t<\/div>\n\t\t\t\t<\/div>\n\t\t\t\t<\/div>\n\t\t<div class=\"elementor-element elementor-element-df8eeda e-con-full e-flex e-con e-child\" data-id=\"df8eeda\" data-element_type=\"container\" data-e-type=\"container\">\n\t\t<div class=\"elementor-element elementor-element-5e8e17d e-con-full e-flex e-con e-child\" data-id=\"5e8e17d\" data-element_type=\"container\" data-e-type=\"container\">\n\t\t<div class=\"elementor-element elementor-element-703154c e-con-full e-flex e-con e-child\" data-id=\"703154c\" data-element_type=\"container\" data-e-type=\"container\">\n\t\t\t\t<div class=\"elementor-element elementor-element-ffaa826 elementor-view-default elementor-widget elementor-widget-icon\" data-id=\"ffaa826\" data-element_type=\"widget\" data-e-type=\"widget\" data-widget_type=\"icon.default\">\n\t\t\t\t\t\t\t<div class=\"elementor-icon-wrapper\">\n\t\t\t<div class=\"elementor-icon\">\n\t\t\t<svg xmlns=\"http:\/\/www.w3.org\/2000\/svg\" id=\"OBJECTS\" viewBox=\"0 0 77 77\"><path d=\"M65.9,47.6c-1.6-8.4-7-15.4-14.4-19.3h10.1c2.8,0,4.8-2.5,4.3-5.2C63.4,10.3,52.1.6,38.6.6S13.8,10.3,11.4,23.1c-.5,2.7,1.5,5.2,4.3,5.2h10.1c-7.3,3.9-12.8,10.9-14.4,19.3-.5,2.7,1.5,5.2,4.3,5.2h10.1c-7.3,3.9-12.8,10.9-14.4,19.3-.5,2.7,1.5,5.2,4.3,5.2h45.9c2.8,0,4.8-2.5,4.3-5.2-1.6-8.4-7-15.4-14.4-19.3h10.1c2.8,0,4.8-2.5,4.3-5.2Z\" fill=\"#f16a00\"><\/path><\/svg>\t\t\t<\/div>\n\t\t<\/div>\n\t\t\t\t\t\t<\/div>\n\t\t\t\t<div class=\"elementor-element elementor-element-297059d elementor-widget elementor-widget-heading\" data-id=\"297059d\" data-element_type=\"widget\" data-e-type=\"widget\" data-widget_type=\"heading.default\">\n\t\t\t\t\t<h3 class=\"elementor-heading-title elementor-size-default\">Disseny vers\u00e0til \n<\/h3>\t\t\t\t<\/div>\n\t\t\t\t<\/div>\n\t\t<div class=\"elementor-element elementor-element-22e6d8b e-con-full e-flex e-con e-child\" data-id=\"22e6d8b\" data-element_type=\"container\" data-e-type=\"container\">\n\t\t\t\t<div class=\"elementor-element elementor-element-c640871 elementor-widget elementor-widget-text-editor\" data-id=\"c640871\" data-element_type=\"widget\" data-e-type=\"widget\" data-widget_type=\"text-editor.default\">\n\t\t\t\t\t\t\t\t\t<p>Les nostres solucions s\u2019adapten a tota mena d\u2019estructures: forjats, cobertes, fa\u00e7anes, parets mitgeres i tancaments verticals. Es poden integrar f\u00e0cilment tant en construccions noves com en projectes de rehabilitaci\u00f3<\/p>\t\t\t\t\t\t\t\t<\/div>\n\t\t\t\t<\/div>\n\t\t\t\t<\/div>\n\t\t<div class=\"elementor-element elementor-element-c1812b9 e-con-full e-flex e-con e-child\" data-id=\"c1812b9\" data-element_type=\"container\" data-e-type=\"container\">\n\t\t<div class=\"elementor-element elementor-element-8688c16 e-con-full e-flex e-con e-child\" data-id=\"8688c16\" data-element_type=\"container\" data-e-type=\"container\">\n\t\t\t\t<div class=\"elementor-element elementor-element-0be1980 elementor-widget__width-initial elementor-view-default elementor-widget elementor-widget-icon\" data-id=\"0be1980\" data-element_type=\"widget\" data-e-type=\"widget\" data-widget_type=\"icon.default\">\n\t\t\t\t\t\t\t<div class=\"elementor-icon-wrapper\">\n\t\t\t<div class=\"elementor-icon\">\n\t\t\t<svg xmlns=\"http:\/\/www.w3.org\/2000\/svg\" id=\"OBJECTS\" viewBox=\"0 0 77 77\"><polygon points=\"9.9 .6 38.6 39 38.6 .6 9.9 .6\" fill=\"#f16a00\"><\/polygon><polygon points=\"38.6 77.4 67.3 77.4 38.6 39 38.6 39 38.6 77.4\" fill=\"#f16a00\"><\/polygon><polygon points=\"77 10.3 38.6 39 77 39 77 10.3\" fill=\"#f16a00\"><\/polygon><polygon points=\".2 67.7 38.6 39 .2 39 .2 67.7\" fill=\"#f16a00\"><\/polygon><\/svg>\t\t\t<\/div>\n\t\t<\/div>\n\t\t\t\t\t\t<\/div>\n\t\t\t\t<div class=\"elementor-element elementor-element-d90fc2d elementor-widget elementor-widget-heading\" data-id=\"d90fc2d\" data-element_type=\"widget\" data-e-type=\"widget\" data-widget_type=\"heading.default\">\n\t\t\t\t\t<h3 class=\"elementor-heading-title elementor-size-default\">Beneficis de les franges tallafocs \n<\/h3>\t\t\t\t<\/div>\n\t\t\t\t<\/div>\n\t\t<div class=\"elementor-element elementor-element-cdf3697 e-con-full e-flex e-con e-child\" data-id=\"cdf3697\" data-element_type=\"container\" data-e-type=\"container\">\n\t\t\t\t<div class=\"elementor-element elementor-element-2f1cdd3 elementor-widget elementor-widget-text-editor\" data-id=\"2f1cdd3\" data-element_type=\"widget\" data-e-type=\"widget\" data-widget_type=\"text-editor.default\">\n\t\t\t\t\t\t\t\t\t<ul><li><span style=\"font-weight: 400;\">Compliment estricte de la normativa vigent en mat\u00e8ria de seguretat contra <\/span>incendis.\u00a0<\/li><\/ul><ul><li><span style=\"font-weight: 400;\"> Complement ideal per a sistemes actius com ruixadors o extintors autom\u00e0tics.\u00a0<\/span><\/li><li><span style=\"font-weight: 400;\"> Instal\u00b7laci\u00f3 professional, amb seguiment t\u00e8cnic i control de qualitat a l\u2019obra<\/span><\/li><li><span style=\"font-weight: 400;\">\u00a0Materials certificats que asseguren rendiment i durabilitat a llarg termini. <\/span><\/li><\/ul>\t\t\t\t\t\t\t\t<\/div>\n\t\t\t\t<\/div>\n\t\t\t\t<\/div>\n\t\t\t\t<\/div>\n\t\t<div class=\"elementor-element elementor-element-79398aa e-con-full e-flex e-con e-child\" data-id=\"79398aa\" data-element_type=\"container\" data-e-type=\"container\">\n\t\t\t\t<div class=\"elementor-element elementor-element-c0b5453 elementor-align-right elementor-widget elementor-widget-button\" data-id=\"c0b5453\" data-element_type=\"widget\" data-e-type=\"widget\" data-widget_type=\"button.default\">\n\t\t\t\t\t\t\t\t\t\t<a class=\"elementor-button elementor-button-link elementor-size-sm\" href=\"https:\/\/servyproglobal.com\/ca\/contacto\/\" target=\"_blank\">\n\t\t\t\t\t\t<span class=\"elementor-button-content-wrapper\">\n\t\t\t\t\t\t<span class=\"elementor-button-icon\">\n\t\t\t\t<svg aria-hidden=\"true\" class=\"e-font-icon-svg e-fas-arrow-right\" viewBox=\"0 0 448 512\" xmlns=\"http:\/\/www.w3.org\/2000\/svg\"><path d=\"M190.5 66.9l22.2-22.2c9.4-9.4 24.6-9.4 33.9 0L441 239c9.4 9.4 9.4 24.6 0 33.9L246.6 467.3c-9.4 9.4-24.6 9.4-33.9 0l-22.2-22.2c-9.5-9.5-9.3-25 .4-34.3L311.4 296H24c-13.3 0-24-10.7-24-24v-32c0-13.3 10.7-24 24-24h287.4L190.9 101.2c-9.8-9.3-10-24.8-.4-34.3z\"><\/path><\/svg>\t\t\t<\/span>\n\t\t\t\t\t\t\t\t\t<span class=\"elementor-button-text\">Si us plau, poseu-vos en contacte amb nosaltres per a m\u00e9s informaci\u00f3.<\/span>\n\t\t\t\t\t<\/span>\n\t\t\t\t\t<\/a>\n\t\t\t\t\t\t\t\t<\/div>\n\t\t\t\t<\/div>\n\t\t\t\t<\/div>\n\t\t\t\t<\/div>\n\t\t<div class=\"elementor-element elementor-element-700b82c e-flex e-con-boxed e-con e-parent\" data-id=\"700b82c\" data-element_type=\"container\" data-e-type=\"container\">\n\t\t\t\t\t<div class=\"e-con-inner\">\n\t\t\t\t<div class=\"elementor-element elementor-element-75a06d1 elementor-widget elementor-widget-heading\" data-id=\"75a06d1\" data-element_type=\"widget\" data-e-type=\"widget\" data-widget_type=\"heading.default\">\n\t\t\t\t\t<h3 class=\"elementor-heading-title elementor-size-default\">Preguntes freq\u00fcents sobre les franges tallafocs \n<\/h3>\t\t\t\t<\/div>\n\t\t\t\t\t<\/div>\n\t\t\t\t<\/div>\n\t\t<div class=\"elementor-element elementor-element-10f7cd6 e-flex e-con-boxed e-con e-parent\" data-id=\"10f7cd6\" data-element_type=\"container\" data-e-type=\"container\">\n\t\t\t\t\t<div class=\"e-con-inner\">\n\t\t\t\t<div class=\"elementor-element elementor-element-e5dee67 elementor-widget elementor-widget-qi_addons_for_elementor_faq\" data-id=\"e5dee67\" data-element_type=\"widget\" data-e-type=\"widget\" data-widget_type=\"qi_addons_for_elementor_faq.default\">\n\t\t\t\t<div class=\"elementor-widget-container\">\n\t\t\t\t\t<div class=\"qodef-shortcode qodef-m qodef-qi-faq qodef-qi-clear qodef-closed qodef-behavior--accordion qodef-layout--simple qodef-style--border-between\">\n\t<h3 class=\"qodef-e-title-holder\">\n\t<span class=\"qodef-e-title\">\n\t\t\t\t\u00bfQu\u00e9 problemas solucionamos con las franjas cortafuegos?\t<\/span>\n\t\t<span class=\"qodef-e-mark\">\n\t\t<span class=\"qodef-icon--plus\">\n\t\t\t\t<span class=\"qodef-e-icon\">\n\t\t<svg xmlns=\"http:\/\/www.w3.org\/2000\/svg\" id=\"OBJECTS\" viewBox=\"0 0 77 77\"><polygon points=\"77 35.9 41.2 35.9 41.2 0 35.9 0 35.9 35.9 0 35.9 0 41.2 35.9 41.2 35.9 77 41.2 77 41.2 41.2 77 41.2 77 35.9\" fill=\"#f16a00\"><\/polygon><\/svg>\t<\/span>\n\t\t\t<\/span>\n\t\t<span class=\"qodef-icon--minus\">\n\t\t\t\t<span class=\"qodef-e-icon\">\n\t\t<svg xmlns=\"http:\/\/www.w3.org\/2000\/svg\" id=\"OBJECTS\" viewBox=\"0 0 77 77\"><rect x=\"35.9\" width=\"5.3\" height=\"77\" transform=\"translate(77) rotate(90)\" fill=\"#f16a00\"><\/rect><\/svg>\t<\/span>\n\t\t\t<\/span>\n\t<\/span>\n\t<\/h3>\n<div class=\"qodef-e-content\">\n\t<div class=\"qodef-e-content-inner\">\n\t\t<p>La <a href=\"https:\/\/servyproglobal.com\/ignifugaciones\/sectorizacion-de-incendios\/\" target=\"_blank\" rel=\"noopener\">sectorizaci\u00f3n de incendios<\/a> es una exigencia clave del Reglamento de Seguridad Contra Incendios en los Establecimientos Industriales (RSCIEI), pero su implementaci\u00f3n presenta desaf\u00edos que conocemos de primera mano:<\/p><p>\u2022 <strong>Riesgo de propagaci\u00f3n incontrolada<\/strong>: En naves di\u00e1fanas, un incendio localizado puede convertirse en un siniestro total en cuesti\u00f3n de minutos. Las franjas cortafuegos evitan este efecto domin\u00f3, conteniendo el fuego en el sector de origen y facilitando las labores de extinci\u00f3n.<\/p><p>\u2022 <strong>Incumplimiento del RSCIEI y el CTE<\/strong>: La normativa exige la creaci\u00f3n de sectores de incendio y la protecci\u00f3n de los encuentros entre elementos constructivos. Un dise\u00f1o o ejecuci\u00f3n deficiente puede acarrear sanciones, la paralizaci\u00f3n de la actividad o problemas con las aseguradoras.<\/p><p>\u2022 C<strong>omplejidad t\u00e9cnica en la ejecuci\u00f3n<\/strong>: La eficacia de una franja cortafuegos depende de una instalaci\u00f3n precisa en puntos cr\u00edticos (encuentros de cubierta y fachada, medianeras). La elecci\u00f3n de materiales inadecuados o una mala praxis anulan su funci\u00f3n protectora.<\/p><p>\u2022 <strong>Falta de confianza y garant\u00edas<\/strong>: Muchos propietarios y directores de proyectos se enfrentan a una falta de transparencia en los presupuestos y a una ausencia de garant\u00edas sobre la correcta certificaci\u00f3n de los trabajos, generando una gran incertidumbre.<\/p>\t<\/div>\n<\/div>\n<h3 class=\"qodef-e-title-holder\">\n\t<span class=\"qodef-e-title\">\n\t\t\t\tQuina soluci\u00f3 t\u2019oferim a Servypro? \t<\/span>\n\t\t<span class=\"qodef-e-mark\">\n\t\t<span class=\"qodef-icon--plus\">\n\t\t\t\t<span class=\"qodef-e-icon\">\n\t\t<svg xmlns=\"http:\/\/www.w3.org\/2000\/svg\" id=\"OBJECTS\" viewBox=\"0 0 77 77\"><polygon points=\"77 35.9 41.2 35.9 41.2 0 35.9 0 35.9 35.9 0 35.9 0 41.2 35.9 41.2 35.9 77 41.2 77 41.2 41.2 77 41.2 77 35.9\" fill=\"#f16a00\"><\/polygon><\/svg>\t<\/span>\n\t\t\t<\/span>\n\t\t<span class=\"qodef-icon--minus\">\n\t\t\t\t<span class=\"qodef-e-icon\">\n\t\t<svg xmlns=\"http:\/\/www.w3.org\/2000\/svg\" id=\"OBJECTS\" viewBox=\"0 0 77 77\"><rect x=\"35.9\" width=\"5.3\" height=\"77\" transform=\"translate(77) rotate(90)\" fill=\"#f16a00\"><\/rect><\/svg>\t<\/span>\n\t\t\t<\/span>\n\t<\/span>\n\t<\/h3>\n<div class=\"qodef-e-content\">\n\t<div class=\"qodef-e-content-inner\">\n\t\t<p><span style=\"font-weight: 400\">La nostra promesa \u00e9s oferir-te seguretat, agilitat i confian\u00e7a per mitj\u00e0 d\u2019un m\u00e8tode <\/span><span style=\"font-weight: 400\">de treball provat que elimina la complexitat del proc\u00e9s i garanteix un resultat final <\/span><span style=\"font-weight: 400\">impecable.<\/span><span style=\"font-weight: 400\">\u00a0<br \/><br \/><\/span><\/p><ol><li><span style=\"font-weight: 400\"> Assessorament t\u00e8cnic i proposta a mida: analitzem els pl\u00e0nols de la teva nau o <\/span>edifici i fem una visita t\u00e8cnica per identificar els punts cr\u00edtics que requereixen <span style=\"font-weight: 400\">\u00a0<\/span>sectoritzaci\u00f3. En un termini de 48-72 hores, et lliurem una proposta t\u00e8cnica detallada i un pressupost tancat, on s\u2019explica amb total claredat la soluci\u00f3 necess\u00e0ria per garantir la resist\u00e8ncia al foc requerida (EI 60, EI 120, etc\u00e8tera).<span style=\"font-weight: 400\">\u00a0<\/span><\/li><\/ol><ol><li><span style=\"font-weight: 400\"> Execuci\u00f3 especialitzada i sense interrupcions: el nostre equip propi d\u2019aplicadors <\/span>qualificats s\u2019encarrega de la instal\u00b7laci\u00f3 completa de la franja, i per aix\u00f2 utilitza els sistemes m\u00e9s adequats per al teu tipus de coberta o fa\u00e7ana (panells de llana de roca d\u2019alta densitat, morters projectats, etc\u00e8tera). Planifiquem la feina per minimitzar la interrupci\u00f3 de la teva activitat, amb un control de qualitat per fites que assegura un acabat perfecte.<span style=\"font-weight: 400\">\u00a0<\/span><\/li><\/ol><ol><li><span style=\"font-weight: 400\"> Certificaci\u00f3 oficial i tranquil\u00b7litat absoluta: un cop s\u2019acaba la instal\u00b7laci\u00f3, emetem <\/span>un certificat oficial que acredita l\u2019execuci\u00f3 correcta dels treballs i el compliment de la normativa vigent. Aquest document inclou el dossier t\u00e8cnic, les fitxes dels materials emprats i un reportatge fotogr\u00e0fic del proc\u00e9s, per donar-te una garantia total davant d\u2019inspeccions i asseguradores.<span style=\"font-weight: 400\">\u00a0<\/span><\/li><\/ol><p><span style=\"font-weight: 400\">Amb Servypro, la protecci\u00f3 del teu patrimoni deixa de ser una preocupaci\u00f3. Ens <\/span><span style=\"font-weight: 400\">convertim en el teu soci t\u00e8cnic de confian\u00e7a, ja que assegurem que la teva inversi\u00f3 <\/span><span style=\"font-weight: 400\">en seguretat sigui efica\u00e7, estigui certificada i es faci sense complicacions.<\/span><span style=\"font-weight: 400\">\u00a0<\/span><\/p>\t<\/div>\n<\/div>\n<h3 class=\"qodef-e-title-holder\">\n\t<span class=\"qodef-e-title\">\n\t\t\t\tQuins tipus de franges tallafocs existeixen? \t<\/span>\n\t\t<span class=\"qodef-e-mark\">\n\t\t<span class=\"qodef-icon--plus\">\n\t\t\t\t<span class=\"qodef-e-icon\">\n\t\t<svg xmlns=\"http:\/\/www.w3.org\/2000\/svg\" id=\"OBJECTS\" viewBox=\"0 0 77 77\"><polygon points=\"77 35.9 41.2 35.9 41.2 0 35.9 0 35.9 35.9 0 35.9 0 41.2 35.9 41.2 35.9 77 41.2 77 41.2 41.2 77 41.2 77 35.9\" fill=\"#f16a00\"><\/polygon><\/svg>\t<\/span>\n\t\t\t<\/span>\n\t\t<span class=\"qodef-icon--minus\">\n\t\t\t\t<span class=\"qodef-e-icon\">\n\t\t<svg xmlns=\"http:\/\/www.w3.org\/2000\/svg\" id=\"OBJECTS\" viewBox=\"0 0 77 77\"><rect x=\"35.9\" width=\"5.3\" height=\"77\" transform=\"translate(77) rotate(90)\" fill=\"#f16a00\"><\/rect><\/svg>\t<\/span>\n\t\t\t<\/span>\n\t<\/span>\n\t<\/h3>\n<div class=\"qodef-e-content\">\n\t<div class=\"qodef-e-content-inner\">\n\t\t<p><span style=\"font-weight: 400\">Verticals per a divisions d\u2019espai i horitzontals per a sostres i pisos.<\/span><span style=\"font-weight: 400\">\u00a0<\/span><\/p>\t<\/div>\n<\/div>\n<h3 class=\"qodef-e-title-holder\">\n\t<span class=\"qodef-e-title\">\n\t\t\t\tQuins materials s\u2019utilitzen per construir una franja tallafocs? \t<\/span>\n\t\t<span class=\"qodef-e-mark\">\n\t\t<span class=\"qodef-icon--plus\">\n\t\t\t\t<span class=\"qodef-e-icon\">\n\t\t<svg xmlns=\"http:\/\/www.w3.org\/2000\/svg\" id=\"OBJECTS\" viewBox=\"0 0 77 77\"><polygon points=\"77 35.9 41.2 35.9 41.2 0 35.9 0 35.9 35.9 0 35.9 0 41.2 35.9 41.2 35.9 77 41.2 77 41.2 41.2 77 41.2 77 35.9\" fill=\"#f16a00\"><\/polygon><\/svg>\t<\/span>\n\t\t\t<\/span>\n\t\t<span class=\"qodef-icon--minus\">\n\t\t\t\t<span class=\"qodef-e-icon\">\n\t\t<svg xmlns=\"http:\/\/www.w3.org\/2000\/svg\" id=\"OBJECTS\" viewBox=\"0 0 77 77\"><rect x=\"35.9\" width=\"5.3\" height=\"77\" transform=\"translate(77) rotate(90)\" fill=\"#f16a00\"><\/rect><\/svg>\t<\/span>\n\t\t\t<\/span>\n\t<\/span>\n\t<\/h3>\n<div class=\"qodef-e-content\">\n\t<div class=\"qodef-e-content-inner\">\n\t\t<p><span style=\"font-weight: 400\">Existeixen diversos materials i sistemes constructius per executar una franja <\/span><span style=\"font-weight: 400\">tallafocs, i l\u2019elecci\u00f3 dep\u00e8n del tipus de coberta, del nivell de resist\u00e8ncia al foc que <\/span><span style=\"font-weight: 400\">cal i de les caracter\u00edstiques espec\u00edfiques del teu projecte. A Servypro analitzem <\/span><span style=\"font-weight: 400\">cada cas de manera personalitzada per recomanar-te la soluci\u00f3 m\u00e9s efica\u00e7 i amb la <\/span><span style=\"font-weight: 400\">millor relaci\u00f3 qualitat-preu.<\/span><span style=\"font-weight: 400\">\u00a0<\/span><\/p><p><span style=\"font-weight: 400\">Els sistemes m\u00e9s habituals que utilitzem inclouen:<\/span><\/p><p><span style=\"font-weight: 400\">Projecci\u00f3 de morter ign\u00edfug amb malla Nervometal<\/span><span style=\"font-weight: 400\">\u00a0<\/span><\/p><p><span style=\"font-weight: 400\">Aquest sistema consisteix en la col\u00b7locaci\u00f3 pr\u00e8via d\u2019una malla met\u00e0l\u00b7lica <\/span><span style=\"font-weight: 400\">\u00a0<\/span><\/p><p><span style=\"font-weight: 400\">(Nervometal) que serveix com a suport estructural, sobre la qual es projecta un <\/span><span style=\"font-weight: 400\">\u00a0<\/span><\/p><p><span style=\"font-weight: 400\">morter ign\u00edfug de llana de roca o vermiculita. \u00c9s una soluci\u00f3 molt vers\u00e0til que <\/span><span style=\"font-weight: 400\">s\u2019adapta a diferents geometries i que ofereix excel\u00b7lents prestacions de resist\u00e8ncia <\/span><span style=\"font-weight: 400\">al foc. Ideal per a cobertes irregulars i reclaus complexos en qu\u00e8 et cal la m\u00e0xima <\/span><span style=\"font-weight: 400\">flexibilitat d\u2019aplicaci\u00f3.<\/span><span style=\"font-weight: 400\">\u00a0<\/span><\/p><p><span style=\"font-weight: 400\">Projecci\u00f3 de llana de roca<\/span><span style=\"font-weight: 400\">\u00a0<\/span><\/p><p><span style=\"font-weight: 400\">La llana de roca projectada directament sobre la superf\u00edcie \u00e9s una soluci\u00f3 lleugera <\/span><span style=\"font-weight: 400\">i altament a\u00efllant. S\u2019aplica mitjan\u00e7ant projecci\u00f3 humida, aix\u00ed crea una barrera <\/span><span style=\"font-weight: 400\">cont\u00ednua i efica\u00e7 contra el foc. \u00c9s ideal per a cobertes met\u00e0l\u00b7liques i forjats de xap <\/span><span style=\"font-weight: 400\">col\u00b7laborant, cosa que permet una instal\u00b7laci\u00f3 \u00e0gil i minimitza la interrupci\u00f3 en la teva <\/span><span style=\"font-weight: 400\">activitat.<\/span><span style=\"font-weight: 400\">\u00a0<\/span><\/p><p><span style=\"font-weight: 400\">Plaques de guix laminat ign\u00edfug<\/span><span style=\"font-weight: 400\">\u00a0<\/span><\/p><p><span style=\"font-weight: 400\">Les plaques de cart\u00f3 guix amb propietats ign\u00edfugues (tipus RF o EI) s\u2019instal\u00b7len per <\/span><span style=\"font-weight: 400\">\u00a0<\/span><\/p><p><span style=\"font-weight: 400\">formar una barrera r\u00edgida. Aquest sistema \u00e9s especialment adequat quan es busca <\/span><span style=\"font-weight: 400\">\u00a0<\/span><\/p><p><span style=\"font-weight: 400\">un acabat m\u00e9s est\u00e8tic o quan la franja ha de quedar visible en zones accessibles. <\/span><span style=\"font-weight: 400\">\u00a0<\/span><\/p><p><span style=\"font-weight: 400\">Ofereix un resultat net i professional, f\u00e0cil d\u2019integrar en espais comercials o d\u2019\u00fas <\/span><span style=\"font-weight: 400\">freq\u00fcent.<\/span><span style=\"font-weight: 400\">\u00a0<\/span><\/p><p><span style=\"font-weight: 400\">Panells r\u00edgids de llana de roca<\/span><span style=\"font-weight: 400\">\u00a0<\/span><\/p><p><span style=\"font-weight: 400\">Es tracta de panells prefabricats d\u2019alta densitat que es fixen mec\u00e0nicament. <\/span><span style=\"font-weight: 400\">\u00a0<\/span><\/p><p><span style=\"font-weight: 400\">Ofereixen una instal\u00b7laci\u00f3 r\u00e0pida i un acabat uniforme, amb control de qualitat <\/span><span style=\"font-weight: 400\">\u00a0<\/span><\/p><p><span style=\"font-weight: 400\">garantit des de f\u00e0brica. S\u00f3n especialment recomanables en projectes de gran <\/span><span style=\"font-weight: 400\">extensi\u00f3 on busques consist\u00e8ncia m\u00e0xima i execuci\u00f3 \u00e0gil.<\/span><span style=\"font-weight: 400\">\u00a0<\/span><\/p><p><span style=\"font-weight: 400\">Com triem el material m\u00e9s adequat per al teu projecte?<\/span><span style=\"font-weight: 400\">\u00a0<\/span><\/p><p><span style=\"font-weight: 400\">En el nostre diagn\u00f2stic t\u00e8cnic inicial (48-72 hores), analitzem:<\/span><span style=\"font-weight: 400\">\u00a0<\/span><\/p><ul><li><span style=\"font-weight: 400\"> El tipus de coberta o fa\u00e7ana existent<\/span><\/li><li><span style=\"font-weight: 400\"> La resist\u00e8ncia al foc requerida (EI 60, EI 120, etc\u00e8tera)<\/span><\/li><li><span style=\"font-weight: 400\"> El pressupost disponible<\/span><\/li><li><span style=\"font-weight: 400\"> El termini d\u2019execuci\u00f3 necessari<\/span><\/li><li><span style=\"font-weight: 400\"> L\u2019acabat desitjat i les caracter\u00edstiques de l\u2019espai<\/span><\/li><\/ul><p><span style=\"font-weight: 400\">El nostre equip d\u2019aplicadors qualificats selecciona i executa el sistema m\u00e9s adequat <\/span><span style=\"font-weight: 400\">per al teu tipus de coberta o fa\u00e7ana, i utilitzar\u00e0 materials certificats que asseguren <\/span><span style=\"font-weight: 400\">\u00a0<\/span><\/p><p><span style=\"font-weight: 400\">rendiment i durabilitat a llarg termini. Un cop s\u2019acaba la instal\u00b7laci\u00f3, emetem un <\/span><span style=\"font-weight: 400\">certificat oficial que acredita l\u2019execuci\u00f3 correcta dels treballs i el compliment de la <\/span><span style=\"font-weight: 400\">normativa vigent.<\/span><span style=\"font-weight: 400\">\u00a0<\/span><\/p><p><span style=\"font-weight: 400\">Necessites una franja tallafocs? Contacta amb nosaltres. En menys de 24 hores <\/span><span style=\"font-weight: 400\">tindr\u00e0s una resposta t\u00e8cnica clara. En 48-72 hores, et lliurem un pressupost <\/span><span style=\"font-weight: 400\">desglossat amb l\u2019opci\u00f3 recomanada i dues alternatives m\u00e9s. Sense complicacions, <\/span><span style=\"font-weight: 400\">sense sorpreses. Amb seus a Madrid i a Barcelona arribem a tot el territori nacional. <\/span><\/p>\t<\/div>\n<\/div>\n<h3 class=\"qodef-e-title-holder\">\n\t<span class=\"qodef-e-title\">\n\t\t\t\tQuina normativa regula la instal\u00b7laci\u00f3 de franges tallafocs en naus industrials? \t<\/span>\n\t\t<span class=\"qodef-e-mark\">\n\t\t<span class=\"qodef-icon--plus\">\n\t\t\t\t<span class=\"qodef-e-icon\">\n\t\t<svg xmlns=\"http:\/\/www.w3.org\/2000\/svg\" id=\"OBJECTS\" viewBox=\"0 0 77 77\"><polygon points=\"77 35.9 41.2 35.9 41.2 0 35.9 0 35.9 35.9 0 35.9 0 41.2 35.9 41.2 35.9 77 41.2 77 41.2 41.2 77 41.2 77 35.9\" fill=\"#f16a00\"><\/polygon><\/svg>\t<\/span>\n\t\t\t<\/span>\n\t\t<span class=\"qodef-icon--minus\">\n\t\t\t\t<span class=\"qodef-e-icon\">\n\t\t<svg xmlns=\"http:\/\/www.w3.org\/2000\/svg\" id=\"OBJECTS\" viewBox=\"0 0 77 77\"><rect x=\"35.9\" width=\"5.3\" height=\"77\" transform=\"translate(77) rotate(90)\" fill=\"#f16a00\"><\/rect><\/svg>\t<\/span>\n\t\t\t<\/span>\n\t<\/span>\n\t<\/h3>\n<div class=\"qodef-e-content\">\n\t<div class=\"qodef-e-content-inner\">\n\t\t<p><span style=\"font-weight: 400\">La principal normativa que regula les franges tallafocs en naus industrials \u00e9s el <\/span><span style=\"font-weight: 400\">Reglament de seguretat contra incendis als establiments industrials (RSCIEI).<\/span><span style=\"font-weight: 400\">\u00a0<\/span><\/p><p><span style=\"font-weight: 400\">Aquest Reglament estableix les condicions que han de complir les naus industrials <\/span><span style=\"font-weight: 400\">per prevenir l\u2019aparici\u00f3 d\u2019un incendi i, en cas que es produeixi, limitar-ne la <\/span><span style=\"font-weight: 400\">propagaci\u00f3. <\/span><span style=\"font-weight: 400\">\u00a0<\/span><\/p><p><span style=\"font-weight: 400\">La normativa especifica les dimensions, els materials i la resist\u00e8ncia al foc que ha <\/span><span style=\"font-weight: 400\">de tenir una franja perimetral tallafocs en funci\u00f3 del tipus de risc de l\u2019establiment.<\/span><span style=\"font-weight: 400\">\u00a0<\/span><\/p><p><span style=\"font-weight: 400\">A Servypro, fem un estudi t\u00e8cnic de la teva nau a Madrid o a Catalunya per <\/span><span style=\"font-weight: 400\">\u00a0<\/span><\/p><p><span style=\"font-weight: 400\">assegurar el compliment estricte de la normativa. <\/span><span style=\"font-weight: 400\">\u00a0<\/span><\/p>\t<\/div>\n<\/div>\n<h3 class=\"qodef-e-title-holder\">\n\t<span class=\"qodef-e-title\">\n\t\t\t\tQuina \u00e9s la difer\u00e8ncia entre una franja tallafocs i un tallafocs? \t<\/span>\n\t\t<span class=\"qodef-e-mark\">\n\t\t<span class=\"qodef-icon--plus\">\n\t\t\t\t<span class=\"qodef-e-icon\">\n\t\t<svg xmlns=\"http:\/\/www.w3.org\/2000\/svg\" id=\"OBJECTS\" viewBox=\"0 0 77 77\"><polygon points=\"77 35.9 41.2 35.9 41.2 0 35.9 0 35.9 35.9 0 35.9 0 41.2 35.9 41.2 35.9 77 41.2 77 41.2 41.2 77 41.2 77 35.9\" fill=\"#f16a00\"><\/polygon><\/svg>\t<\/span>\n\t\t\t<\/span>\n\t\t<span class=\"qodef-icon--minus\">\n\t\t\t\t<span class=\"qodef-e-icon\">\n\t\t<svg xmlns=\"http:\/\/www.w3.org\/2000\/svg\" id=\"OBJECTS\" viewBox=\"0 0 77 77\"><rect x=\"35.9\" width=\"5.3\" height=\"77\" transform=\"translate(77) rotate(90)\" fill=\"#f16a00\"><\/rect><\/svg>\t<\/span>\n\t\t\t<\/span>\n\t<\/span>\n\t<\/h3>\n<div class=\"qodef-e-content\">\n\t<div class=\"qodef-e-content-inner\">\n\t\t<p><span style=\"font-weight: 400\">Tot i que ambd\u00f3s elements tenen com a objectiu aturar l\u2019avan\u00e7 del foc, una franja <\/span><span style=\"font-weight: 400\">tallafocs \u00e9s una mesura espec\u00edfica de sectoritzaci\u00f3 que s\u2019instal\u00b7la en cobertes i <\/span><span style=\"font-weight: 400\">fa\u00e7anes per evitar la propagaci\u00f3 horitzontal de l\u2019incendi. D\u2019altra banda, el terme <\/span><span style=\"font-weight: 400\">tallafocs \u00e9s m\u00e9s gen\u00e8ric i es pot referir a qualsevol element constructiu (murs, <\/span><span style=\"font-weight: 400\">portes, sostres) que ofereixi una determinada resist\u00e8ncia al foc i que es faci servir <\/span><span style=\"font-weight: 400\">per compartimentar un edifici en sectors d\u2019incendi. Les franges tallafocs s\u00f3n, per <\/span><span style=\"font-weight: 400\">tant, un tipus de soluci\u00f3 tallafocs.<\/span><\/p>\t<\/div>\n<\/div>\n<h3 class=\"qodef-e-title-holder\">\n\t<span class=\"qodef-e-title\">\n\t\t\t\tQuin \u00e9s el gruix m\u00ednim d\u2019una franja tallafocs? \t<\/span>\n\t\t<span class=\"qodef-e-mark\">\n\t\t<span class=\"qodef-icon--plus\">\n\t\t\t\t<span class=\"qodef-e-icon\">\n\t\t<svg xmlns=\"http:\/\/www.w3.org\/2000\/svg\" id=\"OBJECTS\" viewBox=\"0 0 77 77\"><polygon points=\"77 35.9 41.2 35.9 41.2 0 35.9 0 35.9 35.9 0 35.9 0 41.2 35.9 41.2 35.9 77 41.2 77 41.2 41.2 77 41.2 77 35.9\" fill=\"#f16a00\"><\/polygon><\/svg>\t<\/span>\n\t\t\t<\/span>\n\t\t<span class=\"qodef-icon--minus\">\n\t\t\t\t<span class=\"qodef-e-icon\">\n\t\t<svg xmlns=\"http:\/\/www.w3.org\/2000\/svg\" id=\"OBJECTS\" viewBox=\"0 0 77 77\"><rect x=\"35.9\" width=\"5.3\" height=\"77\" transform=\"translate(77) rotate(90)\" fill=\"#f16a00\"><\/rect><\/svg>\t<\/span>\n\t\t\t<\/span>\n\t<\/span>\n\t<\/h3>\n<div class=\"qodef-e-content\">\n\t<div class=\"qodef-e-content-inner\">\n\t\t<p><span style=\"font-weight: 400\">El gruix d\u2019una franja tallafocs dep\u00e8n del material utilitzat i de la resist\u00e8ncia al foc <\/span><span style=\"font-weight: 400\">requerida (EI 60, EI 90, EI 120, etc\u00e8tera). No existeix un gruix \u00fanic, sin\u00f3 que es <\/span><span style=\"font-weight: 400\">calcula en funci\u00f3 de la normativa aplicable i del tipus d\u2019element que s\u2019est\u00e0 protegint. <\/span><span style=\"font-weight: 400\">\u00a0<\/span><\/p><p><span style=\"font-weight: 400\">A Servypro, fem un c\u00e0lcul t\u00e8cnic personalitzat per a cada projecte, aix\u00ed garantim que <\/span><span style=\"font-weight: 400\">el gruix \u00e9s l\u2019adequat per complir amb els requisits de resist\u00e8ncia al foc que <\/span><span style=\"font-weight: 400\">especifica el projecte.<\/span><span style=\"font-weight: 400\">\u00a0<\/span><\/p>\t<\/div>\n<\/div>\n<h3 class=\"qodef-e-title-holder\">\n\t<span class=\"qodef-e-title\">\n\t\t\t\tEs pot instal\u00b7lar una franja tallafocs en una coberta existent sense enderrocar  la? \t<\/span>\n\t\t<span class=\"qodef-e-mark\">\n\t\t<span class=\"qodef-icon--plus\">\n\t\t\t\t<span class=\"qodef-e-icon\">\n\t\t<svg xmlns=\"http:\/\/www.w3.org\/2000\/svg\" id=\"OBJECTS\" viewBox=\"0 0 77 77\"><polygon points=\"77 35.9 41.2 35.9 41.2 0 35.9 0 35.9 35.9 0 35.9 0 41.2 35.9 41.2 35.9 77 41.2 77 41.2 41.2 77 41.2 77 35.9\" fill=\"#f16a00\"><\/polygon><\/svg>\t<\/span>\n\t\t\t<\/span>\n\t\t<span class=\"qodef-icon--minus\">\n\t\t\t\t<span class=\"qodef-e-icon\">\n\t\t<svg xmlns=\"http:\/\/www.w3.org\/2000\/svg\" id=\"OBJECTS\" viewBox=\"0 0 77 77\"><rect x=\"35.9\" width=\"5.3\" height=\"77\" transform=\"translate(77) rotate(90)\" fill=\"#f16a00\"><\/rect><\/svg>\t<\/span>\n\t\t\t<\/span>\n\t<\/span>\n\t<\/h3>\n<div class=\"qodef-e-content\">\n\t<div class=\"qodef-e-content-inner\">\n\t\t<p><span style=\"font-weight: 400\">S\u00ed, les franges tallafocs es poden instal\u00b7lar en cobertes existents sense necessitat <\/span><span style=\"font-weight: 400\">d\u2019enderrocar l\u2019estructura.<\/span><\/p>\t<\/div>\n<\/div>\n<h3 class=\"qodef-e-title-holder\">\n\t<span class=\"qodef-e-title\">\n\t\t\t\tQuant temps tarda a instal\u00b7lar-se una franja tallafocs? \t<\/span>\n\t\t<span class=\"qodef-e-mark\">\n\t\t<span class=\"qodef-icon--plus\">\n\t\t\t\t<span class=\"qodef-e-icon\">\n\t\t<svg xmlns=\"http:\/\/www.w3.org\/2000\/svg\" id=\"OBJECTS\" viewBox=\"0 0 77 77\"><polygon points=\"77 35.9 41.2 35.9 41.2 0 35.9 0 35.9 35.9 0 35.9 0 41.2 35.9 41.2 35.9 77 41.2 77 41.2 41.2 77 41.2 77 35.9\" fill=\"#f16a00\"><\/polygon><\/svg>\t<\/span>\n\t\t\t<\/span>\n\t\t<span class=\"qodef-icon--minus\">\n\t\t\t\t<span class=\"qodef-e-icon\">\n\t\t<svg xmlns=\"http:\/\/www.w3.org\/2000\/svg\" id=\"OBJECTS\" viewBox=\"0 0 77 77\"><rect x=\"35.9\" width=\"5.3\" height=\"77\" transform=\"translate(77) rotate(90)\" fill=\"#f16a00\"><\/rect><\/svg>\t<\/span>\n\t\t\t<\/span>\n\t<\/span>\n\t<\/h3>\n<div class=\"qodef-e-content\">\n\t<div class=\"qodef-e-content-inner\">\n\t\t<p><span style=\"font-weight: 400\">El temps d\u2019instal\u00b7laci\u00f3 dep\u00e8n de l\u2019extensi\u00f3 de la coberta o fa\u00e7ana, del material que <\/span><span style=\"font-weight: 400\">\u00a0<\/span><\/p><p><span style=\"font-weight: 400\">s\u2019ha d\u2019utilitzar i de les condicions d\u2019acc\u00e9s. Generalment, una franja tallafocs de mida <\/span><span style=\"font-weight: 400\">mitjana es pot instal\u00b7lar en dos a cinc dies. A Servypro, proporcionem un <\/span><span style=\"font-weight: 400\">cronograma detallat al pressupost que et permet planificar l\u2019execuci\u00f3 sense <\/span><span style=\"font-weight: 400\">sorpreses.<\/span><\/p>\t<\/div>\n<\/div>\n<\/div>\n\t<script type=\"application\/ld+json\">{\"@context\":\"https:\\\/\\\/schema.org\",\"@type\":\"FAQPage\",\"mainEntity\":[{\"@type\":\"Question\",\"name\":\"\\u00bfQu\\u00e9 problemas solucionamos con las franjas cortafuegos?\",\"acceptedAnswer\":{\"@type\":\"Answer\",\"text\":\"<p>La <a href=\\\"https:\\\/\\\/servyproglobal.com\\\/ignifugaciones\\\/sectorizacion-de-incendios\\\/\\\" target=\\\"_blank\\\" rel=\\\"noopener\\\">sectorizaci\\u00f3n de incendios<\\\/a> es una exigencia clave del Reglamento de Seguridad Contra Incendios en los Establecimientos Industriales (RSCIEI), pero su implementaci\\u00f3n presenta desaf\\u00edos que conocemos de primera mano:<\\\/p><p>\\u2022 <strong>Riesgo de propagaci\\u00f3n incontrolada<\\\/strong>: En naves di\\u00e1fanas, un incendio localizado puede convertirse en un siniestro total en cuesti\\u00f3n de minutos. Las franjas cortafuegos evitan este efecto domin\\u00f3, conteniendo el fuego en el sector de origen y facilitando las labores de extinci\\u00f3n.<\\\/p><p>\\u2022 <strong>Incumplimiento del RSCIEI y el CTE<\\\/strong>: La normativa exige la creaci\\u00f3n de sectores de incendio y la protecci\\u00f3n de los encuentros entre elementos constructivos. Un dise\\u00f1o o ejecuci\\u00f3n deficiente puede acarrear sanciones, la paralizaci\\u00f3n de la actividad o problemas con las aseguradoras.<\\\/p><p>\\u2022 C<strong>omplejidad t\\u00e9cnica en la ejecuci\\u00f3n<\\\/strong>: La eficacia de una franja cortafuegos depende de una instalaci\\u00f3n precisa en puntos cr\\u00edticos (encuentros de cubierta y fachada, medianeras). La elecci\\u00f3n de materiales inadecuados o una mala praxis anulan su funci\\u00f3n protectora.<\\\/p><p>\\u2022 <strong>Falta de confianza y garant\\u00edas<\\\/strong>: Muchos propietarios y directores de proyectos se enfrentan a una falta de transparencia en los presupuestos y a una ausencia de garant\\u00edas sobre la correcta certificaci\\u00f3n de los trabajos, generando una gran incertidumbre.<\\\/p>\"}},{\"@type\":\"Question\",\"name\":\"Quina soluci\\u00f3 t\\u2019oferim a Servypro? \",\"acceptedAnswer\":{\"@type\":\"Answer\",\"text\":\"<p><span style=\\\"font-weight: 400\\\">La nostra promesa \\u00e9s oferir-te seguretat, agilitat i confian\\u00e7a per mitj\\u00e0 d\\u2019un m\\u00e8tode <\\\/span><span style=\\\"font-weight: 400\\\">de treball provat que elimina la complexitat del proc\\u00e9s i garanteix un resultat final <\\\/span><span style=\\\"font-weight: 400\\\">impecable.<\\\/span><span style=\\\"font-weight: 400\\\">\\u00a0<br \\\/><br \\\/><\\\/span><\\\/p><ol><li><span style=\\\"font-weight: 400\\\"> Assessorament t\\u00e8cnic i proposta a mida: analitzem els pl\\u00e0nols de la teva nau o <\\\/span>edifici i fem una visita t\\u00e8cnica per identificar els punts cr\\u00edtics que requereixen <span style=\\\"font-weight: 400\\\">\\u00a0<\\\/span>sectoritzaci\\u00f3. En un termini de 48-72 hores, et lliurem una proposta t\\u00e8cnica detallada i un pressupost tancat, on s\\u2019explica amb total claredat la soluci\\u00f3 necess\\u00e0ria per garantir la resist\\u00e8ncia al foc requerida (EI 60, EI 120, etc\\u00e8tera).<span style=\\\"font-weight: 400\\\">\\u00a0<\\\/span><\\\/li><\\\/ol><ol><li><span style=\\\"font-weight: 400\\\"> Execuci\\u00f3 especialitzada i sense interrupcions: el nostre equip propi d\\u2019aplicadors <\\\/span>qualificats s\\u2019encarrega de la instal\\u00b7laci\\u00f3 completa de la franja, i per aix\\u00f2 utilitza els sistemes m\\u00e9s adequats per al teu tipus de coberta o fa\\u00e7ana (panells de llana de roca d\\u2019alta densitat, morters projectats, etc\\u00e8tera). Planifiquem la feina per minimitzar la interrupci\\u00f3 de la teva activitat, amb un control de qualitat per fites que assegura un acabat perfecte.<span style=\\\"font-weight: 400\\\">\\u00a0<\\\/span><\\\/li><\\\/ol><ol><li><span style=\\\"font-weight: 400\\\"> Certificaci\\u00f3 oficial i tranquil\\u00b7litat absoluta: un cop s\\u2019acaba la instal\\u00b7laci\\u00f3, emetem <\\\/span>un certificat oficial que acredita l\\u2019execuci\\u00f3 correcta dels treballs i el compliment de la normativa vigent. Aquest document inclou el dossier t\\u00e8cnic, les fitxes dels materials emprats i un reportatge fotogr\\u00e0fic del proc\\u00e9s, per donar-te una garantia total davant d\\u2019inspeccions i asseguradores.<span style=\\\"font-weight: 400\\\">\\u00a0<\\\/span><\\\/li><\\\/ol><p><span style=\\\"font-weight: 400\\\">Amb Servypro, la protecci\\u00f3 del teu patrimoni deixa de ser una preocupaci\\u00f3. Ens <\\\/span><span style=\\\"font-weight: 400\\\">convertim en el teu soci t\\u00e8cnic de confian\\u00e7a, ja que assegurem que la teva inversi\\u00f3 <\\\/span><span style=\\\"font-weight: 400\\\">en seguretat sigui efica\\u00e7, estigui certificada i es faci sense complicacions.<\\\/span><span style=\\\"font-weight: 400\\\">\\u00a0<\\\/span><\\\/p>\"}},{\"@type\":\"Question\",\"name\":\"Quins tipus de franges tallafocs existeixen? \",\"acceptedAnswer\":{\"@type\":\"Answer\",\"text\":\"<p><span style=\\\"font-weight: 400\\\">Verticals per a divisions d\\u2019espai i horitzontals per a sostres i pisos.<\\\/span><span style=\\\"font-weight: 400\\\">\\u00a0<\\\/span><\\\/p>\"}},{\"@type\":\"Question\",\"name\":\"Quins materials s\\u2019utilitzen per construir una franja tallafocs? \",\"acceptedAnswer\":{\"@type\":\"Answer\",\"text\":\"<p><span style=\\\"font-weight: 400\\\">Existeixen diversos materials i sistemes constructius per executar una franja <\\\/span><span style=\\\"font-weight: 400\\\">tallafocs, i l\\u2019elecci\\u00f3 dep\\u00e8n del tipus de coberta, del nivell de resist\\u00e8ncia al foc que <\\\/span><span style=\\\"font-weight: 400\\\">cal i de les caracter\\u00edstiques espec\\u00edfiques del teu projecte. A Servypro analitzem <\\\/span><span style=\\\"font-weight: 400\\\">cada cas de manera personalitzada per recomanar-te la soluci\\u00f3 m\\u00e9s efica\\u00e7 i amb la <\\\/span><span style=\\\"font-weight: 400\\\">millor relaci\\u00f3 qualitat-preu.<\\\/span><span style=\\\"font-weight: 400\\\">\\u00a0<\\\/span><\\\/p><p><span style=\\\"font-weight: 400\\\">Els sistemes m\\u00e9s habituals que utilitzem inclouen:<\\\/span><\\\/p><p><span style=\\\"font-weight: 400\\\">Projecci\\u00f3 de morter ign\\u00edfug amb malla Nervometal<\\\/span><span style=\\\"font-weight: 400\\\">\\u00a0<\\\/span><\\\/p><p><span style=\\\"font-weight: 400\\\">Aquest sistema consisteix en la col\\u00b7locaci\\u00f3 pr\\u00e8via d\\u2019una malla met\\u00e0l\\u00b7lica <\\\/span><span style=\\\"font-weight: 400\\\">\\u00a0<\\\/span><\\\/p><p><span style=\\\"font-weight: 400\\\">(Nervometal) que serveix com a suport estructural, sobre la qual es projecta un <\\\/span><span style=\\\"font-weight: 400\\\">\\u00a0<\\\/span><\\\/p><p><span style=\\\"font-weight: 400\\\">morter ign\\u00edfug de llana de roca o vermiculita. \\u00c9s una soluci\\u00f3 molt vers\\u00e0til que <\\\/span><span style=\\\"font-weight: 400\\\">s\\u2019adapta a diferents geometries i que ofereix excel\\u00b7lents prestacions de resist\\u00e8ncia <\\\/span><span style=\\\"font-weight: 400\\\">al foc. Ideal per a cobertes irregulars i reclaus complexos en qu\\u00e8 et cal la m\\u00e0xima <\\\/span><span style=\\\"font-weight: 400\\\">flexibilitat d\\u2019aplicaci\\u00f3.<\\\/span><span style=\\\"font-weight: 400\\\">\\u00a0<\\\/span><\\\/p><p><span style=\\\"font-weight: 400\\\">Projecci\\u00f3 de llana de roca<\\\/span><span style=\\\"font-weight: 400\\\">\\u00a0<\\\/span><\\\/p><p><span style=\\\"font-weight: 400\\\">La llana de roca projectada directament sobre la superf\\u00edcie \\u00e9s una soluci\\u00f3 lleugera <\\\/span><span style=\\\"font-weight: 400\\\">i altament a\\u00efllant. S\\u2019aplica mitjan\\u00e7ant projecci\\u00f3 humida, aix\\u00ed crea una barrera <\\\/span><span style=\\\"font-weight: 400\\\">cont\\u00ednua i efica\\u00e7 contra el foc. \\u00c9s ideal per a cobertes met\\u00e0l\\u00b7liques i forjats de xap <\\\/span><span style=\\\"font-weight: 400\\\">col\\u00b7laborant, cosa que permet una instal\\u00b7laci\\u00f3 \\u00e0gil i minimitza la interrupci\\u00f3 en la teva <\\\/span><span style=\\\"font-weight: 400\\\">activitat.<\\\/span><span style=\\\"font-weight: 400\\\">\\u00a0<\\\/span><\\\/p><p><span style=\\\"font-weight: 400\\\">Plaques de guix laminat ign\\u00edfug<\\\/span><span style=\\\"font-weight: 400\\\">\\u00a0<\\\/span><\\\/p><p><span style=\\\"font-weight: 400\\\">Les plaques de cart\\u00f3 guix amb propietats ign\\u00edfugues (tipus RF o EI) s\\u2019instal\\u00b7len per <\\\/span><span style=\\\"font-weight: 400\\\">\\u00a0<\\\/span><\\\/p><p><span style=\\\"font-weight: 400\\\">formar una barrera r\\u00edgida. Aquest sistema \\u00e9s especialment adequat quan es busca <\\\/span><span style=\\\"font-weight: 400\\\">\\u00a0<\\\/span><\\\/p><p><span style=\\\"font-weight: 400\\\">un acabat m\\u00e9s est\\u00e8tic o quan la franja ha de quedar visible en zones accessibles. <\\\/span><span style=\\\"font-weight: 400\\\">\\u00a0<\\\/span><\\\/p><p><span style=\\\"font-weight: 400\\\">Ofereix un resultat net i professional, f\\u00e0cil d\\u2019integrar en espais comercials o d\\u2019\\u00fas <\\\/span><span style=\\\"font-weight: 400\\\">freq\\u00fcent.<\\\/span><span style=\\\"font-weight: 400\\\">\\u00a0<\\\/span><\\\/p><p><span style=\\\"font-weight: 400\\\">Panells r\\u00edgids de llana de roca<\\\/span><span style=\\\"font-weight: 400\\\">\\u00a0<\\\/span><\\\/p><p><span style=\\\"font-weight: 400\\\">Es tracta de panells prefabricats d\\u2019alta densitat que es fixen mec\\u00e0nicament. <\\\/span><span style=\\\"font-weight: 400\\\">\\u00a0<\\\/span><\\\/p><p><span style=\\\"font-weight: 400\\\">Ofereixen una instal\\u00b7laci\\u00f3 r\\u00e0pida i un acabat uniforme, amb control de qualitat <\\\/span><span style=\\\"font-weight: 400\\\">\\u00a0<\\\/span><\\\/p><p><span style=\\\"font-weight: 400\\\">garantit des de f\\u00e0brica. S\\u00f3n especialment recomanables en projectes de gran <\\\/span><span style=\\\"font-weight: 400\\\">extensi\\u00f3 on busques consist\\u00e8ncia m\\u00e0xima i execuci\\u00f3 \\u00e0gil.<\\\/span><span style=\\\"font-weight: 400\\\">\\u00a0<\\\/span><\\\/p><p><span style=\\\"font-weight: 400\\\">Com triem el material m\\u00e9s adequat per al teu projecte?<\\\/span><span style=\\\"font-weight: 400\\\">\\u00a0<\\\/span><\\\/p><p><span style=\\\"font-weight: 400\\\">En el nostre diagn\\u00f2stic t\\u00e8cnic inicial (48-72 hores), analitzem:<\\\/span><span style=\\\"font-weight: 400\\\">\\u00a0<\\\/span><\\\/p><ul><li><span style=\\\"font-weight: 400\\\"> El tipus de coberta o fa\\u00e7ana existent<\\\/span><\\\/li><li><span style=\\\"font-weight: 400\\\"> La resist\\u00e8ncia al foc requerida (EI 60, EI 120, etc\\u00e8tera)<\\\/span><\\\/li><li><span style=\\\"font-weight: 400\\\"> El pressupost disponible<\\\/span><\\\/li><li><span style=\\\"font-weight: 400\\\"> El termini d\\u2019execuci\\u00f3 necessari<\\\/span><\\\/li><li><span style=\\\"font-weight: 400\\\"> L\\u2019acabat desitjat i les caracter\\u00edstiques de l\\u2019espai<\\\/span><\\\/li><\\\/ul><p><span style=\\\"font-weight: 400\\\">El nostre equip d\\u2019aplicadors qualificats selecciona i executa el sistema m\\u00e9s adequat <\\\/span><span style=\\\"font-weight: 400\\\">per al teu tipus de coberta o fa\\u00e7ana, i utilitzar\\u00e0 materials certificats que asseguren <\\\/span><span style=\\\"font-weight: 400\\\">\\u00a0<\\\/span><\\\/p><p><span style=\\\"font-weight: 400\\\">rendiment i durabilitat a llarg termini. Un cop s\\u2019acaba la instal\\u00b7laci\\u00f3, emetem un <\\\/span><span style=\\\"font-weight: 400\\\">certificat oficial que acredita l\\u2019execuci\\u00f3 correcta dels treballs i el compliment de la <\\\/span><span style=\\\"font-weight: 400\\\">normativa vigent.<\\\/span><span style=\\\"font-weight: 400\\\">\\u00a0<\\\/span><\\\/p><p><span style=\\\"font-weight: 400\\\">Necessites una franja tallafocs? Contacta amb nosaltres. En menys de 24 hores <\\\/span><span style=\\\"font-weight: 400\\\">tindr\\u00e0s una resposta t\\u00e8cnica clara. En 48-72 hores, et lliurem un pressupost <\\\/span><span style=\\\"font-weight: 400\\\">desglossat amb l\\u2019opci\\u00f3 recomanada i dues alternatives m\\u00e9s. Sense complicacions, <\\\/span><span style=\\\"font-weight: 400\\\">sense sorpreses. Amb seus a Madrid i a Barcelona arribem a tot el territori nacional. <\\\/span><\\\/p>\"}},{\"@type\":\"Question\",\"name\":\"Quina normativa regula la instal\\u00b7laci\\u00f3 de franges tallafocs en naus industrials? \",\"acceptedAnswer\":{\"@type\":\"Answer\",\"text\":\"<p><span style=\\\"font-weight: 400\\\">La principal normativa que regula les franges tallafocs en naus industrials \\u00e9s el <\\\/span><span style=\\\"font-weight: 400\\\">Reglament de seguretat contra incendis als establiments industrials (RSCIEI).<\\\/span><span style=\\\"font-weight: 400\\\">\\u00a0<\\\/span><\\\/p><p><span style=\\\"font-weight: 400\\\">Aquest Reglament estableix les condicions que han de complir les naus industrials <\\\/span><span style=\\\"font-weight: 400\\\">per prevenir l\\u2019aparici\\u00f3 d\\u2019un incendi i, en cas que es produeixi, limitar-ne la <\\\/span><span style=\\\"font-weight: 400\\\">propagaci\\u00f3. <\\\/span><span style=\\\"font-weight: 400\\\">\\u00a0<\\\/span><\\\/p><p><span style=\\\"font-weight: 400\\\">La normativa especifica les dimensions, els materials i la resist\\u00e8ncia al foc que ha <\\\/span><span style=\\\"font-weight: 400\\\">de tenir una franja perimetral tallafocs en funci\\u00f3 del tipus de risc de l\\u2019establiment.<\\\/span><span style=\\\"font-weight: 400\\\">\\u00a0<\\\/span><\\\/p><p><span style=\\\"font-weight: 400\\\">A Servypro, fem un estudi t\\u00e8cnic de la teva nau a Madrid o a Catalunya per <\\\/span><span style=\\\"font-weight: 400\\\">\\u00a0<\\\/span><\\\/p><p><span style=\\\"font-weight: 400\\\">assegurar el compliment estricte de la normativa. <\\\/span><span style=\\\"font-weight: 400\\\">\\u00a0<\\\/span><\\\/p>\"}},{\"@type\":\"Question\",\"name\":\"Quina \\u00e9s la difer\\u00e8ncia entre una franja tallafocs i un tallafocs? \",\"acceptedAnswer\":{\"@type\":\"Answer\",\"text\":\"<p><span style=\\\"font-weight: 400\\\">Tot i que ambd\\u00f3s elements tenen com a objectiu aturar l\\u2019avan\\u00e7 del foc, una franja <\\\/span><span style=\\\"font-weight: 400\\\">tallafocs \\u00e9s una mesura espec\\u00edfica de sectoritzaci\\u00f3 que s\\u2019instal\\u00b7la en cobertes i <\\\/span><span style=\\\"font-weight: 400\\\">fa\\u00e7anes per evitar la propagaci\\u00f3 horitzontal de l\\u2019incendi. D\\u2019altra banda, el terme <\\\/span><span style=\\\"font-weight: 400\\\">tallafocs \\u00e9s m\\u00e9s gen\\u00e8ric i es pot referir a qualsevol element constructiu (murs, <\\\/span><span style=\\\"font-weight: 400\\\">portes, sostres) que ofereixi una determinada resist\\u00e8ncia al foc i que es faci servir <\\\/span><span style=\\\"font-weight: 400\\\">per compartimentar un edifici en sectors d\\u2019incendi. Les franges tallafocs s\\u00f3n, per <\\\/span><span style=\\\"font-weight: 400\\\">tant, un tipus de soluci\\u00f3 tallafocs.<\\\/span><\\\/p>\"}},{\"@type\":\"Question\",\"name\":\"Quin \\u00e9s el gruix m\\u00ednim d\\u2019una franja tallafocs? \",\"acceptedAnswer\":{\"@type\":\"Answer\",\"text\":\"<p><span style=\\\"font-weight: 400\\\">El gruix d\\u2019una franja tallafocs dep\\u00e8n del material utilitzat i de la resist\\u00e8ncia al foc <\\\/span><span style=\\\"font-weight: 400\\\">requerida (EI 60, EI 90, EI 120, etc\\u00e8tera). No existeix un gruix \\u00fanic, sin\\u00f3 que es <\\\/span><span style=\\\"font-weight: 400\\\">calcula en funci\\u00f3 de la normativa aplicable i del tipus d\\u2019element que s\\u2019est\\u00e0 protegint. <\\\/span><span style=\\\"font-weight: 400\\\">\\u00a0<\\\/span><\\\/p><p><span style=\\\"font-weight: 400\\\">A Servypro, fem un c\\u00e0lcul t\\u00e8cnic personalitzat per a cada projecte, aix\\u00ed garantim que <\\\/span><span style=\\\"font-weight: 400\\\">el gruix \\u00e9s l\\u2019adequat per complir amb els requisits de resist\\u00e8ncia al foc que <\\\/span><span style=\\\"font-weight: 400\\\">especifica el projecte.<\\\/span><span style=\\\"font-weight: 400\\\">\\u00a0<\\\/span><\\\/p>\"}},{\"@type\":\"Question\",\"name\":\"Es pot instal\\u00b7lar una franja tallafocs en una coberta existent sense enderrocar  la? \",\"acceptedAnswer\":{\"@type\":\"Answer\",\"text\":\"<p><span style=\\\"font-weight: 400\\\">S\\u00ed, les franges tallafocs es poden instal\\u00b7lar en cobertes existents sense necessitat <\\\/span><span style=\\\"font-weight: 400\\\">d\\u2019enderrocar l\\u2019estructura.<\\\/span><\\\/p>\"}},{\"@type\":\"Question\",\"name\":\"Quant temps tarda a instal\\u00b7lar-se una franja tallafocs? \",\"acceptedAnswer\":{\"@type\":\"Answer\",\"text\":\"<p><span style=\\\"font-weight: 400\\\">El temps d\\u2019instal\\u00b7laci\\u00f3 dep\\u00e8n de l\\u2019extensi\\u00f3 de la coberta o fa\\u00e7ana, del material que <\\\/span><span style=\\\"font-weight: 400\\\">\\u00a0<\\\/span><\\\/p><p><span style=\\\"font-weight: 400\\\">s\\u2019ha d\\u2019utilitzar i de les condicions d\\u2019acc\\u00e9s. Generalment, una franja tallafocs de mida <\\\/span><span style=\\\"font-weight: 400\\\">mitjana es pot instal\\u00b7lar en dos a cinc dies. A Servypro, proporcionem un <\\\/span><span style=\\\"font-weight: 400\\\">cronograma detallat al pressupost que et permet planificar l\\u2019execuci\\u00f3 sense <\\\/span><span style=\\\"font-weight: 400\\\">sorpreses.<\\\/span><\\\/p>\"}}]}<\/script>\n\t\t\t\t<\/div>\n\t\t\t\t<\/div>\n\t\t\t\t\t<\/div>\n\t\t\t\t<\/div>\n\t\t<div class=\"elementor-element elementor-element-40e769c e-flex e-con-boxed e-con e-parent\" data-id=\"40e769c\" data-element_type=\"container\" data-e-type=\"container\">\n\t\t\t\t\t<div class=\"e-con-inner\">\n\t\t<div class=\"elementor-element elementor-element-32aba47 qodef-elementor-content-grid e-flex e-con-boxed e-con e-child\" data-id=\"32aba47\" data-element_type=\"container\" data-e-type=\"container\">\n\t\t\t\t\t<div class=\"e-con-inner\">\n\t\t<div class=\"elementor-element elementor-element-f7f3a91 e-con-full e-flex e-con e-child\" data-id=\"f7f3a91\" data-element_type=\"container\" data-e-type=\"container\">\n\t\t\t\t<div class=\"elementor-element elementor-element-a42a9cc elementor-widget elementor-widget-freightexpress_core_section_title\" data-id=\"a42a9cc\" data-element_type=\"widget\" data-e-type=\"widget\" data-widget_type=\"freightexpress_core_section_title.default\">\n\t\t\t\t<div class=\"elementor-widget-container\">\n\t\t\t\t\t<div class=\"qodef-shortcode qodef-m  qodef-section-title qodef-alignment--left  \">\n    \t\t<h2 class=\"qodef-m-title\" >\n\t\t\tContacteu amb Servypro\t<\/h2>\n\t    <p class=\"qodef-m-description\" > Busqueu una barrera contra incendis efica\u00e7 per a teulades o fa\u00e7anes? Envieu-nos les dades del vostre edifici i us proporcionarem un pressupost a mida de les vostres necessitats.<\/p>\n    <\/div>\n\t\t\t\t<\/div>\n\t\t\t\t<\/div>\n\t\t<div class=\"elementor-element elementor-element-3af524d e-con-full e-flex e-con e-child\" data-id=\"3af524d\" data-element_type=\"container\" data-e-type=\"container\">\n\t\t\t\t<div class=\"elementor-element elementor-element-ad65046 elementor-widget elementor-widget-text-editor\" data-id=\"ad65046\" data-element_type=\"widget\" data-e-type=\"widget\" data-widget_type=\"text-editor.default\">\n\t\t\t\t\t\t\t\t\t<div id=\"block-26\" class=\"widget widget_block\" data-area=\"qodef-footer-top-area-column-2\"><h6 class=\"qodef-widget-title\">Delegaci\u00f3n Madrid<\/h6><p><a target=\"_blank\" rel=\"noreferrer noopener\">C\/ Babilonia 33-3\u00baB<br \/>28042, Madrid<\/a><\/p><p>t. <a href=\"tel:+34670427845\" target=\"_blank\" rel=\"noreferrer noopener\">+34 670 427 845<\/a><\/p><p>\u00a0<\/p><\/div>\t\t\t\t\t\t\t\t<\/div>\n\t\t\t\t<div class=\"elementor-element elementor-element-5e22d59 elementor-widget elementor-widget-text-editor\" data-id=\"5e22d59\" data-element_type=\"widget\" data-e-type=\"widget\" data-widget_type=\"text-editor.default\">\n\t\t\t\t\t\t\t\t\t<div id=\"block-26\" class=\"widget widget_block\" data-area=\"qodef-footer-top-area-column-2\"><div id=\"block-26\" class=\"widget widget_block\" data-area=\"qodef-footer-top-area-column-2\"><div id=\"block-31\" class=\"widget widget_block\" data-area=\"qodef-footer-top-area-column-2\"><h6 class=\"qodef-widget-title\">Delegaci\u00f3n Catalu\u00f1a<\/h6><p><a target=\"_blank\" rel=\"noreferrer noopener\">Carrer del Mol\u00ed d&#8217;en Planas 8 <br \/>Pol\u00edgono Santiga, Nave Industrial n\u00ba2 <br \/>08210, Barber\u00e0 del Vall\u00e8s (Barcelona)<\/a><\/p><p>t. <a href=\"tel:+34666304347\" target=\"_blank\" rel=\"noreferrer noopener\">+34 666 304 347<\/a><\/p><p>\u00a0<\/p><\/div><\/div><\/div>\t\t\t\t\t\t\t\t<\/div>\n\t\t\t\t<\/div>\n\t\t<div class=\"elementor-element elementor-element-6a036f3 e-con-full e-flex e-con e-child\" data-id=\"6a036f3\" data-element_type=\"container\" data-e-type=\"container\">\n\t\t\t\t<div class=\"elementor-element elementor-element-3ea85e1 elementor-icon-list--layout-inline elementor-list-item-link-full_width elementor-widget elementor-widget-icon-list\" data-id=\"3ea85e1\" data-element_type=\"widget\" data-e-type=\"widget\" data-widget_type=\"icon-list.default\">\n\t\t\t\t\t\t\t<ul class=\"elementor-icon-list-items elementor-inline-items\">\n\t\t\t\t\t\t\t<li class=\"elementor-icon-list-item elementor-inline-item\">\n\t\t\t\t\t\t\t\t\t\t\t<a href=\"https:\/\/servyproglobal.com\/ca\/ignifugaciones\/\">\n\n\t\t\t\t\t\t\t\t\t\t\t<span class=\"elementor-icon-list-text\">Ignifugaciones<\/span>\n\t\t\t\t\t\t\t\t\t\t\t<\/a>\n\t\t\t\t\t\t\t\t\t<\/li>\n\t\t\t\t\t\t\t\t<li class=\"elementor-icon-list-item elementor-inline-item\">\n\t\t\t\t\t\t\t\t\t\t\t<a href=\"https:\/\/servyproglobal.com\/ca\/soluciones\/\">\n\n\t\t\t\t\t\t\t\t\t\t\t<span class=\"elementor-icon-list-text\">Soluciones<\/span>\n\t\t\t\t\t\t\t\t\t\t\t<\/a>\n\t\t\t\t\t\t\t\t\t<\/li>\n\t\t\t\t\t\t\t\t<li class=\"elementor-icon-list-item elementor-inline-item\">\n\t\t\t\t\t\t\t\t\t\t\t<a href=\"https:\/\/servyproglobal.com\/ca\/proyectos-de-exito\/\">\n\n\t\t\t\t\t\t\t\t\t\t\t<span class=\"elementor-icon-list-text\">Proyectos de \u00e9xito<\/span>\n\t\t\t\t\t\t\t\t\t\t\t<\/a>\n\t\t\t\t\t\t\t\t\t<\/li>\n\t\t\t\t\t\t<\/ul>\n\t\t\t\t\t\t<\/div>\n\t\t\t\t<\/div>\n\t\t\t\t<\/div>\n\t\t<div class=\"elementor-element elementor-element-5aaab61 e-con-full e-flex e-con e-child\" data-id=\"5aaab61\" data-element_type=\"container\" data-e-type=\"container\">\n\t\t\t\t<div class=\"elementor-element elementor-element-3fc158b elementor-button-align-start elementor-widget elementor-widget-form\" data-id=\"3fc158b\" data-element_type=\"widget\" data-e-type=\"widget\" data-settings=\"{&quot;button_width&quot;:&quot;20&quot;,&quot;step_next_label&quot;:&quot;Next&quot;,&quot;step_previous_label&quot;:&quot;Previous&quot;,&quot;step_icon_shape&quot;:&quot;square&quot;,&quot;step_type&quot;:&quot;number_text&quot;}\" data-widget_type=\"form.default\">\n\t\t\t\t\t\t\t<form class=\"elementor-form\" method=\"post\" name=\"New Form\" aria-label=\"New Form\" novalidate=\"\">\r\n\t\t\t<input type=\"hidden\" name=\"post_id\" value=\"10734\"\/>\r\n\t\t\t<input type=\"hidden\" name=\"form_id\" value=\"3fc158b\"\/>\r\n\t\t\t<input type=\"hidden\" name=\"referer_title\" value=\"Franges tallafocs - SERVYPRO\" \/>\r\n\r\n\t\t\t\t\t\t\t<input type=\"hidden\" name=\"queried_id\" value=\"10734\"\/>\r\n\t\t\t\r\n\t\t\t<div class=\"elementor-form-fields-wrapper elementor-labels-\">\r\n\t\t\t\t\t\t\t\t<div class=\"elementor-field-type-text elementor-field-group elementor-column elementor-field-group-name elementor-col-100 elementor-field-required\">\r\n\t\t\t\t\t\t\t\t\t\t\t\t<label for=\"form-field-name\" class=\"elementor-field-label elementor-screen-only\">\r\n\t\t\t\t\t\t\t\tNombre\t\t\t\t\t\t\t<\/label>\r\n\t\t\t\t\t\t\t\t\t\t\t\t\t\t<input size=\"1\" type=\"text\" name=\"form_fields[name]\" id=\"form-field-name\" class=\"elementor-field elementor-size-xl  elementor-field-textual\" placeholder=\"Nombre\" required=\"required\">\r\n\t\t\t\t\t\t\t\t\t\t\t<\/div>\r\n\t\t\t\t\t\t\t\t<div class=\"elementor-field-type-email elementor-field-group elementor-column elementor-field-group-email elementor-col-100 elementor-field-required\">\r\n\t\t\t\t\t\t\t\t\t\t\t\t<label for=\"form-field-email\" class=\"elementor-field-label elementor-screen-only\">\r\n\t\t\t\t\t\t\t\tEmail\t\t\t\t\t\t\t<\/label>\r\n\t\t\t\t\t\t\t\t\t\t\t\t\t\t<input size=\"1\" type=\"email\" name=\"form_fields[email]\" id=\"form-field-email\" class=\"elementor-field elementor-size-xl  elementor-field-textual\" placeholder=\"Correo\" required=\"required\">\r\n\t\t\t\t\t\t\t\t\t\t\t<\/div>\r\n\t\t\t\t\t\t\t\t<div class=\"elementor-field-type-tel elementor-field-group elementor-column elementor-field-group-field_eb73952 elementor-col-100\">\r\n\t\t\t\t\t\t\t\t\t\t\t\t<label for=\"form-field-field_eb73952\" class=\"elementor-field-label elementor-screen-only\">\r\n\t\t\t\t\t\t\t\tTel\u00e9fono\t\t\t\t\t\t\t<\/label>\r\n\t\t\t\t\t\t\t\t<input size=\"1\" type=\"tel\" name=\"form_fields[field_eb73952]\" id=\"form-field-field_eb73952\" class=\"elementor-field elementor-size-xl  elementor-field-textual\" placeholder=\"Tel\u00e9fono\" pattern=\"[0-9()#&amp;+*-=.]+\" title=\"Only numbers and phone characters (#, -, *, etc) are accepted.\">\r\n\r\n\t\t\t\t\t\t<\/div>\r\n\t\t\t\t\t\t\t\t<div class=\"elementor-field-type-textarea elementor-field-group elementor-column elementor-field-group-field_1eaf591 elementor-col-100 elementor-field-required\">\r\n\t\t\t\t\t\t\t\t\t\t\t\t<label for=\"form-field-field_1eaf591\" class=\"elementor-field-label elementor-screen-only\">\r\n\t\t\t\t\t\t\t\tMensaje\t\t\t\t\t\t\t<\/label>\r\n\t\t\t\t\t\t<textarea class=\"elementor-field-textual elementor-field  elementor-size-xl\" name=\"form_fields[field_1eaf591]\" id=\"form-field-field_1eaf591\" rows=\"5\" placeholder=\"Escriba aqu\u00ed su mensaje...\" required=\"required\"><\/textarea>\t\t\t\t<\/div>\r\n\t\t\t\t\t\t\t\t<div class=\"elementor-field-type-recaptcha_v3 elementor-field-group elementor-column elementor-field-group-field_91d6a83 elementor-col-100 recaptcha_v3-bottomright\">\r\n\t\t\t\t\t<div class=\"elementor-field\" id=\"form-field-field_91d6a83\"><div class=\"elementor-g-recaptcha\" data-sitekey=\"6LdYv44rAAAAAFYT_VNaiSNZFklDwG-H7G8DmGXk\" data-type=\"v3\" data-action=\"Form\" data-badge=\"bottomright\" data-size=\"invisible\"><\/div><\/div>\t\t\t\t<\/div>\r\n\t\t\t\t\t\t\t\t<div class=\"elementor-field-type-acceptance elementor-field-group elementor-column elementor-field-group-field_574d1ec elementor-col-100 elementor-field-required\">\r\n\t\t\t\t\t\t\t\t\t\t\t\t<label for=\"form-field-field_574d1ec\" class=\"elementor-field-label elementor-screen-only\">\r\n\t\t\t\t\t\t\t\tAceptaci\u00f3n\t\t\t\t\t\t\t<\/label>\r\n\t\t\t\t\t\t\t\t<div class=\"elementor-field-subgroup\">\r\n\t\t\t<span class=\"elementor-field-option\">\r\n\t\t\t\t<input type=\"checkbox\" name=\"form_fields[field_574d1ec]\" id=\"form-field-field_574d1ec\" class=\"elementor-field elementor-size-xl  elementor-acceptance-field\" required=\"required\">\r\n\t\t\t\t<label for=\"form-field-field_574d1ec\">Acepto <a href=\"https:\/\/servyproglobal.com\/aviso-legal\">Aviso Legal<\/a> y <a href=\"https:\/\/servyproglobal.com\/politica-de-privacidad\">Pol\u00edtica de Privacidad<\/a><\/label>\t\t\t<\/span>\r\n\t\t<\/div>\r\n\t\t\t\t\t\t<\/div>\r\n\t\t\t\t\t\t\t\t<div class=\"elementor-field-group elementor-column elementor-field-type-submit elementor-col-20 e-form__buttons\">\r\n\t\t\t\t\t<button class=\"elementor-button elementor-size-lg\" type=\"submit\">\r\n\t\t\t\t\t\t<span class=\"elementor-button-content-wrapper\">\r\n\t\t\t\t\t\t\t\t\t\t\t\t\t\t\t<span class=\"elementor-button-icon\">\r\n\t\t\t\t\t\t\t\t\t<svg aria-hidden=\"true\" class=\"e-font-icon-svg e-fas-arrow-right\" viewBox=\"0 0 448 512\" xmlns=\"http:\/\/www.w3.org\/2000\/svg\"><path d=\"M190.5 66.9l22.2-22.2c9.4-9.4 24.6-9.4 33.9 0L441 239c9.4 9.4 9.4 24.6 0 33.9L246.6 467.3c-9.4 9.4-24.6 9.4-33.9 0l-22.2-22.2c-9.5-9.5-9.3-25 .4-34.3L311.4 296H24c-13.3 0-24-10.7-24-24v-32c0-13.3 10.7-24 24-24h287.4L190.9 101.2c-9.8-9.3-10-24.8-.4-34.3z\"><\/path><\/svg>\t\t\t\t\t\t\t\t\t\t\t\t\t\t\t\t\t<\/span>\r\n\t\t\t\t\t\t\t\t\t\t\t\t\t\t\t\t\t\t\t\t\t\t<span class=\"elementor-button-text\">Enviar<\/span>\r\n\t\t\t\t\t\t\t\t\t\t\t\t\t<\/span>\r\n\t\t\t\t\t<\/button>\r\n\t\t\t\t<\/div>\r\n\t\t\t<\/div>\r\n\t\t<\/form>\r\n\t\t\t\t\t\t<\/div>\n\t\t\t\t<\/div>\n\t\t\t\t\t<\/div>\n\t\t\t\t<\/div>\n\t\t\t\t\t<\/div>\n\t\t\t\t<\/div>\n\t\t<div class=\"elementor-element elementor-element-7af70dd e-flex e-con-boxed e-con e-parent\" data-id=\"7af70dd\" data-element_type=\"container\" data-e-type=\"container\">\n\t\t\t\t\t<div class=\"e-con-inner\">\n\t\t\t\t<div class=\"elementor-element elementor-element-be86ca0 elementor-widget elementor-widget-heading\" data-id=\"be86ca0\" data-element_type=\"widget\" data-e-type=\"widget\" data-widget_type=\"heading.default\">\n\t\t\t\t\t<h4 class=\"elementor-heading-title elementor-size-default\">\u00daltimas Noticias<\/h4>\t\t\t\t<\/div>\n\t\t\t\t\t<\/div>\n\t\t\t\t<\/div>\n\t\t<div class=\"elementor-element elementor-element-6f1d6a0 e-flex e-con-boxed e-con e-parent\" data-id=\"6f1d6a0\" data-element_type=\"container\" data-e-type=\"container\">\n\t\t\t\t\t<div class=\"e-con-inner\">\n\t\t\t\t<div class=\"elementor-element elementor-element-8e61383 elementor-widget elementor-widget-qi_addons_for_elementor_blog_list\" data-id=\"8e61383\" data-element_type=\"widget\" data-e-type=\"widget\" data-widget_type=\"qi_addons_for_elementor_blog_list.default\">\n\t\t\t\t<div class=\"elementor-widget-container\">\n\t\t\t\t\t<div class=\"qodef-shortcode qodef-m qodef-addons-blog-list qodef-info-no-icons qodef-image--hover-zoom qodef-qi-grid qodef-layout--qi-masonry qodef-col-num--3 qodef-item-layout--boxed qodef-responsive--predefined\" >\n\t<div class=\"qodef-grid-inner\">\n\t\t\t<div class=\"qodef-qi-grid-masonry-sizer\"><\/div>\n<article class=\"qodef-e qodef-blog-item qodef-grid-item post-10910 post type-post status-publish format-standard has-post-thumbnail hentry category-sin-categorizar\">\n\t<div class=\"qodef-e-inner\">\n\t\t<div class=\"qodef-e-media-holder\">\n\t\t\t<div class=\"qodef-e-media\">\n\t\t<div class=\"qodef-e-media-image\">\n\t\t<a itemprop=\"url\" href=\"https:\/\/servyproglobal.com\/ca\/mantenimiento-de-sistemas-pci-contra-incendio-guia-de-proteccion-pasiva\/\">\n\t\t\t<img decoding=\"async\" width=\"2560\" height=\"1391\" src=\"https:\/\/servyproglobal.com\/wp-content\/uploads\/2026\/02\/mantenimiento-de-sistemas-pci.jpg\" class=\"attachment- size-\" alt=\"\" srcset=\"https:\/\/servyproglobal.com\/wp-content\/uploads\/2026\/02\/mantenimiento-de-sistemas-pci.jpg 2560w, https:\/\/servyproglobal.com\/wp-content\/uploads\/2026\/02\/mantenimiento-de-sistemas-pci-300x163.jpg 300w, https:\/\/servyproglobal.com\/wp-content\/uploads\/2026\/02\/mantenimiento-de-sistemas-pci-1024x556.jpg 1024w, https:\/\/servyproglobal.com\/wp-content\/uploads\/2026\/02\/mantenimiento-de-sistemas-pci-768x417.jpg 768w, https:\/\/servyproglobal.com\/wp-content\/uploads\/2026\/02\/mantenimiento-de-sistemas-pci-1536x835.jpg 1536w, https:\/\/servyproglobal.com\/wp-content\/uploads\/2026\/02\/mantenimiento-de-sistemas-pci-2048x1113.jpg 2048w\" sizes=\"(max-width: 2560px) 100vw, 2560px\" \/>\t\t<\/a>\n\t\t\t<\/div>\n<\/div>\n<div itemprop=\"dateCreated\" class=\"qodef-e-info-item qodef-e-info-date entry-date \">\n\t<a itemprop=\"url\" href=\"https:\/\/servyproglobal.com\/ca\/2026\/02\/\">\n\t\t22 febr.\t<\/a>\n<\/div>\n\t\t<\/div>\n\t\t<div class=\"qodef-e-content\">\n\t\t\t\t\t\t\t<div class=\"qodef-e-info qodef-info--top\">\n\t\t\t\t\t<div class=\"qodef-e-info-item qodef-e-info-category\">\n\t\t<a href=\"https:\/\/servyproglobal.com\/ca\/category\/sin-categorizar\/\" rel=\"category tag\">Sin categorizar<\/a><\/div>\n\t\t\t\t<\/div>\n\t\t\t\t\t\t<div class=\"qodef-e-text\">\n\t\t\t\t<h5 itemprop=\"name\" class=\"qodef-e-title entry-title\">\n\t<a itemprop=\"url\" class=\"qodef-e-title-link\" href=\"https:\/\/servyproglobal.com\/ca\/mantenimiento-de-sistemas-pci-contra-incendio-guia-de-proteccion-pasiva\/\">\n\t\tMantenimiento de sistemas PCI contra incendio: gu\u00eda de protecci\u00f3n pasiva\t<\/a>\n<\/h5>\n\t\t<p itemprop=\"description\" class=\"qodef-e-excerpt\">\n\t\t\tSi tienes una nave, un local o un edificio en uso, hay una realidad inc\u00f3moda: el mantenimiento de sistemas PCI contra incendio no es algo que se haga una vez y ya quede perfecto p\t\t<\/p>\n\t\t\t\t<\/div>\n\t\t\t\t\t\t\t<div class=\"qodef-e-info qodef-info--bottom\">\n\t\t\t\t\t\t<div class=\"qodef-e-read-more\">\n\t\t<a class=\"qodef-shortcode qodef-m qodef-qi-button qodef-html--link qodef-layout--filled qodef-type--standard qodef-icon--right qodef-hover--icon-move-horizontal-short\" href=\"https:\/\/servyproglobal.com\/ca\/mantenimiento-de-sistemas-pci-contra-incendio-guia-de-proteccion-pasiva\/\" target=\"_self\">\t<span class=\"qodef-m-text\">Leer m\u00e1s<\/span>\t<\/a>\t<\/div>\n\t\t\t\t<\/div>\n\t\t\t\t\t<\/div>\n\t<\/div>\n<\/article>\n<article class=\"qodef-e qodef-blog-item qodef-grid-item post-10906 post type-post status-publish format-standard has-post-thumbnail hentry category-servyproglobal\">\n\t<div class=\"qodef-e-inner\">\n\t\t<div class=\"qodef-e-media-holder\">\n\t\t\t<div class=\"qodef-e-media\">\n\t\t<div class=\"qodef-e-media-image\">\n\t\t<a itemprop=\"url\" href=\"https:\/\/servyproglobal.com\/ca\/diferencias-entre-la-reaccion-al-fuego-y-la-resistencia-al-fuego-de-elementos-constructivos\/\">\n\t\t\t<img decoding=\"async\" width=\"2560\" height=\"1391\" src=\"https:\/\/servyproglobal.com\/wp-content\/uploads\/2026\/02\/resistencia-al-fuego-cte.jpg\" class=\"attachment- size-\" alt=\"resistencia-al-fuego-cte\" srcset=\"https:\/\/servyproglobal.com\/wp-content\/uploads\/2026\/02\/resistencia-al-fuego-cte.jpg 2560w, https:\/\/servyproglobal.com\/wp-content\/uploads\/2026\/02\/resistencia-al-fuego-cte-300x163.jpg 300w, https:\/\/servyproglobal.com\/wp-content\/uploads\/2026\/02\/resistencia-al-fuego-cte-1024x556.jpg 1024w, https:\/\/servyproglobal.com\/wp-content\/uploads\/2026\/02\/resistencia-al-fuego-cte-768x417.jpg 768w, https:\/\/servyproglobal.com\/wp-content\/uploads\/2026\/02\/resistencia-al-fuego-cte-1536x835.jpg 1536w, https:\/\/servyproglobal.com\/wp-content\/uploads\/2026\/02\/resistencia-al-fuego-cte-2048x1113.jpg 2048w\" sizes=\"(max-width: 2560px) 100vw, 2560px\" \/>\t\t<\/a>\n\t\t\t<\/div>\n<\/div>\n<div itemprop=\"dateCreated\" class=\"qodef-e-info-item qodef-e-info-date entry-date \">\n\t<a itemprop=\"url\" href=\"https:\/\/servyproglobal.com\/ca\/2026\/02\/\">\n\t\t12 febr.\t<\/a>\n<\/div>\n\t\t<\/div>\n\t\t<div class=\"qodef-e-content\">\n\t\t\t\t\t\t\t<div class=\"qodef-e-info qodef-info--top\">\n\t\t\t\t\t<div class=\"qodef-e-info-item qodef-e-info-category\">\n\t\t<a href=\"https:\/\/servyproglobal.com\/ca\/category\/servyproglobal\/\" rel=\"category tag\">Servyproglobal<\/a><\/div>\n\t\t\t\t<\/div>\n\t\t\t\t\t\t<div class=\"qodef-e-text\">\n\t\t\t\t<h5 itemprop=\"name\" class=\"qodef-e-title entry-title\">\n\t<a itemprop=\"url\" class=\"qodef-e-title-link\" href=\"https:\/\/servyproglobal.com\/ca\/diferencias-entre-la-reaccion-al-fuego-y-la-resistencia-al-fuego-de-elementos-constructivos\/\">\n\t\tDiferencias entre la reacci\u00f3n al fuego y la resistencia al fuego de elementos constructivos\t<\/a>\n<\/h5>\n\t\t<p itemprop=\"description\" class=\"qodef-e-excerpt\">\n\t\t\tSi dise\u00f1as o gestionas obras en Espa\u00f1a, tarde o temprano te enfrentas a dos conceptos que parecen sin\u00f3nimos, pero no lo son: reacci\u00f3n al fuego y resistencia al fuego de element\t\t<\/p>\n\t\t\t\t<\/div>\n\t\t\t\t\t\t\t<div class=\"qodef-e-info qodef-info--bottom\">\n\t\t\t\t\t\t<div class=\"qodef-e-read-more\">\n\t\t<a class=\"qodef-shortcode qodef-m qodef-qi-button qodef-html--link qodef-layout--filled qodef-type--standard qodef-icon--right qodef-hover--icon-move-horizontal-short\" href=\"https:\/\/servyproglobal.com\/ca\/diferencias-entre-la-reaccion-al-fuego-y-la-resistencia-al-fuego-de-elementos-constructivos\/\" target=\"_self\">\t<span class=\"qodef-m-text\">Leer m\u00e1s<\/span>\t<\/a>\t<\/div>\n\t\t\t\t<\/div>\n\t\t\t\t\t<\/div>\n\t<\/div>\n<\/article>\n<article class=\"qodef-e qodef-blog-item qodef-grid-item post-10900 post type-post status-publish format-standard has-post-thumbnail hentry category-materiales-ignifugos\">\n\t<div class=\"qodef-e-inner\">\n\t\t<div class=\"qodef-e-media-holder\">\n\t\t\t<div class=\"qodef-e-media\">\n\t\t<div class=\"qodef-e-media-image\">\n\t\t<a itemprop=\"url\" href=\"https:\/\/servyproglobal.com\/ca\/resistencia-al-fuego-de-forjados-colaborantes\/\">\n\t\t\t<img loading=\"lazy\" decoding=\"async\" width=\"2560\" height=\"1391\" src=\"https:\/\/servyproglobal.com\/wp-content\/uploads\/2026\/02\/resistencia-al-fuego-de-forjados-2.jpg\" class=\"attachment- size-\" alt=\"resistencia-al-fuego-de-forjados\" srcset=\"https:\/\/servyproglobal.com\/wp-content\/uploads\/2026\/02\/resistencia-al-fuego-de-forjados-2.jpg 2560w, https:\/\/servyproglobal.com\/wp-content\/uploads\/2026\/02\/resistencia-al-fuego-de-forjados-2-300x163.jpg 300w, https:\/\/servyproglobal.com\/wp-content\/uploads\/2026\/02\/resistencia-al-fuego-de-forjados-2-1024x556.jpg 1024w, https:\/\/servyproglobal.com\/wp-content\/uploads\/2026\/02\/resistencia-al-fuego-de-forjados-2-768x417.jpg 768w, https:\/\/servyproglobal.com\/wp-content\/uploads\/2026\/02\/resistencia-al-fuego-de-forjados-2-1536x835.jpg 1536w, https:\/\/servyproglobal.com\/wp-content\/uploads\/2026\/02\/resistencia-al-fuego-de-forjados-2-2048x1113.jpg 2048w\" sizes=\"(max-width: 2560px) 100vw, 2560px\" \/>\t\t<\/a>\n\t\t\t<\/div>\n<\/div>\n<div itemprop=\"dateCreated\" class=\"qodef-e-info-item qodef-e-info-date entry-date \">\n\t<a itemprop=\"url\" href=\"https:\/\/servyproglobal.com\/ca\/2026\/02\/\">\n\t\t8 febr.\t<\/a>\n<\/div>\n\t\t<\/div>\n\t\t<div class=\"qodef-e-content\">\n\t\t\t\t\t\t\t<div class=\"qodef-e-info qodef-info--top\">\n\t\t\t\t\t<div class=\"qodef-e-info-item qodef-e-info-category\">\n\t\t<a href=\"https:\/\/servyproglobal.com\/ca\/category\/materiales-ignifugos\/\" rel=\"category tag\">Materiales ign\u00edfugos<\/a><\/div>\n\t\t\t\t<\/div>\n\t\t\t\t\t\t<div class=\"qodef-e-text\">\n\t\t\t\t<h5 itemprop=\"name\" class=\"qodef-e-title entry-title\">\n\t<a itemprop=\"url\" class=\"qodef-e-title-link\" href=\"https:\/\/servyproglobal.com\/ca\/resistencia-al-fuego-de-forjados-colaborantes\/\">\n\t\tResistencia al fuego de forjados colaborantes\t<\/a>\n<\/h5>\n\t\t<p itemprop=\"description\" class=\"qodef-e-excerpt\">\n\t\t\tLa resistencia al fuego de forjados colaborantes es el punto cr\u00edtico en muchas naves industriales: sin protecci\u00f3n, los ensayos sit\u00faan su aguante real en torno a media hora, por\t\t<\/p>\n\t\t\t\t<\/div>\n\t\t\t\t\t\t\t<div class=\"qodef-e-info qodef-info--bottom\">\n\t\t\t\t\t\t<div class=\"qodef-e-read-more\">\n\t\t<a class=\"qodef-shortcode qodef-m qodef-qi-button qodef-html--link qodef-layout--filled qodef-type--standard qodef-icon--right qodef-hover--icon-move-horizontal-short\" href=\"https:\/\/servyproglobal.com\/ca\/resistencia-al-fuego-de-forjados-colaborantes\/\" target=\"_self\">\t<span class=\"qodef-m-text\">Leer m\u00e1s<\/span>\t<\/a>\t<\/div>\n\t\t\t\t<\/div>\n\t\t\t\t\t<\/div>\n\t<\/div>\n<\/article>\n\t<\/div>\n\t<\/div>\n\t\t\t\t<\/div>\n\t\t\t\t<\/div>\n\t\t\t\t\t<\/div>\n\t\t\t\t<\/div>\n\t\t\t\t<\/div>\n\t\t","protected":false},"excerpt":{"rendered":"<p>Franges tallafocs Les franges tallafocs s\u00f3n solucions constructives dissenyades per actuar com a barreres eficaces davant la propagaci\u00f3 horitzontal del foc en cobertes, fa\u00e7anes i entre sectors d\u2019incendi. El seu objectiu \u00e9s aturar l\u2019avan\u00e7ament de les flames, la calor i els gasos, i protegir tant l\u2019estructura de l\u2019edifici com les persones que s\u2019hi troben dins. [&hellip;]<\/p>\n","protected":false},"author":1,"featured_media":10583,"parent":10731,"menu_order":0,"comment_status":"closed","ping_status":"closed","template":"page-full-width.php","meta":{"_acf_changed":false,"footnotes":""},"class_list":["post-10734","page","type-page","status-publish","has-post-thumbnail","hentry"],"acf":[],"yoast_head":"<!-- This site is optimized with the Yoast SEO plugin v26.9 - https:\/\/yoast.com\/product\/yoast-seo-wordpress\/ -->\n<title>Franges tallafocs per a una protecci\u00f3 efica\u00e7 - Servypro<\/title>\n<meta name=\"description\" content=\"Instal\u00b7lem barreres contra incendis que retarden la propagaci\u00f3 del foc. Protecci\u00f3 passiva efica\u00e7 i certificada per a tot tipus d&#039;edificis.\" \/>\n<meta name=\"robots\" content=\"index, follow, max-snippet:-1, max-image-preview:large, max-video-preview:-1\" \/>\n<link rel=\"canonical\" href=\"https:\/\/servyproglobal.com\/ca\/soluciones\/franjas-cortafuegos\/\" \/>\n<meta property=\"og:locale\" content=\"ca_ES\" \/>\n<meta property=\"og:type\" content=\"article\" \/>\n<meta property=\"og:title\" content=\"Franjas cortafuegos para protecci\u00f3n eficaz - Servypro\" \/>\n<meta property=\"og:description\" content=\"Instalaci\u00f3n de franjas cortafuegos para evitar la propagaci\u00f3n del fuego. Protecci\u00f3n pasiva eficaz.\" \/>\n<meta property=\"og:url\" content=\"https:\/\/servyproglobal.com\/ca\/soluciones\/franjas-cortafuegos\/\" \/>\n<meta property=\"og:site_name\" content=\"SERVYPRO\" \/>\n<meta property=\"article:modified_time\" content=\"2026-04-16T13:48:55+00:00\" \/>\n<meta property=\"og:image\" content=\"https:\/\/servyproglobal.com\/wp-content\/uploads\/2025\/02\/thumbnail.jpg\" \/>\n\t<meta property=\"og:image:width\" content=\"1920\" \/>\n\t<meta property=\"og:image:height\" content=\"1080\" \/>\n\t<meta property=\"og:image:type\" content=\"image\/jpeg\" \/>\n<meta name=\"twitter:card\" content=\"summary_large_image\" \/>\n<meta name=\"twitter:title\" content=\"Franjas cortafuegos para protecci\u00f3n eficaz - Servypro\" \/>\n<meta name=\"twitter:description\" content=\"Instalaci\u00f3n de franjas cortafuegos para evitar la propagaci\u00f3n del fuego. Protecci\u00f3n pasiva eficaz.\" \/>\n<meta name=\"twitter:label1\" content=\"Temps estimat de lectura\" \/>\n\t<meta name=\"twitter:data1\" content=\"10 minuts\" \/>\n<script type=\"application\/ld+json\" class=\"yoast-schema-graph\">{\"@context\":\"https:\/\/schema.org\",\"@graph\":[{\"@type\":\"WebPage\",\"@id\":\"https:\/\/servyproglobal.com\/ca\/soluciones\/franjas-cortafuegos\/\",\"url\":\"https:\/\/servyproglobal.com\/ca\/soluciones\/franjas-cortafuegos\/\",\"name\":\"Franges tallafocs per a una protecci\u00f3 efica\u00e7 - Servypro\",\"isPartOf\":{\"@id\":\"https:\/\/servyproglobal.com\/ca\/#website\"},\"primaryImageOfPage\":{\"@id\":\"https:\/\/servyproglobal.com\/ca\/soluciones\/franjas-cortafuegos\/#primaryimage\"},\"image\":{\"@id\":\"https:\/\/servyproglobal.com\/ca\/soluciones\/franjas-cortafuegos\/#primaryimage\"},\"thumbnailUrl\":\"https:\/\/servyproglobal.com\/wp-content\/uploads\/2025\/02\/thumbnail.jpg\",\"datePublished\":\"2025-02-25T09:32:17+00:00\",\"dateModified\":\"2026-04-16T13:48:55+00:00\",\"description\":\"Instal\u00b7lem barreres contra incendis que retarden la propagaci\u00f3 del foc. Protecci\u00f3 passiva efica\u00e7 i certificada per a tot tipus d'edificis.\",\"breadcrumb\":{\"@id\":\"https:\/\/servyproglobal.com\/ca\/soluciones\/franjas-cortafuegos\/#breadcrumb\"},\"inLanguage\":\"ca\",\"potentialAction\":[{\"@type\":\"ReadAction\",\"target\":[\"https:\/\/servyproglobal.com\/ca\/soluciones\/franjas-cortafuegos\/\"]}]},{\"@type\":\"ImageObject\",\"inLanguage\":\"ca\",\"@id\":\"https:\/\/servyproglobal.com\/ca\/soluciones\/franjas-cortafuegos\/#primaryimage\",\"url\":\"https:\/\/servyproglobal.com\/wp-content\/uploads\/2025\/02\/thumbnail.jpg\",\"contentUrl\":\"https:\/\/servyproglobal.com\/wp-content\/uploads\/2025\/02\/thumbnail.jpg\",\"width\":1920,\"height\":1080,\"caption\":\"forjados-chapa-colaborante\"},{\"@type\":\"BreadcrumbList\",\"@id\":\"https:\/\/servyproglobal.com\/ca\/soluciones\/franjas-cortafuegos\/#breadcrumb\",\"itemListElement\":[{\"@type\":\"ListItem\",\"position\":1,\"name\":\"Portada\",\"item\":\"https:\/\/servyproglobal.com\/ca\/\"},{\"@type\":\"ListItem\",\"position\":2,\"name\":\"Soluciones\",\"item\":\"https:\/\/servyproglobal.com\/ca\/soluciones\/\"},{\"@type\":\"ListItem\",\"position\":3,\"name\":\"Franges tallafocs\"}]},{\"@type\":\"WebSite\",\"@id\":\"https:\/\/servyproglobal.com\/ca\/#website\",\"url\":\"https:\/\/servyproglobal.com\/ca\/\",\"name\":\"SERVYPRO\",\"description\":\"L\u00edderes en protecci\u00f3n pasiva contra el fuego\",\"publisher\":{\"@id\":\"https:\/\/servyproglobal.com\/ca\/#organization\"},\"potentialAction\":[{\"@type\":\"SearchAction\",\"target\":{\"@type\":\"EntryPoint\",\"urlTemplate\":\"https:\/\/servyproglobal.com\/ca\/?s={search_term_string}\"},\"query-input\":{\"@type\":\"PropertyValueSpecification\",\"valueRequired\":true,\"valueName\":\"search_term_string\"}}],\"inLanguage\":\"ca\"},{\"@type\":\"Organization\",\"@id\":\"https:\/\/servyproglobal.com\/ca\/#organization\",\"name\":\"SERVYPRO\",\"url\":\"https:\/\/servyproglobal.com\/ca\/\",\"logo\":{\"@type\":\"ImageObject\",\"inLanguage\":\"ca\",\"@id\":\"https:\/\/servyproglobal.com\/ca\/#\/schema\/logo\/image\/\",\"url\":\"https:\/\/servyproglobal.com\/wp-content\/uploads\/2026\/01\/logo_dark-1.png\",\"contentUrl\":\"https:\/\/servyproglobal.com\/wp-content\/uploads\/2026\/01\/logo_dark-1.png\",\"width\":608,\"height\":108,\"caption\":\"SERVYPRO\"},\"image\":{\"@id\":\"https:\/\/servyproglobal.com\/ca\/#\/schema\/logo\/image\/\"}}]}<\/script>\n<!-- \/ Yoast SEO plugin. -->","yoast_head_json":{"title":"Franges tallafocs per a una protecci\u00f3 efica\u00e7 - Servypro","description":"Instal\u00b7lem barreres contra incendis que retarden la propagaci\u00f3 del foc. Protecci\u00f3 passiva efica\u00e7 i certificada per a tot tipus d'edificis.","robots":{"index":"index","follow":"follow","max-snippet":"max-snippet:-1","max-image-preview":"max-image-preview:large","max-video-preview":"max-video-preview:-1"},"canonical":"https:\/\/servyproglobal.com\/ca\/soluciones\/franjas-cortafuegos\/","og_locale":"ca_ES","og_type":"article","og_title":"Franjas cortafuegos para protecci\u00f3n eficaz - Servypro","og_description":"Instalaci\u00f3n de franjas cortafuegos para evitar la propagaci\u00f3n del fuego. Protecci\u00f3n pasiva eficaz.","og_url":"https:\/\/servyproglobal.com\/ca\/soluciones\/franjas-cortafuegos\/","og_site_name":"SERVYPRO","article_modified_time":"2026-04-16T13:48:55+00:00","og_image":[{"width":1920,"height":1080,"url":"https:\/\/servyproglobal.com\/wp-content\/uploads\/2025\/02\/thumbnail.jpg","type":"image\/jpeg"}],"twitter_card":"summary_large_image","twitter_title":"Franjas cortafuegos para protecci\u00f3n eficaz - Servypro","twitter_description":"Instalaci\u00f3n de franjas cortafuegos para evitar la propagaci\u00f3n del fuego. Protecci\u00f3n pasiva eficaz.","twitter_misc":{"Temps estimat de lectura":"10 minuts"},"schema":{"@context":"https:\/\/schema.org","@graph":[{"@type":"WebPage","@id":"https:\/\/servyproglobal.com\/ca\/soluciones\/franjas-cortafuegos\/","url":"https:\/\/servyproglobal.com\/ca\/soluciones\/franjas-cortafuegos\/","name":"Franges tallafocs per a una protecci\u00f3 efica\u00e7 - Servypro","isPartOf":{"@id":"https:\/\/servyproglobal.com\/ca\/#website"},"primaryImageOfPage":{"@id":"https:\/\/servyproglobal.com\/ca\/soluciones\/franjas-cortafuegos\/#primaryimage"},"image":{"@id":"https:\/\/servyproglobal.com\/ca\/soluciones\/franjas-cortafuegos\/#primaryimage"},"thumbnailUrl":"https:\/\/servyproglobal.com\/wp-content\/uploads\/2025\/02\/thumbnail.jpg","datePublished":"2025-02-25T09:32:17+00:00","dateModified":"2026-04-16T13:48:55+00:00","description":"Instal\u00b7lem barreres contra incendis que retarden la propagaci\u00f3 del foc. Protecci\u00f3 passiva efica\u00e7 i certificada per a tot tipus d'edificis.","breadcrumb":{"@id":"https:\/\/servyproglobal.com\/ca\/soluciones\/franjas-cortafuegos\/#breadcrumb"},"inLanguage":"ca","potentialAction":[{"@type":"ReadAction","target":["https:\/\/servyproglobal.com\/ca\/soluciones\/franjas-cortafuegos\/"]}]},{"@type":"ImageObject","inLanguage":"ca","@id":"https:\/\/servyproglobal.com\/ca\/soluciones\/franjas-cortafuegos\/#primaryimage","url":"https:\/\/servyproglobal.com\/wp-content\/uploads\/2025\/02\/thumbnail.jpg","contentUrl":"https:\/\/servyproglobal.com\/wp-content\/uploads\/2025\/02\/thumbnail.jpg","width":1920,"height":1080,"caption":"forjados-chapa-colaborante"},{"@type":"BreadcrumbList","@id":"https:\/\/servyproglobal.com\/ca\/soluciones\/franjas-cortafuegos\/#breadcrumb","itemListElement":[{"@type":"ListItem","position":1,"name":"Portada","item":"https:\/\/servyproglobal.com\/ca\/"},{"@type":"ListItem","position":2,"name":"Soluciones","item":"https:\/\/servyproglobal.com\/ca\/soluciones\/"},{"@type":"ListItem","position":3,"name":"Franges tallafocs"}]},{"@type":"WebSite","@id":"https:\/\/servyproglobal.com\/ca\/#website","url":"https:\/\/servyproglobal.com\/ca\/","name":"SERVYPRO","description":"L\u00edderes en protecci\u00f3n pasiva contra el fuego","publisher":{"@id":"https:\/\/servyproglobal.com\/ca\/#organization"},"potentialAction":[{"@type":"SearchAction","target":{"@type":"EntryPoint","urlTemplate":"https:\/\/servyproglobal.com\/ca\/?s={search_term_string}"},"query-input":{"@type":"PropertyValueSpecification","valueRequired":true,"valueName":"search_term_string"}}],"inLanguage":"ca"},{"@type":"Organization","@id":"https:\/\/servyproglobal.com\/ca\/#organization","name":"SERVYPRO","url":"https:\/\/servyproglobal.com\/ca\/","logo":{"@type":"ImageObject","inLanguage":"ca","@id":"https:\/\/servyproglobal.com\/ca\/#\/schema\/logo\/image\/","url":"https:\/\/servyproglobal.com\/wp-content\/uploads\/2026\/01\/logo_dark-1.png","contentUrl":"https:\/\/servyproglobal.com\/wp-content\/uploads\/2026\/01\/logo_dark-1.png","width":608,"height":108,"caption":"SERVYPRO"},"image":{"@id":"https:\/\/servyproglobal.com\/ca\/#\/schema\/logo\/image\/"}}]}},"_links":{"self":[{"href":"https:\/\/servyproglobal.com\/ca\/wp-json\/wp\/v2\/pages\/10734","targetHints":{"allow":["GET"]}}],"collection":[{"href":"https:\/\/servyproglobal.com\/ca\/wp-json\/wp\/v2\/pages"}],"about":[{"href":"https:\/\/servyproglobal.com\/ca\/wp-json\/wp\/v2\/types\/page"}],"author":[{"embeddable":true,"href":"https:\/\/servyproglobal.com\/ca\/wp-json\/wp\/v2\/users\/1"}],"replies":[{"embeddable":true,"href":"https:\/\/servyproglobal.com\/ca\/wp-json\/wp\/v2\/comments?post=10734"}],"version-history":[{"count":6,"href":"https:\/\/servyproglobal.com\/ca\/wp-json\/wp\/v2\/pages\/10734\/revisions"}],"predecessor-version":[{"id":11360,"href":"https:\/\/servyproglobal.com\/ca\/wp-json\/wp\/v2\/pages\/10734\/revisions\/11360"}],"up":[{"embeddable":true,"href":"https:\/\/servyproglobal.com\/ca\/wp-json\/wp\/v2\/pages\/10731"}],"wp:featuredmedia":[{"embeddable":true,"href":"https:\/\/servyproglobal.com\/ca\/wp-json\/wp\/v2\/media\/10583"}],"wp:attachment":[{"href":"https:\/\/servyproglobal.com\/ca\/wp-json\/wp\/v2\/media?parent=10734"}],"curies":[{"name":"wp","href":"https:\/\/api.w.org\/{rel}","templated":true}]}}