{"id":10749,"date":"2025-02-19T09:55:12","date_gmt":"2025-02-19T07:55:12","guid":{"rendered":"https:\/\/servyproglobal.com\/soluciones\/mortero-de-lana-de-roca\/"},"modified":"2026-04-16T09:49:25","modified_gmt":"2026-04-16T07:49:25","slug":"mortero-de-lana-de-roca","status":"publish","type":"page","link":"https:\/\/servyproglobal.com\/ca\/soluciones\/mortero-de-lana-de-roca\/","title":{"rendered":"Morter de llana de roca"},"content":{"rendered":"\t\t<div data-elementor-type=\"wp-page\" data-elementor-id=\"10749\" class=\"elementor elementor-10749 elementor-6039\" data-elementor-post-type=\"page\">\n\t\t\t\t<div class=\"elementor-element elementor-element-52f295a e-flex e-con-boxed e-con e-parent\" data-id=\"52f295a\" data-element_type=\"container\" data-e-type=\"container\" data-settings=\"{&quot;background_background&quot;:&quot;classic&quot;}\">\n\t\t\t\t\t<div class=\"e-con-inner\">\n\t\t\t\t<div class=\"elementor-element elementor-element-6ef4dfc elementor-widget elementor-widget-heading\" data-id=\"6ef4dfc\" data-element_type=\"widget\" data-e-type=\"widget\" data-widget_type=\"heading.default\">\n\t\t\t\t\t<h1 class=\"elementor-heading-title elementor-size-default\">Morter de llana de roca \n<\/h1>\t\t\t\t<\/div>\n\t\t\t\t\t<\/div>\n\t\t\t\t<\/div>\n\t\t<div class=\"elementor-element elementor-element-c1da175 e-flex e-con-boxed e-con e-parent\" data-id=\"c1da175\" data-element_type=\"container\" data-e-type=\"container\">\n\t\t\t\t\t<div class=\"e-con-inner\">\n\t\t\t\t<div class=\"elementor-element elementor-element-c2a0e96 elementor-widget elementor-widget-spacer\" data-id=\"c2a0e96\" data-element_type=\"widget\" data-e-type=\"widget\" data-widget_type=\"spacer.default\">\n\t\t\t\t\t\t\t<div class=\"elementor-spacer\">\n\t\t\t<div class=\"elementor-spacer-inner\"><\/div>\n\t\t<\/div>\n\t\t\t\t\t\t<\/div>\n\t\t\t\t<div class=\"elementor-element elementor-element-587ea1c elementor-widget elementor-widget-text-editor\" data-id=\"587ea1c\" data-element_type=\"widget\" data-e-type=\"widget\" data-widget_type=\"text-editor.default\">\n\t\t\t\t\t\t\t\t\t<p><span style=\"font-weight: 400;\">El <strong>morter de llana de roca<\/strong> \u00e9s una soluci\u00f3 de protecci\u00f3 passiva contra incendis que combina llana mineral i ciment, fet que proporciona una barrera ign\u00edfuga efica\u00e7, duradora i ecol\u00f2gica. Aquest sistema \u00e9s ideal per a projectes que exigeixen alts est\u00e0ndards de seguretat i sostenibilitat.\u00a0<\/span><\/p><p><span style=\"font-weight: 400;\">A Servypro, apliquem aquest sistema no nom\u00e9s per protegir estructures, sin\u00f3 per oferir una soluci\u00f3 integral de seguretat i efici\u00e8ncia. Entenem que cada projecte exigeix el m\u00e0xim rigor t\u00e8cnic, per la qual cosa garantim una aplicaci\u00f3 certificada que compleix els m\u00e9s alts est\u00e0ndards de seguretat i sostenibilitat, aix\u00ed t\u2019assegurem tranquil\u00b7litat i el valor de la teva inversi\u00f3. <\/span><\/p>\t\t\t\t\t\t\t\t<\/div>\n\t\t\t\t<div class=\"elementor-element elementor-element-140beb0 elementor-widget elementor-widget-heading\" data-id=\"140beb0\" data-element_type=\"widget\" data-e-type=\"widget\" data-widget_type=\"heading.default\">\n\t\t\t\t\t<h2 class=\"elementor-heading-title elementor-size-default\">Morter de llana de roca projectat \n<\/h2>\t\t\t\t<\/div>\n\t\t\t\t\t<\/div>\n\t\t\t\t<\/div>\n\t\t<div class=\"elementor-element elementor-element-a11bedf e-con-full e-flex e-con e-parent\" data-id=\"a11bedf\" data-element_type=\"container\" data-e-type=\"container\">\n\t\t<div class=\"elementor-element elementor-element-8d97eec e-con-full qodef-sticky-column--enable qodef-sticky-column-snap-to--top qodef-sticky-column-disabled--1200 e-flex e-con e-child\" data-id=\"8d97eec\" data-element_type=\"container\" data-e-type=\"container\">\n\t\t\t\t<div class=\"elementor-element elementor-element-538549c elementor-widget elementor-widget-image\" data-id=\"538549c\" data-element_type=\"widget\" data-e-type=\"widget\" data-widget_type=\"image.default\">\n\t\t\t\t\t\t\t\t\t\t\t\t\t\t\t<img fetchpriority=\"high\" decoding=\"async\" width=\"1024\" height=\"576\" src=\"https:\/\/servyproglobal.com\/wp-content\/uploads\/2026\/01\/PORTADA-BLOG-18-1024x576.jpg\" class=\"attachment-large size-large wp-image-10736\" alt=\"mortero-lana-de-roca\" srcset=\"https:\/\/servyproglobal.com\/wp-content\/uploads\/2026\/01\/PORTADA-BLOG-18-1024x576.jpg 1024w, https:\/\/servyproglobal.com\/wp-content\/uploads\/2026\/01\/PORTADA-BLOG-18-300x169.jpg 300w, https:\/\/servyproglobal.com\/wp-content\/uploads\/2026\/01\/PORTADA-BLOG-18-768x432.jpg 768w, https:\/\/servyproglobal.com\/wp-content\/uploads\/2026\/01\/PORTADA-BLOG-18.jpg 1366w\" sizes=\"(max-width: 1024px) 100vw, 1024px\" \/>\t\t\t\t\t\t\t\t\t\t\t\t\t\t\t<\/div>\n\t\t\t\t<\/div>\n\t\t<div class=\"elementor-element elementor-element-ce02231 e-con-full e-flex e-con e-child\" data-id=\"ce02231\" data-element_type=\"container\" data-e-type=\"container\">\n\t\t\t\t<div class=\"elementor-element elementor-element-614c590 elementor-widget__width-initial elementor-widget-mobile__width-inherit elementor-widget elementor-widget-text-editor\" data-id=\"614c590\" data-element_type=\"widget\" data-e-type=\"widget\" data-widget_type=\"text-editor.default\">\n\t\t\t\t\t\t\t\t\t<p><span style=\"font-weight: 400;\">El morter de llana de roca \u00e9s una soluci\u00f3 de protecci\u00f3 passiva contra incendis que combina llana mineral i ciment, fet que proporciona una barrera ign\u00edfuga efica\u00e7, duradora i ecol\u00f2gica. Aquest sistema \u00e9s ideal per a projectes que exigeixen alts <\/span><span style=\"font-weight: 400;\">est\u00e0ndards de seguretat i sostenibilitat. Ofereix:\u00a0<\/span><\/p><p><span style=\"font-weight: 400;\">\u00a0<\/span><\/p>\t\t\t\t\t\t\t\t<\/div>\n\t\t<div class=\"elementor-element elementor-element-7cebd26 e-con-full e-flex e-con e-child\" data-id=\"7cebd26\" data-element_type=\"container\" data-e-type=\"container\">\n\t\t<div class=\"elementor-element elementor-element-b38b5b2 e-con-full e-flex e-con e-child\" data-id=\"b38b5b2\" data-element_type=\"container\" data-e-type=\"container\">\n\t\t<div class=\"elementor-element elementor-element-ab34a55 e-con-full e-flex e-con e-child\" data-id=\"ab34a55\" data-element_type=\"container\" data-e-type=\"container\">\n\t\t\t\t<div class=\"elementor-element elementor-element-5c7cbe2 elementor-view-default elementor-widget elementor-widget-icon\" data-id=\"5c7cbe2\" data-element_type=\"widget\" data-e-type=\"widget\" data-widget_type=\"icon.default\">\n\t\t\t\t\t\t\t<div class=\"elementor-icon-wrapper\">\n\t\t\t<div class=\"elementor-icon\">\n\t\t\t<svg xmlns=\"http:\/\/www.w3.org\/2000\/svg\" id=\"OBJECTS\" viewBox=\"0 0 77 77\"><path d=\"M14,38.5C14,22.7,21.5,8.7,33.1,0H11v77h22.1c-11.5-8.7-19-22.7-19-38.5Z\" fill=\"#f16a00\"><\/path><path d=\"M44,0c11.5,8.7,19,22.7,19,38.5s-7.5,29.8-19,38.5h22.1V0h-22.1Z\" fill=\"#f16a00\"><\/path><\/svg>\t\t\t<\/div>\n\t\t<\/div>\n\t\t\t\t\t\t<\/div>\n\t\t\t\t<div class=\"elementor-element elementor-element-93a6dec elementor-widget elementor-widget-heading\" data-id=\"93a6dec\" data-element_type=\"widget\" data-e-type=\"widget\" data-widget_type=\"heading.default\">\n\t\t\t\t\t<h3 class=\"elementor-heading-title elementor-size-default\">Resist\u00e8ncia al foc \n<\/h3>\t\t\t\t<\/div>\n\t\t\t\t<\/div>\n\t\t<div class=\"elementor-element elementor-element-ee13e51 e-con-full e-flex e-con e-child\" data-id=\"ee13e51\" data-element_type=\"container\" data-e-type=\"container\">\n\t\t\t\t<div class=\"elementor-element elementor-element-8709885 elementor-widget elementor-widget-text-editor\" data-id=\"8709885\" data-element_type=\"widget\" data-e-type=\"widget\" data-widget_type=\"text-editor.default\">\n\t\t\t\t\t\t\t\t\t<p><span style=\"font-weight: 400;\">Proporciona una protecci\u00f3 efectiva durant 15 a 240 minuts (R 15 \u2013 R 240), aix\u00ed\u00a0 <\/span><span style=\"font-weight: 400;\">s\u2019alenteix la propagaci\u00f3 del foc en estructures met\u00e0l\u00b7liques, forjats i tancaments.\u00a0<\/span><\/p>\t\t\t\t\t\t\t\t<\/div>\n\t\t\t\t<\/div>\n\t\t\t\t<\/div>\n\t\t<div class=\"elementor-element elementor-element-2532224 e-con-full e-flex e-con e-child\" data-id=\"2532224\" data-element_type=\"container\" data-e-type=\"container\">\n\t\t<div class=\"elementor-element elementor-element-0ba19b9 e-con-full e-flex e-con e-child\" data-id=\"0ba19b9\" data-element_type=\"container\" data-e-type=\"container\">\n\t\t\t\t<div class=\"elementor-element elementor-element-fbe293d elementor-widget__width-initial elementor-view-default elementor-widget elementor-widget-icon\" data-id=\"fbe293d\" data-element_type=\"widget\" data-e-type=\"widget\" data-widget_type=\"icon.default\">\n\t\t\t\t\t\t\t<div class=\"elementor-icon-wrapper\">\n\t\t\t<div class=\"elementor-icon\">\n\t\t\t<svg xmlns=\"http:\/\/www.w3.org\/2000\/svg\" id=\"OBJECTS\" viewBox=\"0 0 77 77\"><path d=\"M3.2,8v25.8c23.6,25.8,47.1-25.8,70.7,0V8c-23.6-25.8-47.1,25.8-70.7,0Z\" fill=\"#f16a00\"><\/path><path d=\"M3.2,43.2v25.8c23.6,25.8,47.1-25.8,70.7,0v-25.8c-23.6-25.8-47.1,25.8-70.7,0Z\" fill=\"#f16a00\"><\/path><\/svg>\t\t\t<\/div>\n\t\t<\/div>\n\t\t\t\t\t\t<\/div>\n\t\t\t\t<div class=\"elementor-element elementor-element-1c8c7cc elementor-widget elementor-widget-heading\" data-id=\"1c8c7cc\" data-element_type=\"widget\" data-e-type=\"widget\" data-widget_type=\"heading.default\">\n\t\t\t\t\t<h3 class=\"elementor-heading-title elementor-size-default\">Adaptabilitat \n<\/h3>\t\t\t\t<\/div>\n\t\t\t\t<\/div>\n\t\t<div class=\"elementor-element elementor-element-f64609b e-con-full e-flex e-con e-child\" data-id=\"f64609b\" data-element_type=\"container\" data-e-type=\"container\">\n\t\t\t\t<div class=\"elementor-element elementor-element-832e404 elementor-widget elementor-widget-text-editor\" data-id=\"832e404\" data-element_type=\"widget\" data-e-type=\"widget\" data-widget_type=\"text-editor.default\">\n\t\t\t\t\t\t\t\t\t<p><span style=\"font-weight: 400;\">Compatible amb diversos suports i superf\u00edcies: estructures d\u2019acer, sostres, murs, <\/span><span style=\"font-weight: 400;\">instal\u00b7lacions t\u00e8cniques i m\u00e9s.\u00a0<\/span><\/p>\t\t\t\t\t\t\t\t<\/div>\n\t\t\t\t<\/div>\n\t\t\t\t<\/div>\n\t\t\t\t<\/div>\n\t\t<div class=\"elementor-element elementor-element-df8eeda e-con-full e-flex e-con e-child\" data-id=\"df8eeda\" data-element_type=\"container\" data-e-type=\"container\">\n\t\t<div class=\"elementor-element elementor-element-5e8e17d e-con-full e-flex e-con e-child\" data-id=\"5e8e17d\" data-element_type=\"container\" data-e-type=\"container\">\n\t\t<div class=\"elementor-element elementor-element-703154c e-con-full e-flex e-con e-child\" data-id=\"703154c\" data-element_type=\"container\" data-e-type=\"container\">\n\t\t\t\t<div class=\"elementor-element elementor-element-ffaa826 elementor-view-default elementor-widget elementor-widget-icon\" data-id=\"ffaa826\" data-element_type=\"widget\" data-e-type=\"widget\" data-widget_type=\"icon.default\">\n\t\t\t\t\t\t\t<div class=\"elementor-icon-wrapper\">\n\t\t\t<div class=\"elementor-icon\">\n\t\t\t<svg xmlns=\"http:\/\/www.w3.org\/2000\/svg\" id=\"OBJECTS\" viewBox=\"0 0 77 77\"><path d=\"M65.9,47.6c-1.6-8.4-7-15.4-14.4-19.3h10.1c2.8,0,4.8-2.5,4.3-5.2C63.4,10.3,52.1.6,38.6.6S13.8,10.3,11.4,23.1c-.5,2.7,1.5,5.2,4.3,5.2h10.1c-7.3,3.9-12.8,10.9-14.4,19.3-.5,2.7,1.5,5.2,4.3,5.2h10.1c-7.3,3.9-12.8,10.9-14.4,19.3-.5,2.7,1.5,5.2,4.3,5.2h45.9c2.8,0,4.8-2.5,4.3-5.2-1.6-8.4-7-15.4-14.4-19.3h10.1c2.8,0,4.8-2.5,4.3-5.2Z\" fill=\"#f16a00\"><\/path><\/svg>\t\t\t<\/div>\n\t\t<\/div>\n\t\t\t\t\t\t<\/div>\n\t\t\t\t<div class=\"elementor-element elementor-element-297059d elementor-widget elementor-widget-heading\" data-id=\"297059d\" data-element_type=\"widget\" data-e-type=\"widget\" data-widget_type=\"heading.default\">\n\t\t\t\t\t<h3 class=\"elementor-heading-title elementor-size-default\">Beneficis del morter de llana de roca \n<\/h3>\t\t\t\t<\/div>\n\t\t\t\t<\/div>\n\t\t<div class=\"elementor-element elementor-element-22e6d8b e-con-full e-flex e-con e-child\" data-id=\"22e6d8b\" data-element_type=\"container\" data-e-type=\"container\">\n\t\t\t\t<div class=\"elementor-element elementor-element-c640871 elementor-widget elementor-widget-text-editor\" data-id=\"c640871\" data-element_type=\"widget\" data-e-type=\"widget\" data-widget_type=\"text-editor.default\">\n\t\t\t\t\t\t\t\t\t<p><span style=\"font-weight: 400;\">Lliure de subst\u00e0ncies t\u00f2xiques i <\/span><span style=\"font-weight: 400;\">no <\/span><span style=\"font-weight: 400;\">perilloses.\u00a0<\/span><\/p><p><span style=\"font-weight: 400;\">Baix impacte ambiental en la producci\u00f3 i aplicaci\u00f3.\u00a0<\/span><\/p><p><span style=\"font-weight: 400;\">Excel\u00b7lent a\u00efllament t\u00e8rmic i ac\u00fastic.\u00a0<\/span><\/p><p><span style=\"font-weight: 400;\">Aplicaci\u00f3 vers\u00e0til en entorns industrials, sanitaris, hostaleria, log\u00edstica, etc\u00e8tera.\u00a0<\/span><\/p>\t\t\t\t\t\t\t\t<\/div>\n\t\t\t\t<\/div>\n\t\t\t\t<\/div>\n\t\t\t\t<\/div>\n\t\t<div class=\"elementor-element elementor-element-bd6e73e e-con-full e-flex e-con e-child\" data-id=\"bd6e73e\" data-element_type=\"container\" data-e-type=\"container\">\n\t\t\t\t<div class=\"elementor-element elementor-element-72affd6 elementor-align-right elementor-widget elementor-widget-button\" data-id=\"72affd6\" data-element_type=\"widget\" data-e-type=\"widget\" data-widget_type=\"button.default\">\n\t\t\t\t\t\t\t\t\t\t<a class=\"elementor-button elementor-button-link elementor-size-sm\" href=\"https:\/\/servyproglobal.com\/ca\/contacto\/\" target=\"_blank\">\n\t\t\t\t\t\t<span class=\"elementor-button-content-wrapper\">\n\t\t\t\t\t\t<span class=\"elementor-button-icon\">\n\t\t\t\t<svg aria-hidden=\"true\" class=\"e-font-icon-svg e-fas-arrow-right\" viewBox=\"0 0 448 512\" xmlns=\"http:\/\/www.w3.org\/2000\/svg\"><path d=\"M190.5 66.9l22.2-22.2c9.4-9.4 24.6-9.4 33.9 0L441 239c9.4 9.4 9.4 24.6 0 33.9L246.6 467.3c-9.4 9.4-24.6 9.4-33.9 0l-22.2-22.2c-9.5-9.5-9.3-25 .4-34.3L311.4 296H24c-13.3 0-24-10.7-24-24v-32c0-13.3 10.7-24 24-24h287.4L190.9 101.2c-9.8-9.3-10-24.8-.4-34.3z\"><\/path><\/svg>\t\t\t<\/span>\n\t\t\t\t\t\t\t\t\t<span class=\"elementor-button-text\">Si us plau, poseu-vos en contacte amb nosaltres per a m\u00e9s informaci\u00f3.<\/span>\n\t\t\t\t\t<\/span>\n\t\t\t\t\t<\/a>\n\t\t\t\t\t\t\t\t<\/div>\n\t\t\t\t<\/div>\n\t\t\t\t<\/div>\n\t\t\t\t<\/div>\n\t\t<div class=\"elementor-element elementor-element-8c5fe01 e-flex e-con-boxed e-con e-parent\" data-id=\"8c5fe01\" data-element_type=\"container\" data-e-type=\"container\">\n\t\t\t\t\t<div class=\"e-con-inner\">\n\t\t\t\t<div class=\"elementor-element elementor-element-3a8a522 elementor-widget elementor-widget-heading\" data-id=\"3a8a522\" data-element_type=\"widget\" data-e-type=\"widget\" data-widget_type=\"heading.default\">\n\t\t\t\t\t<h3 class=\"elementor-heading-title elementor-size-default\">Preguntes freq\u00fcents sobre el morter de llana de roca  \nprojectat \n<\/h3>\t\t\t\t<\/div>\n\t\t\t\t\t<\/div>\n\t\t\t\t<\/div>\n\t\t<div class=\"elementor-element elementor-element-8ed69b3 e-flex e-con-boxed e-con e-parent\" data-id=\"8ed69b3\" data-element_type=\"container\" data-e-type=\"container\">\n\t\t\t\t\t<div class=\"e-con-inner\">\n\t\t\t\t<div class=\"elementor-element elementor-element-d793712 elementor-widget elementor-widget-qi_addons_for_elementor_faq\" data-id=\"d793712\" data-element_type=\"widget\" data-e-type=\"widget\" data-widget_type=\"qi_addons_for_elementor_faq.default\">\n\t\t\t\t<div class=\"elementor-widget-container\">\n\t\t\t\t\t<div class=\"qodef-shortcode qodef-m qodef-qi-faq qodef-qi-clear qodef-closed qodef-behavior--accordion qodef-layout--simple qodef-style--border-between\">\n\t<h3 class=\"qodef-e-title-holder\">\n\t<span class=\"qodef-e-title\">\n\t\t\t\tPer a qu\u00e8 s\u2019utilitza el morter de llana de roca? \t<\/span>\n\t\t<span class=\"qodef-e-mark\">\n\t\t<span class=\"qodef-icon--plus\">\n\t\t\t\t<span class=\"qodef-e-icon\">\n\t\t<svg xmlns=\"http:\/\/www.w3.org\/2000\/svg\" id=\"OBJECTS\" viewBox=\"0 0 77 77\"><polygon points=\"77 35.9 41.2 35.9 41.2 0 35.9 0 35.9 35.9 0 35.9 0 41.2 35.9 41.2 35.9 77 41.2 77 41.2 41.2 77 41.2 77 35.9\" fill=\"#f16a00\"><\/polygon><\/svg>\t<\/span>\n\t\t\t<\/span>\n\t\t<span class=\"qodef-icon--minus\">\n\t\t\t\t<span class=\"qodef-e-icon\">\n\t\t<svg xmlns=\"http:\/\/www.w3.org\/2000\/svg\" id=\"OBJECTS\" viewBox=\"0 0 77 77\"><rect x=\"35.9\" width=\"5.3\" height=\"77\" transform=\"translate(77) rotate(90)\" fill=\"#f16a00\"><\/rect><\/svg>\t<\/span>\n\t\t\t<\/span>\n\t<\/span>\n\t<\/h3>\n<div class=\"qodef-e-content\">\n\t<div class=\"qodef-e-content-inner\">\n\t\t<p><span style=\"font-weight: 400\">El morter de llana de roca \u00e9s un material ign\u00edfug que s\u2019obt\u00e9 de la barreja de llana de roca, ciment i altres additius. S\u2019aplica mitjan\u00e7ant projecci\u00f3 (d\u2019aqu\u00ed el terme morter de llana de roca projectat) sobre elements estructurals d\u2019acer o formig\u00f3 per protegir-los del foc. L\u2019avantatge principal \u00e9s la gran capacitat d\u2019a\u00efllament t\u00e8rmic, que retarda l\u2019augment de la temperatura dels elements que recobreix, i en mant\u00e9 l\u2019estabilitat en cas d\u2019incendi. \u00c9s una de les solucions de morter ign\u00edfug m\u00e9s\u00a0<\/span><span style=\"font-weight: 400\">utilitzades en edificaci\u00f3.\u00a0<\/span><\/p>\t<\/div>\n<\/div>\n<h3 class=\"qodef-e-title-holder\">\n\t<span class=\"qodef-e-title\">\n\t\t\t\tQuins avantatges t\u00e9 davant d\u2019altres materials? \t<\/span>\n\t\t<span class=\"qodef-e-mark\">\n\t\t<span class=\"qodef-icon--plus\">\n\t\t\t\t<span class=\"qodef-e-icon\">\n\t\t<svg xmlns=\"http:\/\/www.w3.org\/2000\/svg\" id=\"OBJECTS\" viewBox=\"0 0 77 77\"><polygon points=\"77 35.9 41.2 35.9 41.2 0 35.9 0 35.9 35.9 0 35.9 0 41.2 35.9 41.2 35.9 77 41.2 77 41.2 41.2 77 41.2 77 35.9\" fill=\"#f16a00\"><\/polygon><\/svg>\t<\/span>\n\t\t\t<\/span>\n\t\t<span class=\"qodef-icon--minus\">\n\t\t\t\t<span class=\"qodef-e-icon\">\n\t\t<svg xmlns=\"http:\/\/www.w3.org\/2000\/svg\" id=\"OBJECTS\" viewBox=\"0 0 77 77\"><rect x=\"35.9\" width=\"5.3\" height=\"77\" transform=\"translate(77) rotate(90)\" fill=\"#f16a00\"><\/rect><\/svg>\t<\/span>\n\t\t\t<\/span>\n\t<\/span>\n\t<\/h3>\n<div class=\"qodef-e-content\">\n\t<div class=\"qodef-e-content-inner\">\n\t\t<p><span style=\"font-weight: 400\">El morter de llana de roca destaca per la resist\u00e8ncia excel\u00b7lent al foc, la capacitat d\u2019a\u00efllament t\u00e8rmic i ac\u00fastic i per la baixa toxicitat. A difer\u00e8ncia d\u2019altres materials, mant\u00e9 les seves propietats fins i tot a altes temperatures i s\u2019adapta f\u00e0cilment a diferents superf\u00edcies, el que garanteix una protecci\u00f3 passiva efica\u00e7 i sostenible. A m\u00e9s, no cont\u00e9 subst\u00e0ncies perilloses i presenta menys impacte ambiental.\u00a0<\/span><\/p>\t<\/div>\n<\/div>\n<h3 class=\"qodef-e-title-holder\">\n\t<span class=\"qodef-e-title\">\n\t\t\t\tCom afecta el foc? \t<\/span>\n\t\t<span class=\"qodef-e-mark\">\n\t\t<span class=\"qodef-icon--plus\">\n\t\t\t\t<span class=\"qodef-e-icon\">\n\t\t<svg xmlns=\"http:\/\/www.w3.org\/2000\/svg\" id=\"OBJECTS\" viewBox=\"0 0 77 77\"><polygon points=\"77 35.9 41.2 35.9 41.2 0 35.9 0 35.9 35.9 0 35.9 0 41.2 35.9 41.2 35.9 77 41.2 77 41.2 41.2 77 41.2 77 35.9\" fill=\"#f16a00\"><\/polygon><\/svg>\t<\/span>\n\t\t\t<\/span>\n\t\t<span class=\"qodef-icon--minus\">\n\t\t\t\t<span class=\"qodef-e-icon\">\n\t\t<svg xmlns=\"http:\/\/www.w3.org\/2000\/svg\" id=\"OBJECTS\" viewBox=\"0 0 77 77\"><rect x=\"35.9\" width=\"5.3\" height=\"77\" transform=\"translate(77) rotate(90)\" fill=\"#f16a00\"><\/rect><\/svg>\t<\/span>\n\t\t\t<\/span>\n\t<\/span>\n\t<\/h3>\n<div class=\"qodef-e-content\">\n\t<div class=\"qodef-e-content-inner\">\n\t\t<p><span style=\"font-weight: 400\">El morter de llana de roca actua com a barrera protectora davant el foc. La seva composici\u00f3 mineral alenteix la propagaci\u00f3 de les flames, protegeix les estructures durant m\u00e9s temps (fins a R 240) i minimitza el risc de col\u00b7lapse. Fins i tot en condicions extremes, conserva la integritat, i ofereix seguretat estructural i m\u00e9s temps d\u2019evacuaci\u00f3 en cas d\u2019incendi. Per determinar el gruix necessari, es fa un c\u00e0lcul t\u00e8cnic basat en la massivitat del perfil met\u00e0l\u00b7lic o les caracter\u00edstiques de l\u2019element que cal protegir.<\/span><span style=\"font-weight: 400\">\u00a0<\/span><\/p>\t<\/div>\n<\/div>\n<h3 class=\"qodef-e-title-holder\">\n\t<span class=\"qodef-e-title\">\n\t\t\t\tQuins problemes solucionem amb el morter de llana de roca? \t<\/span>\n\t\t<span class=\"qodef-e-mark\">\n\t\t<span class=\"qodef-icon--plus\">\n\t\t\t\t<span class=\"qodef-e-icon\">\n\t\t<svg xmlns=\"http:\/\/www.w3.org\/2000\/svg\" id=\"OBJECTS\" viewBox=\"0 0 77 77\"><polygon points=\"77 35.9 41.2 35.9 41.2 0 35.9 0 35.9 35.9 0 35.9 0 41.2 35.9 41.2 35.9 77 41.2 77 41.2 41.2 77 41.2 77 35.9\" fill=\"#f16a00\"><\/polygon><\/svg>\t<\/span>\n\t\t\t<\/span>\n\t\t<span class=\"qodef-icon--minus\">\n\t\t\t\t<span class=\"qodef-e-icon\">\n\t\t<svg xmlns=\"http:\/\/www.w3.org\/2000\/svg\" id=\"OBJECTS\" viewBox=\"0 0 77 77\"><rect x=\"35.9\" width=\"5.3\" height=\"77\" transform=\"translate(77) rotate(90)\" fill=\"#f16a00\"><\/rect><\/svg>\t<\/span>\n\t\t\t<\/span>\n\t<\/span>\n\t<\/h3>\n<div class=\"qodef-e-content\">\n\t<div class=\"qodef-e-content-inner\">\n\t\t<p><span style=\"font-weight: 400\">La protecci\u00f3 d\u2019elements estructurals i la sectoritzaci\u00f3 s\u00f3n claus en qualsevol projecte, per\u00f2 presenten reptes espec\u00edfics que el morter de llana de roca resol amb gran efic\u00e0cia:\u00a0<\/span><\/p><p><span style=\"font-weight: 400\">Vulnerabilitat de les estructures met\u00e0l\u00b7liques i de formig\u00f3: l\u2019acer perd la capacitat\u00a0 portant a temperatures relativament baixes (al voltant dels 500 \u00b0C), mentre que el formig\u00f3 pot patir descrostaments (<\/span><i><span style=\"font-weight: 400\">spalling<\/span><\/i><span style=\"font-weight: 400\">) que exposen l\u2019armadura. El morter de llana de roca actua com un escut, en mantenir la integritat estructural durant el temps que requereix la normativa.\u00a0<\/span><\/p><p><span style=\"font-weight: 400\">Necessitat d\u2019a\u00efllament t\u00e8rmic i ac\u00fastic: a m\u00e9s de la protecci\u00f3 contra el foc, en molts projectes cal complir amb les exig\u00e8ncies del CTE en mat\u00e8ria d\u2019a\u00efllament. Utilitzar diferents productes per a cada necessitat incrementa els costos i la complexitat de l\u2019obra.\u00a0<\/span><\/p><p><span style=\"font-weight: 400\">Dificultat per protegir geometries complexes: protegir amb solucions r\u00edgides (plaques o panells) elements amb formes irregulars, com ara bigues, pilars o forjats reticulars, \u00e9s un proc\u00e9s lent, cost\u00f3s i que sovint deixa juntes i ponts t\u00e8rmics.\u00a0<\/span><\/p><p><span style=\"font-weight: 400\">Garantia d\u2019una aplicaci\u00f3 homog\u00e8nia i certificada: l\u2019efic\u00e0cia del revestiment dep\u00e8n de manera directa del gruix i de la densitat aplicats. Una mala praxi pot invalidar la protecci\u00f3 i generar un fals sentit de seguretat, amb conseq\u00fc\u00e8ncies greus, tant legals com materials.\u00a0<\/span><\/p>\t<\/div>\n<\/div>\n<h3 class=\"qodef-e-title-holder\">\n\t<span class=\"qodef-e-title\">\n\t\t\t\tQuina soluci\u00f3 t\u2019oferim a Servypro? \t<\/span>\n\t\t<span class=\"qodef-e-mark\">\n\t\t<span class=\"qodef-icon--plus\">\n\t\t\t\t<span class=\"qodef-e-icon\">\n\t\t<svg xmlns=\"http:\/\/www.w3.org\/2000\/svg\" id=\"OBJECTS\" viewBox=\"0 0 77 77\"><polygon points=\"77 35.9 41.2 35.9 41.2 0 35.9 0 35.9 35.9 0 35.9 0 41.2 35.9 41.2 35.9 77 41.2 77 41.2 41.2 77 41.2 77 35.9\" fill=\"#f16a00\"><\/polygon><\/svg>\t<\/span>\n\t\t\t<\/span>\n\t\t<span class=\"qodef-icon--minus\">\n\t\t\t\t<span class=\"qodef-e-icon\">\n\t\t<svg xmlns=\"http:\/\/www.w3.org\/2000\/svg\" id=\"OBJECTS\" viewBox=\"0 0 77 77\"><rect x=\"35.9\" width=\"5.3\" height=\"77\" transform=\"translate(77) rotate(90)\" fill=\"#f16a00\"><\/rect><\/svg>\t<\/span>\n\t\t\t<\/span>\n\t<\/span>\n\t<\/h3>\n<div class=\"qodef-e-content\">\n\t<div class=\"qodef-e-content-inner\">\n\t\t<p><span style=\"font-weight: 400\">Fidels a la nostra promesa de compliment sense complicacions, hem perfeccionat\u00a0 un servei d\u2019aplicaci\u00f3 de morter de llana de roca que et garanteix un resultat impecable de principi a fi.\u00a0<\/span><\/p><ol><li><span style=\"font-weight: 400\"> Estudi t\u00e8cnic i proposta detallada: el nostre equip t\u00e8cnic avalua el tipus d\u2019estructura que cal protegir (met\u00e0l\u00b7lica, formig\u00f3, mixta), l\u2019element (biga, pilar, forjat) i la resist\u00e8ncia al foc requerida (des d\u2019R 15 fins a R 240). En 48-72 hores, rebr\u00e0s una proposta clara que defineix el gruix exacte de morter necessari i un pressupost tancat.<\/span><span style=\"font-weight: 400\"><br \/><\/span><\/li><li><span style=\"font-weight: 400\"> Aplicaci\u00f3 per projecci\u00f3 controlada: mitjan\u00e7ant equips de projecci\u00f3 neum\u00e0tics, el nostre personal qualificat aplica el morter de manera r\u00e0pida i eficient, aix\u00ed crea una capa cont\u00ednua i sense juntes que s\u2019adhereix perfectament a qualsevol superf\u00edcie, sense que importi la forma que tingui. Fem mesuraments del gruix constants durant el proc\u00e9s per assegurar una cobertura uniforme i garantir el compliment.\u00a0<\/span><\/li><\/ol><p>\u00a0<\/p><ol><li><span style=\"font-weight: 400\"> Certificat d\u2019aplicaci\u00f3 i garantia total: en acabar la feina, et lliurem un certificat oficial que acredita la resist\u00e8ncia al foc obtinguda, els gruixos aplicats i el compliment de la normativa. Aquest document \u00e9s la teva m\u00e0xima garantia de seguretat i tranquil\u00b7litat davant qualsevol inspecci\u00f3 t\u00e8cnica o requeriment de la teva asseguradora. Amb el morter de llana de roca aplicat per Servypro, no nom\u00e9s protegeixes el teu\u00a0 edifici contra el foc, sin\u00f3 que en millores l\u2019efici\u00e8ncia energ\u00e8tica i el confort ac\u00fastic amb una \u00fanica soluci\u00f3, certificada i sense sorpreses. <\/span><\/li><\/ol><p>s.<\/p>\t<\/div>\n<\/div>\n<h3 class=\"qodef-e-title-holder\">\n\t<span class=\"qodef-e-title\">\n\t\t\t\tQuina difer\u00e8ncia hi ha entre el morter de llana de roca i altres morters   ign\u00edfugs? \t<\/span>\n\t\t<span class=\"qodef-e-mark\">\n\t\t<span class=\"qodef-icon--plus\">\n\t\t\t\t<span class=\"qodef-e-icon\">\n\t\t<svg xmlns=\"http:\/\/www.w3.org\/2000\/svg\" id=\"OBJECTS\" viewBox=\"0 0 77 77\"><polygon points=\"77 35.9 41.2 35.9 41.2 0 35.9 0 35.9 35.9 0 35.9 0 41.2 35.9 41.2 35.9 77 41.2 77 41.2 41.2 77 41.2 77 35.9\" fill=\"#f16a00\"><\/polygon><\/svg>\t<\/span>\n\t\t\t<\/span>\n\t\t<span class=\"qodef-icon--minus\">\n\t\t\t\t<span class=\"qodef-e-icon\">\n\t\t<svg xmlns=\"http:\/\/www.w3.org\/2000\/svg\" id=\"OBJECTS\" viewBox=\"0 0 77 77\"><rect x=\"35.9\" width=\"5.3\" height=\"77\" transform=\"translate(77) rotate(90)\" fill=\"#f16a00\"><\/rect><\/svg>\t<\/span>\n\t\t\t<\/span>\n\t<\/span>\n\t<\/h3>\n<div class=\"qodef-e-content\">\n\t<div class=\"qodef-e-content-inner\">\n\t\t<p><span style=\"font-weight: 400\">La principal difer\u00e8ncia del morter de llana de roca amb altres morters, com el de vermiculita, \u00e9s la composici\u00f3 i l\u2019acabat. La llana de roca \u00e9s una fibra mineral que li confereix una gran capacitat a\u00efllant i un acabat m\u00e9s rug\u00f3s. El morter projectat ign\u00edfug de llana de roca \u00e9s molt lleuger i s\u2019adhereix perfectament a superf\u00edcies met\u00e0l\u00b7liques i de formig\u00f3. L\u2019elecci\u00f3 entre un tipus de morter o un altre dependr\u00e0 dels requeriments t\u00e8cnics del projecte, l\u2019acabat est\u00e8tic desitjat i el suport sobre el qual s\u2019ha d\u2019aplicar.\u00a0<\/span><\/p>\t<\/div>\n<\/div>\n<h3 class=\"qodef-e-title-holder\">\n\t<span class=\"qodef-e-title\">\n\t\t\t\tOn es pot aplicar el morter de llana de roca projectat? \t<\/span>\n\t\t<span class=\"qodef-e-mark\">\n\t\t<span class=\"qodef-icon--plus\">\n\t\t\t\t<span class=\"qodef-e-icon\">\n\t\t<svg xmlns=\"http:\/\/www.w3.org\/2000\/svg\" id=\"OBJECTS\" viewBox=\"0 0 77 77\"><polygon points=\"77 35.9 41.2 35.9 41.2 0 35.9 0 35.9 35.9 0 35.9 0 41.2 35.9 41.2 35.9 77 41.2 77 41.2 41.2 77 41.2 77 35.9\" fill=\"#f16a00\"><\/polygon><\/svg>\t<\/span>\n\t\t\t<\/span>\n\t\t<span class=\"qodef-icon--minus\">\n\t\t\t\t<span class=\"qodef-e-icon\">\n\t\t<svg xmlns=\"http:\/\/www.w3.org\/2000\/svg\" id=\"OBJECTS\" viewBox=\"0 0 77 77\"><rect x=\"35.9\" width=\"5.3\" height=\"77\" transform=\"translate(77) rotate(90)\" fill=\"#f16a00\"><\/rect><\/svg>\t<\/span>\n\t\t\t<\/span>\n\t<\/span>\n\t<\/h3>\n<div class=\"qodef-e-content\">\n\t<div class=\"qodef-e-content-inner\">\n\t\t<p><span style=\"font-weight: 400\">El morter de llana de roca projectat es pot aplicar sobre una gran varietat d\u2019elements\u00a0 constructius per millorar la resist\u00e8ncia al foc. \u00c9s una soluci\u00f3 ideal per a la protecci\u00f3 d\u2019estructures met\u00e0l\u00b7liques (pilars, bigues), forjats de xapa col\u00b7laborant, forjats de formig\u00f3 i murs. T\u00e9 una aplicaci\u00f3 m\u00e9s r\u00e0pida i permet recobrir geometries complexes de manera uniforme.\u00a0<\/span><\/p><p><span style=\"font-weight: 400\">A Servypro, comptem amb equips especialitzats en l\u2019aplicaci\u00f3 de morter ign\u00edfug projectat en tota mena d\u2019obres, tant a Madrid com a Catalunya.<\/span><\/p>\t<\/div>\n<\/div>\n<h3 class=\"qodef-e-title-holder\">\n\t<span class=\"qodef-e-title\">\n\t\t\t\t\u00c9s t\u00f2xic el morter de llana de roca? \t<\/span>\n\t\t<span class=\"qodef-e-mark\">\n\t\t<span class=\"qodef-icon--plus\">\n\t\t\t\t<span class=\"qodef-e-icon\">\n\t\t<svg xmlns=\"http:\/\/www.w3.org\/2000\/svg\" id=\"OBJECTS\" viewBox=\"0 0 77 77\"><polygon points=\"77 35.9 41.2 35.9 41.2 0 35.9 0 35.9 35.9 0 35.9 0 41.2 35.9 41.2 35.9 77 41.2 77 41.2 41.2 77 41.2 77 35.9\" fill=\"#f16a00\"><\/polygon><\/svg>\t<\/span>\n\t\t\t<\/span>\n\t\t<span class=\"qodef-icon--minus\">\n\t\t\t\t<span class=\"qodef-e-icon\">\n\t\t<svg xmlns=\"http:\/\/www.w3.org\/2000\/svg\" id=\"OBJECTS\" viewBox=\"0 0 77 77\"><rect x=\"35.9\" width=\"5.3\" height=\"77\" transform=\"translate(77) rotate(90)\" fill=\"#f16a00\"><\/rect><\/svg>\t<\/span>\n\t\t\t<\/span>\n\t<\/span>\n\t<\/h3>\n<div class=\"qodef-e-content\">\n\t<div class=\"qodef-e-content-inner\">\n\t\t<p><span style=\"font-weight: 400\">No, el morter de llana de roca est\u00e0 compost per materials no t\u00f2xics. La llana de roca \u00e9s un material mineral inert que no allibera subst\u00e0ncies perilloses. Compleix amb la normativa europea de seguretat i es pot aplicar sense risc per a la salut dels treballadors ni dels ocupants de l\u2019edifici.<\/span><\/p>\t<\/div>\n<\/div>\n<\/div>\n\t<script type=\"application\/ld+json\">{\"@context\":\"https:\\\/\\\/schema.org\",\"@type\":\"FAQPage\",\"mainEntity\":[{\"@type\":\"Question\",\"name\":\"Per a qu\\u00e8 s\\u2019utilitza el morter de llana de roca? \",\"acceptedAnswer\":{\"@type\":\"Answer\",\"text\":\"<p><span style=\\\"font-weight: 400\\\">El morter de llana de roca \\u00e9s un material ign\\u00edfug que s\\u2019obt\\u00e9 de la barreja de llana de roca, ciment i altres additius. S\\u2019aplica mitjan\\u00e7ant projecci\\u00f3 (d\\u2019aqu\\u00ed el terme morter de llana de roca projectat) sobre elements estructurals d\\u2019acer o formig\\u00f3 per protegir-los del foc. L\\u2019avantatge principal \\u00e9s la gran capacitat d\\u2019a\\u00efllament t\\u00e8rmic, que retarda l\\u2019augment de la temperatura dels elements que recobreix, i en mant\\u00e9 l\\u2019estabilitat en cas d\\u2019incendi. \\u00c9s una de les solucions de morter ign\\u00edfug m\\u00e9s\\u00a0<\\\/span><span style=\\\"font-weight: 400\\\">utilitzades en edificaci\\u00f3.\\u00a0<\\\/span><\\\/p>\"}},{\"@type\":\"Question\",\"name\":\"Quins avantatges t\\u00e9 davant d\\u2019altres materials? \",\"acceptedAnswer\":{\"@type\":\"Answer\",\"text\":\"<p><span style=\\\"font-weight: 400\\\">El morter de llana de roca destaca per la resist\\u00e8ncia excel\\u00b7lent al foc, la capacitat d\\u2019a\\u00efllament t\\u00e8rmic i ac\\u00fastic i per la baixa toxicitat. A difer\\u00e8ncia d\\u2019altres materials, mant\\u00e9 les seves propietats fins i tot a altes temperatures i s\\u2019adapta f\\u00e0cilment a diferents superf\\u00edcies, el que garanteix una protecci\\u00f3 passiva efica\\u00e7 i sostenible. A m\\u00e9s, no cont\\u00e9 subst\\u00e0ncies perilloses i presenta menys impacte ambiental.\\u00a0<\\\/span><\\\/p>\"}},{\"@type\":\"Question\",\"name\":\"Com afecta el foc? \",\"acceptedAnswer\":{\"@type\":\"Answer\",\"text\":\"<p><span style=\\\"font-weight: 400\\\">El morter de llana de roca actua com a barrera protectora davant el foc. La seva composici\\u00f3 mineral alenteix la propagaci\\u00f3 de les flames, protegeix les estructures durant m\\u00e9s temps (fins a R 240) i minimitza el risc de col\\u00b7lapse. Fins i tot en condicions extremes, conserva la integritat, i ofereix seguretat estructural i m\\u00e9s temps d\\u2019evacuaci\\u00f3 en cas d\\u2019incendi. Per determinar el gruix necessari, es fa un c\\u00e0lcul t\\u00e8cnic basat en la massivitat del perfil met\\u00e0l\\u00b7lic o les caracter\\u00edstiques de l\\u2019element que cal protegir.<\\\/span><span style=\\\"font-weight: 400\\\">\\u00a0<\\\/span><\\\/p>\"}},{\"@type\":\"Question\",\"name\":\"Quins problemes solucionem amb el morter de llana de roca? \",\"acceptedAnswer\":{\"@type\":\"Answer\",\"text\":\"<p><span style=\\\"font-weight: 400\\\">La protecci\\u00f3 d\\u2019elements estructurals i la sectoritzaci\\u00f3 s\\u00f3n claus en qualsevol projecte, per\\u00f2 presenten reptes espec\\u00edfics que el morter de llana de roca resol amb gran efic\\u00e0cia:\\u00a0<\\\/span><\\\/p><p><span style=\\\"font-weight: 400\\\">Vulnerabilitat de les estructures met\\u00e0l\\u00b7liques i de formig\\u00f3: l\\u2019acer perd la capacitat\\u00a0 portant a temperatures relativament baixes (al voltant dels 500 \\u00b0C), mentre que el formig\\u00f3 pot patir descrostaments (<\\\/span><i><span style=\\\"font-weight: 400\\\">spalling<\\\/span><\\\/i><span style=\\\"font-weight: 400\\\">) que exposen l\\u2019armadura. El morter de llana de roca actua com un escut, en mantenir la integritat estructural durant el temps que requereix la normativa.\\u00a0<\\\/span><\\\/p><p><span style=\\\"font-weight: 400\\\">Necessitat d\\u2019a\\u00efllament t\\u00e8rmic i ac\\u00fastic: a m\\u00e9s de la protecci\\u00f3 contra el foc, en molts projectes cal complir amb les exig\\u00e8ncies del CTE en mat\\u00e8ria d\\u2019a\\u00efllament. Utilitzar diferents productes per a cada necessitat incrementa els costos i la complexitat de l\\u2019obra.\\u00a0<\\\/span><\\\/p><p><span style=\\\"font-weight: 400\\\">Dificultat per protegir geometries complexes: protegir amb solucions r\\u00edgides (plaques o panells) elements amb formes irregulars, com ara bigues, pilars o forjats reticulars, \\u00e9s un proc\\u00e9s lent, cost\\u00f3s i que sovint deixa juntes i ponts t\\u00e8rmics.\\u00a0<\\\/span><\\\/p><p><span style=\\\"font-weight: 400\\\">Garantia d\\u2019una aplicaci\\u00f3 homog\\u00e8nia i certificada: l\\u2019efic\\u00e0cia del revestiment dep\\u00e8n de manera directa del gruix i de la densitat aplicats. Una mala praxi pot invalidar la protecci\\u00f3 i generar un fals sentit de seguretat, amb conseq\\u00fc\\u00e8ncies greus, tant legals com materials.\\u00a0<\\\/span><\\\/p>\"}},{\"@type\":\"Question\",\"name\":\"Quina soluci\\u00f3 t\\u2019oferim a Servypro? \",\"acceptedAnswer\":{\"@type\":\"Answer\",\"text\":\"<p><span style=\\\"font-weight: 400\\\">Fidels a la nostra promesa de compliment sense complicacions, hem perfeccionat\\u00a0 un servei d\\u2019aplicaci\\u00f3 de morter de llana de roca que et garanteix un resultat impecable de principi a fi.\\u00a0<\\\/span><\\\/p><ol><li><span style=\\\"font-weight: 400\\\"> Estudi t\\u00e8cnic i proposta detallada: el nostre equip t\\u00e8cnic avalua el tipus d\\u2019estructura que cal protegir (met\\u00e0l\\u00b7lica, formig\\u00f3, mixta), l\\u2019element (biga, pilar, forjat) i la resist\\u00e8ncia al foc requerida (des d\\u2019R 15 fins a R 240). En 48-72 hores, rebr\\u00e0s una proposta clara que defineix el gruix exacte de morter necessari i un pressupost tancat.<\\\/span><span style=\\\"font-weight: 400\\\"><br \\\/><\\\/span><\\\/li><li><span style=\\\"font-weight: 400\\\"> Aplicaci\\u00f3 per projecci\\u00f3 controlada: mitjan\\u00e7ant equips de projecci\\u00f3 neum\\u00e0tics, el nostre personal qualificat aplica el morter de manera r\\u00e0pida i eficient, aix\\u00ed crea una capa cont\\u00ednua i sense juntes que s\\u2019adhereix perfectament a qualsevol superf\\u00edcie, sense que importi la forma que tingui. Fem mesuraments del gruix constants durant el proc\\u00e9s per assegurar una cobertura uniforme i garantir el compliment.\\u00a0<\\\/span><\\\/li><\\\/ol><p>\\u00a0<\\\/p><ol><li><span style=\\\"font-weight: 400\\\"> Certificat d\\u2019aplicaci\\u00f3 i garantia total: en acabar la feina, et lliurem un certificat oficial que acredita la resist\\u00e8ncia al foc obtinguda, els gruixos aplicats i el compliment de la normativa. Aquest document \\u00e9s la teva m\\u00e0xima garantia de seguretat i tranquil\\u00b7litat davant qualsevol inspecci\\u00f3 t\\u00e8cnica o requeriment de la teva asseguradora. Amb el morter de llana de roca aplicat per Servypro, no nom\\u00e9s protegeixes el teu\\u00a0 edifici contra el foc, sin\\u00f3 que en millores l\\u2019efici\\u00e8ncia energ\\u00e8tica i el confort ac\\u00fastic amb una \\u00fanica soluci\\u00f3, certificada i sense sorpreses. <\\\/span><\\\/li><\\\/ol><p>s.<\\\/p>\"}},{\"@type\":\"Question\",\"name\":\"Quina difer\\u00e8ncia hi ha entre el morter de llana de roca i altres morters   ign\\u00edfugs? \",\"acceptedAnswer\":{\"@type\":\"Answer\",\"text\":\"<p><span style=\\\"font-weight: 400\\\">La principal difer\\u00e8ncia del morter de llana de roca amb altres morters, com el de vermiculita, \\u00e9s la composici\\u00f3 i l\\u2019acabat. La llana de roca \\u00e9s una fibra mineral que li confereix una gran capacitat a\\u00efllant i un acabat m\\u00e9s rug\\u00f3s. El morter projectat ign\\u00edfug de llana de roca \\u00e9s molt lleuger i s\\u2019adhereix perfectament a superf\\u00edcies met\\u00e0l\\u00b7liques i de formig\\u00f3. L\\u2019elecci\\u00f3 entre un tipus de morter o un altre dependr\\u00e0 dels requeriments t\\u00e8cnics del projecte, l\\u2019acabat est\\u00e8tic desitjat i el suport sobre el qual s\\u2019ha d\\u2019aplicar.\\u00a0<\\\/span><\\\/p>\"}},{\"@type\":\"Question\",\"name\":\"On es pot aplicar el morter de llana de roca projectat? \",\"acceptedAnswer\":{\"@type\":\"Answer\",\"text\":\"<p><span style=\\\"font-weight: 400\\\">El morter de llana de roca projectat es pot aplicar sobre una gran varietat d\\u2019elements\\u00a0 constructius per millorar la resist\\u00e8ncia al foc. \\u00c9s una soluci\\u00f3 ideal per a la protecci\\u00f3 d\\u2019estructures met\\u00e0l\\u00b7liques (pilars, bigues), forjats de xapa col\\u00b7laborant, forjats de formig\\u00f3 i murs. T\\u00e9 una aplicaci\\u00f3 m\\u00e9s r\\u00e0pida i permet recobrir geometries complexes de manera uniforme.\\u00a0<\\\/span><\\\/p><p><span style=\\\"font-weight: 400\\\">A Servypro, comptem amb equips especialitzats en l\\u2019aplicaci\\u00f3 de morter ign\\u00edfug projectat en tota mena d\\u2019obres, tant a Madrid com a Catalunya.<\\\/span><\\\/p>\"}},{\"@type\":\"Question\",\"name\":\"\\u00c9s t\\u00f2xic el morter de llana de roca? \",\"acceptedAnswer\":{\"@type\":\"Answer\",\"text\":\"<p><span style=\\\"font-weight: 400\\\">No, el morter de llana de roca est\\u00e0 compost per materials no t\\u00f2xics. La llana de roca \\u00e9s un material mineral inert que no allibera subst\\u00e0ncies perilloses. Compleix amb la normativa europea de seguretat i es pot aplicar sense risc per a la salut dels treballadors ni dels ocupants de l\\u2019edifici.<\\\/span><\\\/p>\"}}]}<\/script>\n\t\t\t\t<\/div>\n\t\t\t\t<\/div>\n\t\t\t\t\t<\/div>\n\t\t\t\t<\/div>\n\t\t<div class=\"elementor-element elementor-element-1dcfc00 e-flex e-con-boxed e-con e-parent\" data-id=\"1dcfc00\" data-element_type=\"container\" data-e-type=\"container\">\n\t\t\t\t\t<div class=\"e-con-inner\">\n\t\t<div class=\"elementor-element elementor-element-b3978c9 e-con-full e-flex e-con e-child\" data-id=\"b3978c9\" data-element_type=\"container\" data-e-type=\"container\">\n\t\t<div class=\"elementor-element elementor-element-9570f38 qodef-elementor-content-grid e-flex e-con-boxed e-con e-child\" data-id=\"9570f38\" data-element_type=\"container\" data-e-type=\"container\">\n\t\t\t\t\t<div class=\"e-con-inner\">\n\t\t<div class=\"elementor-element elementor-element-93bf476 e-con-full e-flex e-con e-child\" data-id=\"93bf476\" data-element_type=\"container\" data-e-type=\"container\">\n\t\t\t\t<div class=\"elementor-element elementor-element-ecf4d3d elementor-widget elementor-widget-freightexpress_core_section_title\" data-id=\"ecf4d3d\" data-element_type=\"widget\" data-e-type=\"widget\" data-widget_type=\"freightexpress_core_section_title.default\">\n\t\t\t\t<div class=\"elementor-widget-container\">\n\t\t\t\t\t<div class=\"qodef-shortcode qodef-m  qodef-section-title qodef-alignment--left  \">\n    \t\t<h2 class=\"qodef-m-title\" >\n\t\t\tContacteu amb Servypro\t<\/h2>\n\t    <p class=\"qodef-m-description\" > Indiqueu-nos els detalls del vostre projecte i rebreu una proposta t\u00e8cnica i un pressupost per a l'aplicaci\u00f3 professional de morter ign\u00edfug, amb certificaci\u00f3 final garantida.<\/p>\n    <\/div>\n\t\t\t\t<\/div>\n\t\t\t\t<\/div>\n\t\t<div class=\"elementor-element elementor-element-7bc5360 e-con-full e-flex e-con e-child\" data-id=\"7bc5360\" data-element_type=\"container\" data-e-type=\"container\">\n\t\t\t\t<div class=\"elementor-element elementor-element-cf280f3 elementor-widget elementor-widget-text-editor\" data-id=\"cf280f3\" data-element_type=\"widget\" data-e-type=\"widget\" data-widget_type=\"text-editor.default\">\n\t\t\t\t\t\t\t\t\t<div id=\"block-26\" class=\"widget widget_block\" data-area=\"qodef-footer-top-area-column-2\"><h6 class=\"qodef-widget-title\">Delegaci\u00f3n Madrid<\/h6><p><a target=\"_blank\" rel=\"noreferrer noopener\">C\/ Babilonia 33-3\u00baB<br \/>28042, Madrid<\/a><\/p><p>t. <a href=\"tel:+34670427845\" target=\"_blank\" rel=\"noreferrer noopener\">+34 670 427 845<\/a><\/p><p>\u00a0<\/p><\/div>\t\t\t\t\t\t\t\t<\/div>\n\t\t\t\t<div class=\"elementor-element elementor-element-5bd4999 elementor-widget elementor-widget-text-editor\" data-id=\"5bd4999\" data-element_type=\"widget\" data-e-type=\"widget\" data-widget_type=\"text-editor.default\">\n\t\t\t\t\t\t\t\t\t<div id=\"block-26\" class=\"widget widget_block\" data-area=\"qodef-footer-top-area-column-2\"><div id=\"block-26\" class=\"widget widget_block\" data-area=\"qodef-footer-top-area-column-2\"><div id=\"block-31\" class=\"widget widget_block\" data-area=\"qodef-footer-top-area-column-2\"><h6 class=\"qodef-widget-title\">Delegaci\u00f3n Catalu\u00f1a<\/h6><p><a target=\"_blank\" rel=\"noreferrer noopener\">Carrer del Mol\u00ed d&#8217;en Planas 8 <br \/>Pol\u00edgono Santiga, Nave Industrial n\u00ba2 <br \/>08210, Barber\u00e0 del Vall\u00e8s (Barcelona)<\/a><\/p><p>t. <a href=\"tel:+34666304347\" target=\"_blank\" rel=\"noreferrer noopener\">+34 666 304 347<\/a><\/p><p>\u00a0<\/p><\/div><\/div><\/div>\t\t\t\t\t\t\t\t<\/div>\n\t\t\t\t<\/div>\n\t\t<div class=\"elementor-element elementor-element-b8f2085 e-con-full e-flex e-con e-child\" data-id=\"b8f2085\" data-element_type=\"container\" data-e-type=\"container\">\n\t\t\t\t<div class=\"elementor-element elementor-element-36ce4da elementor-icon-list--layout-inline elementor-list-item-link-full_width elementor-widget elementor-widget-icon-list\" data-id=\"36ce4da\" data-element_type=\"widget\" data-e-type=\"widget\" data-widget_type=\"icon-list.default\">\n\t\t\t\t\t\t\t<ul class=\"elementor-icon-list-items elementor-inline-items\">\n\t\t\t\t\t\t\t<li class=\"elementor-icon-list-item elementor-inline-item\">\n\t\t\t\t\t\t\t\t\t\t\t<a href=\"https:\/\/servyproglobal.com\/ca\/ignifugaciones\/\">\n\n\t\t\t\t\t\t\t\t\t\t\t<span class=\"elementor-icon-list-text\">Ignifugaciones<\/span>\n\t\t\t\t\t\t\t\t\t\t\t<\/a>\n\t\t\t\t\t\t\t\t\t<\/li>\n\t\t\t\t\t\t\t\t<li class=\"elementor-icon-list-item elementor-inline-item\">\n\t\t\t\t\t\t\t\t\t\t\t<a href=\"https:\/\/servyproglobal.com\/ca\/soluciones\/\">\n\n\t\t\t\t\t\t\t\t\t\t\t<span class=\"elementor-icon-list-text\">Soluciones<\/span>\n\t\t\t\t\t\t\t\t\t\t\t<\/a>\n\t\t\t\t\t\t\t\t\t<\/li>\n\t\t\t\t\t\t\t\t<li class=\"elementor-icon-list-item elementor-inline-item\">\n\t\t\t\t\t\t\t\t\t\t\t<a href=\"https:\/\/servyproglobal.com\/ca\/proyectos-de-exito\/\">\n\n\t\t\t\t\t\t\t\t\t\t\t<span class=\"elementor-icon-list-text\">Proyectos de \u00e9xito<\/span>\n\t\t\t\t\t\t\t\t\t\t\t<\/a>\n\t\t\t\t\t\t\t\t\t<\/li>\n\t\t\t\t\t\t<\/ul>\n\t\t\t\t\t\t<\/div>\n\t\t\t\t<\/div>\n\t\t\t\t<\/div>\n\t\t<div class=\"elementor-element elementor-element-8e0aca0 e-con-full e-flex e-con e-child\" data-id=\"8e0aca0\" data-element_type=\"container\" data-e-type=\"container\">\n\t\t\t\t<div class=\"elementor-element elementor-element-3e999d0 elementor-button-align-start elementor-widget elementor-widget-form\" data-id=\"3e999d0\" data-element_type=\"widget\" data-e-type=\"widget\" data-settings=\"{&quot;button_width&quot;:&quot;20&quot;,&quot;step_next_label&quot;:&quot;Next&quot;,&quot;step_previous_label&quot;:&quot;Previous&quot;,&quot;step_icon_shape&quot;:&quot;square&quot;,&quot;step_type&quot;:&quot;number_text&quot;}\" data-widget_type=\"form.default\">\n\t\t\t\t\t\t\t<form class=\"elementor-form\" method=\"post\" name=\"New Form\" aria-label=\"New Form\" novalidate=\"\">\r\n\t\t\t<input type=\"hidden\" name=\"post_id\" value=\"10749\"\/>\r\n\t\t\t<input type=\"hidden\" name=\"form_id\" value=\"3e999d0\"\/>\r\n\t\t\t<input type=\"hidden\" name=\"referer_title\" value=\"Morter de llana de roca - SERVYPRO\" \/>\r\n\r\n\t\t\t\t\t\t\t<input type=\"hidden\" name=\"queried_id\" value=\"10749\"\/>\r\n\t\t\t\r\n\t\t\t<div class=\"elementor-form-fields-wrapper elementor-labels-\">\r\n\t\t\t\t\t\t\t\t<div class=\"elementor-field-type-text elementor-field-group elementor-column elementor-field-group-name elementor-col-100 elementor-field-required\">\r\n\t\t\t\t\t\t\t\t\t\t\t\t<label for=\"form-field-name\" class=\"elementor-field-label elementor-screen-only\">\r\n\t\t\t\t\t\t\t\tNombre\t\t\t\t\t\t\t<\/label>\r\n\t\t\t\t\t\t\t\t\t\t\t\t\t\t<input size=\"1\" type=\"text\" name=\"form_fields[name]\" id=\"form-field-name\" class=\"elementor-field elementor-size-xl  elementor-field-textual\" placeholder=\"Nombre\" required=\"required\">\r\n\t\t\t\t\t\t\t\t\t\t\t<\/div>\r\n\t\t\t\t\t\t\t\t<div class=\"elementor-field-type-email elementor-field-group elementor-column elementor-field-group-email elementor-col-100 elementor-field-required\">\r\n\t\t\t\t\t\t\t\t\t\t\t\t<label for=\"form-field-email\" class=\"elementor-field-label elementor-screen-only\">\r\n\t\t\t\t\t\t\t\tEmail\t\t\t\t\t\t\t<\/label>\r\n\t\t\t\t\t\t\t\t\t\t\t\t\t\t<input size=\"1\" type=\"email\" name=\"form_fields[email]\" id=\"form-field-email\" class=\"elementor-field elementor-size-xl  elementor-field-textual\" placeholder=\"Correo\" required=\"required\">\r\n\t\t\t\t\t\t\t\t\t\t\t<\/div>\r\n\t\t\t\t\t\t\t\t<div class=\"elementor-field-type-tel elementor-field-group elementor-column elementor-field-group-field_eb73952 elementor-col-100\">\r\n\t\t\t\t\t\t\t\t\t\t\t\t<label for=\"form-field-field_eb73952\" class=\"elementor-field-label elementor-screen-only\">\r\n\t\t\t\t\t\t\t\tTel\u00e9fono\t\t\t\t\t\t\t<\/label>\r\n\t\t\t\t\t\t\t\t<input size=\"1\" type=\"tel\" name=\"form_fields[field_eb73952]\" id=\"form-field-field_eb73952\" class=\"elementor-field elementor-size-xl  elementor-field-textual\" placeholder=\"Tel\u00e9fono\" pattern=\"[0-9()#&amp;+*-=.]+\" title=\"Only numbers and phone characters (#, -, *, etc) are accepted.\">\r\n\r\n\t\t\t\t\t\t<\/div>\r\n\t\t\t\t\t\t\t\t<div class=\"elementor-field-type-textarea elementor-field-group elementor-column elementor-field-group-field_1eaf591 elementor-col-100 elementor-field-required\">\r\n\t\t\t\t\t\t\t\t\t\t\t\t<label for=\"form-field-field_1eaf591\" class=\"elementor-field-label elementor-screen-only\">\r\n\t\t\t\t\t\t\t\tMensaje\t\t\t\t\t\t\t<\/label>\r\n\t\t\t\t\t\t<textarea class=\"elementor-field-textual elementor-field  elementor-size-xl\" name=\"form_fields[field_1eaf591]\" id=\"form-field-field_1eaf591\" rows=\"5\" placeholder=\"Escriba aqu\u00ed su mensaje...\" required=\"required\"><\/textarea>\t\t\t\t<\/div>\r\n\t\t\t\t\t\t\t\t<div class=\"elementor-field-type-recaptcha_v3 elementor-field-group elementor-column elementor-field-group-field_91d6a83 elementor-col-100 recaptcha_v3-bottomright\">\r\n\t\t\t\t\t<div class=\"elementor-field\" id=\"form-field-field_91d6a83\"><div class=\"elementor-g-recaptcha\" data-sitekey=\"6LdYv44rAAAAAFYT_VNaiSNZFklDwG-H7G8DmGXk\" data-type=\"v3\" data-action=\"Form\" data-badge=\"bottomright\" data-size=\"invisible\"><\/div><\/div>\t\t\t\t<\/div>\r\n\t\t\t\t\t\t\t\t<div class=\"elementor-field-type-acceptance elementor-field-group elementor-column elementor-field-group-field_574d1ec elementor-col-100 elementor-field-required\">\r\n\t\t\t\t\t\t\t\t\t\t\t\t<label for=\"form-field-field_574d1ec\" class=\"elementor-field-label elementor-screen-only\">\r\n\t\t\t\t\t\t\t\tAceptaci\u00f3n\t\t\t\t\t\t\t<\/label>\r\n\t\t\t\t\t\t\t\t<div class=\"elementor-field-subgroup\">\r\n\t\t\t<span class=\"elementor-field-option\">\r\n\t\t\t\t<input type=\"checkbox\" name=\"form_fields[field_574d1ec]\" id=\"form-field-field_574d1ec\" class=\"elementor-field elementor-size-xl  elementor-acceptance-field\" required=\"required\">\r\n\t\t\t\t<label for=\"form-field-field_574d1ec\">Acepto <a href=\"https:\/\/servyproglobal.com\/aviso-legal\">Aviso Legal<\/a> y <a href=\"https:\/\/servyproglobal.com\/politica-de-privacidad\">Pol\u00edtica de Privacidad<\/a><\/label>\t\t\t<\/span>\r\n\t\t<\/div>\r\n\t\t\t\t\t\t<\/div>\r\n\t\t\t\t\t\t\t\t<div class=\"elementor-field-group elementor-column elementor-field-type-submit elementor-col-20 e-form__buttons\">\r\n\t\t\t\t\t<button class=\"elementor-button elementor-size-lg\" type=\"submit\">\r\n\t\t\t\t\t\t<span class=\"elementor-button-content-wrapper\">\r\n\t\t\t\t\t\t\t\t\t\t\t\t\t\t\t<span class=\"elementor-button-icon\">\r\n\t\t\t\t\t\t\t\t\t<svg aria-hidden=\"true\" class=\"e-font-icon-svg e-fas-arrow-right\" viewBox=\"0 0 448 512\" xmlns=\"http:\/\/www.w3.org\/2000\/svg\"><path d=\"M190.5 66.9l22.2-22.2c9.4-9.4 24.6-9.4 33.9 0L441 239c9.4 9.4 9.4 24.6 0 33.9L246.6 467.3c-9.4 9.4-24.6 9.4-33.9 0l-22.2-22.2c-9.5-9.5-9.3-25 .4-34.3L311.4 296H24c-13.3 0-24-10.7-24-24v-32c0-13.3 10.7-24 24-24h287.4L190.9 101.2c-9.8-9.3-10-24.8-.4-34.3z\"><\/path><\/svg>\t\t\t\t\t\t\t\t\t\t\t\t\t\t\t\t\t<\/span>\r\n\t\t\t\t\t\t\t\t\t\t\t\t\t\t\t\t\t\t\t\t\t\t<span class=\"elementor-button-text\">Enviar<\/span>\r\n\t\t\t\t\t\t\t\t\t\t\t\t\t<\/span>\r\n\t\t\t\t\t<\/button>\r\n\t\t\t\t<\/div>\r\n\t\t\t<\/div>\r\n\t\t<\/form>\r\n\t\t\t\t\t\t<\/div>\n\t\t\t\t<\/div>\n\t\t\t\t\t<\/div>\n\t\t\t\t<\/div>\n\t\t\t\t<\/div>\n\t\t\t\t\t<\/div>\n\t\t\t\t<\/div>\n\t\t<div class=\"elementor-element elementor-element-fb71f6b e-flex e-con-boxed e-con e-parent\" data-id=\"fb71f6b\" data-element_type=\"container\" data-e-type=\"container\">\n\t\t\t\t\t<div class=\"e-con-inner\">\n\t\t<div class=\"elementor-element elementor-element-447d2e0 e-con-full e-flex e-con e-child\" data-id=\"447d2e0\" data-element_type=\"container\" data-e-type=\"container\">\n\t\t\t\t<div class=\"elementor-element elementor-element-4b216f6 elementor-widget elementor-widget-heading\" data-id=\"4b216f6\" data-element_type=\"widget\" data-e-type=\"widget\" data-widget_type=\"heading.default\">\n\t\t\t\t\t<h4 class=\"elementor-heading-title elementor-size-default\">\u00daltimes not\u00edcies<\/h4>\t\t\t\t<\/div>\n\t\t\t\t<\/div>\n\t\t\t\t\t<\/div>\n\t\t\t\t<\/div>\n\t\t<div class=\"elementor-element elementor-element-2a7f9a4 e-flex e-con-boxed e-con e-parent\" data-id=\"2a7f9a4\" data-element_type=\"container\" data-e-type=\"container\">\n\t\t\t\t\t<div class=\"e-con-inner\">\n\t\t<div class=\"elementor-element elementor-element-9fb16b4 e-con-full e-flex e-con e-child\" data-id=\"9fb16b4\" data-element_type=\"container\" data-e-type=\"container\">\n\t\t\t\t<div class=\"elementor-element elementor-element-e9dba6c elementor-widget elementor-widget-qi_addons_for_elementor_blog_list\" data-id=\"e9dba6c\" data-element_type=\"widget\" data-e-type=\"widget\" data-widget_type=\"qi_addons_for_elementor_blog_list.default\">\n\t\t\t\t<div class=\"elementor-widget-container\">\n\t\t\t\t\t<div class=\"qodef-shortcode qodef-m qodef-addons-blog-list qodef-info-no-icons qodef-image--hover-zoom qodef-qi-grid qodef-layout--qi-masonry qodef-col-num--3 qodef-item-layout--boxed qodef-responsive--predefined\" >\n\t<div class=\"qodef-grid-inner\">\n\t\t\t<div class=\"qodef-qi-grid-masonry-sizer\"><\/div>\n<article class=\"qodef-e qodef-blog-item qodef-grid-item post-10910 post type-post status-publish format-standard has-post-thumbnail hentry category-sin-categorizar\">\n\t<div class=\"qodef-e-inner\">\n\t\t<div class=\"qodef-e-media-holder\">\n\t\t\t<div class=\"qodef-e-media\">\n\t\t<div class=\"qodef-e-media-image\">\n\t\t<a itemprop=\"url\" href=\"https:\/\/servyproglobal.com\/ca\/mantenimiento-de-sistemas-pci-contra-incendio-guia-de-proteccion-pasiva\/\">\n\t\t\t<img decoding=\"async\" width=\"2560\" height=\"1391\" src=\"https:\/\/servyproglobal.com\/wp-content\/uploads\/2026\/02\/mantenimiento-de-sistemas-pci.jpg\" class=\"attachment- size-\" alt=\"\" srcset=\"https:\/\/servyproglobal.com\/wp-content\/uploads\/2026\/02\/mantenimiento-de-sistemas-pci.jpg 2560w, https:\/\/servyproglobal.com\/wp-content\/uploads\/2026\/02\/mantenimiento-de-sistemas-pci-300x163.jpg 300w, https:\/\/servyproglobal.com\/wp-content\/uploads\/2026\/02\/mantenimiento-de-sistemas-pci-1024x556.jpg 1024w, https:\/\/servyproglobal.com\/wp-content\/uploads\/2026\/02\/mantenimiento-de-sistemas-pci-768x417.jpg 768w, https:\/\/servyproglobal.com\/wp-content\/uploads\/2026\/02\/mantenimiento-de-sistemas-pci-1536x835.jpg 1536w, https:\/\/servyproglobal.com\/wp-content\/uploads\/2026\/02\/mantenimiento-de-sistemas-pci-2048x1113.jpg 2048w\" sizes=\"(max-width: 2560px) 100vw, 2560px\" \/>\t\t<\/a>\n\t\t\t<\/div>\n<\/div>\n<div itemprop=\"dateCreated\" class=\"qodef-e-info-item qodef-e-info-date entry-date \">\n\t<a itemprop=\"url\" href=\"https:\/\/servyproglobal.com\/ca\/2026\/02\/\">\n\t\t22 febr.\t<\/a>\n<\/div>\n\t\t<\/div>\n\t\t<div class=\"qodef-e-content\">\n\t\t\t\t\t\t\t<div class=\"qodef-e-info qodef-info--top\">\n\t\t\t\t\t<div class=\"qodef-e-info-item qodef-e-info-category\">\n\t\t<a href=\"https:\/\/servyproglobal.com\/ca\/category\/sin-categorizar\/\" rel=\"category tag\">Sin categorizar<\/a><\/div>\n\t\t\t\t<\/div>\n\t\t\t\t\t\t<div class=\"qodef-e-text\">\n\t\t\t\t<h5 itemprop=\"name\" class=\"qodef-e-title entry-title\">\n\t<a itemprop=\"url\" class=\"qodef-e-title-link\" href=\"https:\/\/servyproglobal.com\/ca\/mantenimiento-de-sistemas-pci-contra-incendio-guia-de-proteccion-pasiva\/\">\n\t\tMantenimiento de sistemas PCI contra incendio: gu\u00eda de protecci\u00f3n pasiva\t<\/a>\n<\/h5>\n\t\t<p itemprop=\"description\" class=\"qodef-e-excerpt\">\n\t\t\tSi tienes una nave, un local o un edificio en uso, hay una realidad inc\u00f3moda: el mantenimiento de sistemas PCI contra incendio no es algo que se haga una vez y ya quede perfecto p\t\t<\/p>\n\t\t\t\t<\/div>\n\t\t\t\t\t\t\t<div class=\"qodef-e-info qodef-info--bottom\">\n\t\t\t\t\t\t<div class=\"qodef-e-read-more\">\n\t\t<a class=\"qodef-shortcode qodef-m qodef-qi-button qodef-html--link qodef-layout--filled qodef-type--standard qodef-icon--right qodef-hover--icon-move-horizontal-short\" href=\"https:\/\/servyproglobal.com\/ca\/mantenimiento-de-sistemas-pci-contra-incendio-guia-de-proteccion-pasiva\/\" target=\"_self\">\t<span class=\"qodef-m-text\">Leer m\u00e1s<\/span>\t<\/a>\t<\/div>\n\t\t\t\t<\/div>\n\t\t\t\t\t<\/div>\n\t<\/div>\n<\/article>\n<article class=\"qodef-e qodef-blog-item qodef-grid-item post-10906 post type-post status-publish format-standard has-post-thumbnail hentry category-servyproglobal\">\n\t<div class=\"qodef-e-inner\">\n\t\t<div class=\"qodef-e-media-holder\">\n\t\t\t<div class=\"qodef-e-media\">\n\t\t<div class=\"qodef-e-media-image\">\n\t\t<a itemprop=\"url\" href=\"https:\/\/servyproglobal.com\/ca\/diferencias-entre-la-reaccion-al-fuego-y-la-resistencia-al-fuego-de-elementos-constructivos\/\">\n\t\t\t<img decoding=\"async\" width=\"2560\" height=\"1391\" src=\"https:\/\/servyproglobal.com\/wp-content\/uploads\/2026\/02\/resistencia-al-fuego-cte.jpg\" class=\"attachment- size-\" alt=\"resistencia-al-fuego-cte\" srcset=\"https:\/\/servyproglobal.com\/wp-content\/uploads\/2026\/02\/resistencia-al-fuego-cte.jpg 2560w, https:\/\/servyproglobal.com\/wp-content\/uploads\/2026\/02\/resistencia-al-fuego-cte-300x163.jpg 300w, https:\/\/servyproglobal.com\/wp-content\/uploads\/2026\/02\/resistencia-al-fuego-cte-1024x556.jpg 1024w, https:\/\/servyproglobal.com\/wp-content\/uploads\/2026\/02\/resistencia-al-fuego-cte-768x417.jpg 768w, https:\/\/servyproglobal.com\/wp-content\/uploads\/2026\/02\/resistencia-al-fuego-cte-1536x835.jpg 1536w, https:\/\/servyproglobal.com\/wp-content\/uploads\/2026\/02\/resistencia-al-fuego-cte-2048x1113.jpg 2048w\" sizes=\"(max-width: 2560px) 100vw, 2560px\" \/>\t\t<\/a>\n\t\t\t<\/div>\n<\/div>\n<div itemprop=\"dateCreated\" class=\"qodef-e-info-item qodef-e-info-date entry-date \">\n\t<a itemprop=\"url\" href=\"https:\/\/servyproglobal.com\/ca\/2026\/02\/\">\n\t\t12 febr.\t<\/a>\n<\/div>\n\t\t<\/div>\n\t\t<div class=\"qodef-e-content\">\n\t\t\t\t\t\t\t<div class=\"qodef-e-info qodef-info--top\">\n\t\t\t\t\t<div class=\"qodef-e-info-item qodef-e-info-category\">\n\t\t<a href=\"https:\/\/servyproglobal.com\/ca\/category\/servyproglobal\/\" rel=\"category tag\">Servyproglobal<\/a><\/div>\n\t\t\t\t<\/div>\n\t\t\t\t\t\t<div class=\"qodef-e-text\">\n\t\t\t\t<h5 itemprop=\"name\" class=\"qodef-e-title entry-title\">\n\t<a itemprop=\"url\" class=\"qodef-e-title-link\" href=\"https:\/\/servyproglobal.com\/ca\/diferencias-entre-la-reaccion-al-fuego-y-la-resistencia-al-fuego-de-elementos-constructivos\/\">\n\t\tDiferencias entre la reacci\u00f3n al fuego y la resistencia al fuego de elementos constructivos\t<\/a>\n<\/h5>\n\t\t<p itemprop=\"description\" class=\"qodef-e-excerpt\">\n\t\t\tSi dise\u00f1as o gestionas obras en Espa\u00f1a, tarde o temprano te enfrentas a dos conceptos que parecen sin\u00f3nimos, pero no lo son: reacci\u00f3n al fuego y resistencia al fuego de element\t\t<\/p>\n\t\t\t\t<\/div>\n\t\t\t\t\t\t\t<div class=\"qodef-e-info qodef-info--bottom\">\n\t\t\t\t\t\t<div class=\"qodef-e-read-more\">\n\t\t<a class=\"qodef-shortcode qodef-m qodef-qi-button qodef-html--link qodef-layout--filled qodef-type--standard qodef-icon--right qodef-hover--icon-move-horizontal-short\" href=\"https:\/\/servyproglobal.com\/ca\/diferencias-entre-la-reaccion-al-fuego-y-la-resistencia-al-fuego-de-elementos-constructivos\/\" target=\"_self\">\t<span class=\"qodef-m-text\">Leer m\u00e1s<\/span>\t<\/a>\t<\/div>\n\t\t\t\t<\/div>\n\t\t\t\t\t<\/div>\n\t<\/div>\n<\/article>\n<article class=\"qodef-e qodef-blog-item qodef-grid-item post-10900 post type-post status-publish format-standard has-post-thumbnail hentry category-materiales-ignifugos\">\n\t<div class=\"qodef-e-inner\">\n\t\t<div class=\"qodef-e-media-holder\">\n\t\t\t<div class=\"qodef-e-media\">\n\t\t<div class=\"qodef-e-media-image\">\n\t\t<a itemprop=\"url\" href=\"https:\/\/servyproglobal.com\/ca\/resistencia-al-fuego-de-forjados-colaborantes\/\">\n\t\t\t<img loading=\"lazy\" decoding=\"async\" width=\"2560\" height=\"1391\" src=\"https:\/\/servyproglobal.com\/wp-content\/uploads\/2026\/02\/resistencia-al-fuego-de-forjados-2.jpg\" class=\"attachment- size-\" alt=\"resistencia-al-fuego-de-forjados\" srcset=\"https:\/\/servyproglobal.com\/wp-content\/uploads\/2026\/02\/resistencia-al-fuego-de-forjados-2.jpg 2560w, https:\/\/servyproglobal.com\/wp-content\/uploads\/2026\/02\/resistencia-al-fuego-de-forjados-2-300x163.jpg 300w, https:\/\/servyproglobal.com\/wp-content\/uploads\/2026\/02\/resistencia-al-fuego-de-forjados-2-1024x556.jpg 1024w, https:\/\/servyproglobal.com\/wp-content\/uploads\/2026\/02\/resistencia-al-fuego-de-forjados-2-768x417.jpg 768w, https:\/\/servyproglobal.com\/wp-content\/uploads\/2026\/02\/resistencia-al-fuego-de-forjados-2-1536x835.jpg 1536w, https:\/\/servyproglobal.com\/wp-content\/uploads\/2026\/02\/resistencia-al-fuego-de-forjados-2-2048x1113.jpg 2048w\" sizes=\"(max-width: 2560px) 100vw, 2560px\" \/>\t\t<\/a>\n\t\t\t<\/div>\n<\/div>\n<div itemprop=\"dateCreated\" class=\"qodef-e-info-item qodef-e-info-date entry-date \">\n\t<a itemprop=\"url\" href=\"https:\/\/servyproglobal.com\/ca\/2026\/02\/\">\n\t\t8 febr.\t<\/a>\n<\/div>\n\t\t<\/div>\n\t\t<div class=\"qodef-e-content\">\n\t\t\t\t\t\t\t<div class=\"qodef-e-info qodef-info--top\">\n\t\t\t\t\t<div class=\"qodef-e-info-item qodef-e-info-category\">\n\t\t<a href=\"https:\/\/servyproglobal.com\/ca\/category\/materiales-ignifugos\/\" rel=\"category tag\">Materiales ign\u00edfugos<\/a><\/div>\n\t\t\t\t<\/div>\n\t\t\t\t\t\t<div class=\"qodef-e-text\">\n\t\t\t\t<h5 itemprop=\"name\" class=\"qodef-e-title entry-title\">\n\t<a itemprop=\"url\" class=\"qodef-e-title-link\" href=\"https:\/\/servyproglobal.com\/ca\/resistencia-al-fuego-de-forjados-colaborantes\/\">\n\t\tResistencia al fuego de forjados colaborantes\t<\/a>\n<\/h5>\n\t\t<p itemprop=\"description\" class=\"qodef-e-excerpt\">\n\t\t\tLa resistencia al fuego de forjados colaborantes es el punto cr\u00edtico en muchas naves industriales: sin protecci\u00f3n, los ensayos sit\u00faan su aguante real en torno a media hora, por\t\t<\/p>\n\t\t\t\t<\/div>\n\t\t\t\t\t\t\t<div class=\"qodef-e-info qodef-info--bottom\">\n\t\t\t\t\t\t<div class=\"qodef-e-read-more\">\n\t\t<a class=\"qodef-shortcode qodef-m qodef-qi-button qodef-html--link qodef-layout--filled qodef-type--standard qodef-icon--right qodef-hover--icon-move-horizontal-short\" href=\"https:\/\/servyproglobal.com\/ca\/resistencia-al-fuego-de-forjados-colaborantes\/\" target=\"_self\">\t<span class=\"qodef-m-text\">Leer m\u00e1s<\/span>\t<\/a>\t<\/div>\n\t\t\t\t<\/div>\n\t\t\t\t\t<\/div>\n\t<\/div>\n<\/article>\n\t<\/div>\n\t<\/div>\n\t\t\t\t<\/div>\n\t\t\t\t<\/div>\n\t\t\t\t<\/div>\n\t\t\t\t\t<\/div>\n\t\t\t\t<\/div>\n\t\t\t\t<\/div>\n\t\t","protected":false},"excerpt":{"rendered":"<p>Morter de llana de roca El morter de llana de roca \u00e9s una soluci\u00f3 de protecci\u00f3 passiva contra incendis que combina llana mineral i ciment, fet que proporciona una barrera ign\u00edfuga efica\u00e7, duradora i ecol\u00f2gica. Aquest sistema \u00e9s ideal per a projectes que exigeixen alts est\u00e0ndards de seguretat i sostenibilitat.\u00a0 A Servypro, apliquem aquest sistema [&hellip;]<\/p>\n","protected":false},"author":1,"featured_media":10583,"parent":10731,"menu_order":0,"comment_status":"closed","ping_status":"closed","template":"page-full-width.php","meta":{"_acf_changed":false,"footnotes":""},"class_list":["post-10749","page","type-page","status-publish","has-post-thumbnail","hentry"],"acf":[],"yoast_head":"<!-- This site is optimized with the Yoast SEO plugin v26.9 - https:\/\/yoast.com\/product\/yoast-seo-wordpress\/ -->\n<title>Morter de llana de roca ign\u00edfug i a\u00efllant - Servypro<\/title>\n<meta name=\"description\" content=\"Protecci\u00f3 passiva efica\u00e7 amb morter de llana de roca. A\u00efllament resistent al foc, t\u00e8rmic i ac\u00fastic per a tot tipus d&#039;estructures amb Servypro.\" \/>\n<meta name=\"robots\" content=\"index, follow, max-snippet:-1, max-image-preview:large, max-video-preview:-1\" \/>\n<link rel=\"canonical\" href=\"https:\/\/servyproglobal.com\/ca\/soluciones\/mortero-de-lana-de-roca\/\" \/>\n<meta property=\"og:locale\" content=\"ca_ES\" \/>\n<meta property=\"og:type\" content=\"article\" \/>\n<meta property=\"og:title\" content=\"Aislamiento t\u00e9rmico con lana de roca - Servypro\" \/>\n<meta property=\"og:description\" content=\"Aislamiento t\u00e9rmico y ac\u00fastico con lana de roca y materiales ign\u00edfugos. Alta eficiencia.\" \/>\n<meta property=\"og:url\" content=\"https:\/\/servyproglobal.com\/ca\/soluciones\/mortero-de-lana-de-roca\/\" \/>\n<meta property=\"og:site_name\" content=\"SERVYPRO\" \/>\n<meta property=\"article:modified_time\" content=\"2026-04-16T07:49:25+00:00\" \/>\n<meta property=\"og:image\" content=\"https:\/\/servyproglobal.com\/wp-content\/uploads\/2025\/02\/thumbnail.jpg\" \/>\n\t<meta property=\"og:image:width\" content=\"1920\" \/>\n\t<meta property=\"og:image:height\" content=\"1080\" \/>\n\t<meta property=\"og:image:type\" content=\"image\/jpeg\" \/>\n<meta name=\"twitter:card\" content=\"summary_large_image\" \/>\n<meta name=\"twitter:title\" content=\"Aislamiento t\u00e9rmico con lana de roca - Servypro\" \/>\n<meta name=\"twitter:description\" content=\"Aislamiento t\u00e9rmico y ac\u00fastico con lana de roca y materiales ign\u00edfugos. Alta eficiencia.\" \/>\n<meta name=\"twitter:label1\" content=\"Temps estimat de lectura\" \/>\n\t<meta name=\"twitter:data1\" content=\"8 minuts\" \/>\n<script type=\"application\/ld+json\" class=\"yoast-schema-graph\">{\"@context\":\"https:\/\/schema.org\",\"@graph\":[{\"@type\":\"WebPage\",\"@id\":\"https:\/\/servyproglobal.com\/ca\/soluciones\/mortero-de-lana-de-roca\/\",\"url\":\"https:\/\/servyproglobal.com\/ca\/soluciones\/mortero-de-lana-de-roca\/\",\"name\":\"Morter de llana de roca ign\u00edfug i a\u00efllant - Servypro\",\"isPartOf\":{\"@id\":\"https:\/\/servyproglobal.com\/ca\/#website\"},\"primaryImageOfPage\":{\"@id\":\"https:\/\/servyproglobal.com\/ca\/soluciones\/mortero-de-lana-de-roca\/#primaryimage\"},\"image\":{\"@id\":\"https:\/\/servyproglobal.com\/ca\/soluciones\/mortero-de-lana-de-roca\/#primaryimage\"},\"thumbnailUrl\":\"https:\/\/servyproglobal.com\/wp-content\/uploads\/2025\/02\/thumbnail.jpg\",\"datePublished\":\"2025-02-19T07:55:12+00:00\",\"dateModified\":\"2026-04-16T07:49:25+00:00\",\"description\":\"Protecci\u00f3 passiva efica\u00e7 amb morter de llana de roca. A\u00efllament resistent al foc, t\u00e8rmic i ac\u00fastic per a tot tipus d'estructures amb Servypro.\",\"breadcrumb\":{\"@id\":\"https:\/\/servyproglobal.com\/ca\/soluciones\/mortero-de-lana-de-roca\/#breadcrumb\"},\"inLanguage\":\"ca\",\"potentialAction\":[{\"@type\":\"ReadAction\",\"target\":[\"https:\/\/servyproglobal.com\/ca\/soluciones\/mortero-de-lana-de-roca\/\"]}]},{\"@type\":\"ImageObject\",\"inLanguage\":\"ca\",\"@id\":\"https:\/\/servyproglobal.com\/ca\/soluciones\/mortero-de-lana-de-roca\/#primaryimage\",\"url\":\"https:\/\/servyproglobal.com\/wp-content\/uploads\/2025\/02\/thumbnail.jpg\",\"contentUrl\":\"https:\/\/servyproglobal.com\/wp-content\/uploads\/2025\/02\/thumbnail.jpg\",\"width\":1920,\"height\":1080,\"caption\":\"forjados-chapa-colaborante\"},{\"@type\":\"BreadcrumbList\",\"@id\":\"https:\/\/servyproglobal.com\/ca\/soluciones\/mortero-de-lana-de-roca\/#breadcrumb\",\"itemListElement\":[{\"@type\":\"ListItem\",\"position\":1,\"name\":\"Portada\",\"item\":\"https:\/\/servyproglobal.com\/ca\/\"},{\"@type\":\"ListItem\",\"position\":2,\"name\":\"Soluciones\",\"item\":\"https:\/\/servyproglobal.com\/ca\/soluciones\/\"},{\"@type\":\"ListItem\",\"position\":3,\"name\":\"Morter de llana de roca\"}]},{\"@type\":\"WebSite\",\"@id\":\"https:\/\/servyproglobal.com\/ca\/#website\",\"url\":\"https:\/\/servyproglobal.com\/ca\/\",\"name\":\"SERVYPRO\",\"description\":\"L\u00edderes en protecci\u00f3n pasiva contra el fuego\",\"publisher\":{\"@id\":\"https:\/\/servyproglobal.com\/ca\/#organization\"},\"potentialAction\":[{\"@type\":\"SearchAction\",\"target\":{\"@type\":\"EntryPoint\",\"urlTemplate\":\"https:\/\/servyproglobal.com\/ca\/?s={search_term_string}\"},\"query-input\":{\"@type\":\"PropertyValueSpecification\",\"valueRequired\":true,\"valueName\":\"search_term_string\"}}],\"inLanguage\":\"ca\"},{\"@type\":\"Organization\",\"@id\":\"https:\/\/servyproglobal.com\/ca\/#organization\",\"name\":\"SERVYPRO\",\"url\":\"https:\/\/servyproglobal.com\/ca\/\",\"logo\":{\"@type\":\"ImageObject\",\"inLanguage\":\"ca\",\"@id\":\"https:\/\/servyproglobal.com\/ca\/#\/schema\/logo\/image\/\",\"url\":\"https:\/\/servyproglobal.com\/wp-content\/uploads\/2026\/01\/logo_dark-1.png\",\"contentUrl\":\"https:\/\/servyproglobal.com\/wp-content\/uploads\/2026\/01\/logo_dark-1.png\",\"width\":608,\"height\":108,\"caption\":\"SERVYPRO\"},\"image\":{\"@id\":\"https:\/\/servyproglobal.com\/ca\/#\/schema\/logo\/image\/\"}}]}<\/script>\n<!-- \/ Yoast SEO plugin. -->","yoast_head_json":{"title":"Morter de llana de roca ign\u00edfug i a\u00efllant - Servypro","description":"Protecci\u00f3 passiva efica\u00e7 amb morter de llana de roca. A\u00efllament resistent al foc, t\u00e8rmic i ac\u00fastic per a tot tipus d'estructures amb Servypro.","robots":{"index":"index","follow":"follow","max-snippet":"max-snippet:-1","max-image-preview":"max-image-preview:large","max-video-preview":"max-video-preview:-1"},"canonical":"https:\/\/servyproglobal.com\/ca\/soluciones\/mortero-de-lana-de-roca\/","og_locale":"ca_ES","og_type":"article","og_title":"Aislamiento t\u00e9rmico con lana de roca - Servypro","og_description":"Aislamiento t\u00e9rmico y ac\u00fastico con lana de roca y materiales ign\u00edfugos. Alta eficiencia.","og_url":"https:\/\/servyproglobal.com\/ca\/soluciones\/mortero-de-lana-de-roca\/","og_site_name":"SERVYPRO","article_modified_time":"2026-04-16T07:49:25+00:00","og_image":[{"width":1920,"height":1080,"url":"https:\/\/servyproglobal.com\/wp-content\/uploads\/2025\/02\/thumbnail.jpg","type":"image\/jpeg"}],"twitter_card":"summary_large_image","twitter_title":"Aislamiento t\u00e9rmico con lana de roca - Servypro","twitter_description":"Aislamiento t\u00e9rmico y ac\u00fastico con lana de roca y materiales ign\u00edfugos. Alta eficiencia.","twitter_misc":{"Temps estimat de lectura":"8 minuts"},"schema":{"@context":"https:\/\/schema.org","@graph":[{"@type":"WebPage","@id":"https:\/\/servyproglobal.com\/ca\/soluciones\/mortero-de-lana-de-roca\/","url":"https:\/\/servyproglobal.com\/ca\/soluciones\/mortero-de-lana-de-roca\/","name":"Morter de llana de roca ign\u00edfug i a\u00efllant - Servypro","isPartOf":{"@id":"https:\/\/servyproglobal.com\/ca\/#website"},"primaryImageOfPage":{"@id":"https:\/\/servyproglobal.com\/ca\/soluciones\/mortero-de-lana-de-roca\/#primaryimage"},"image":{"@id":"https:\/\/servyproglobal.com\/ca\/soluciones\/mortero-de-lana-de-roca\/#primaryimage"},"thumbnailUrl":"https:\/\/servyproglobal.com\/wp-content\/uploads\/2025\/02\/thumbnail.jpg","datePublished":"2025-02-19T07:55:12+00:00","dateModified":"2026-04-16T07:49:25+00:00","description":"Protecci\u00f3 passiva efica\u00e7 amb morter de llana de roca. A\u00efllament resistent al foc, t\u00e8rmic i ac\u00fastic per a tot tipus d'estructures amb Servypro.","breadcrumb":{"@id":"https:\/\/servyproglobal.com\/ca\/soluciones\/mortero-de-lana-de-roca\/#breadcrumb"},"inLanguage":"ca","potentialAction":[{"@type":"ReadAction","target":["https:\/\/servyproglobal.com\/ca\/soluciones\/mortero-de-lana-de-roca\/"]}]},{"@type":"ImageObject","inLanguage":"ca","@id":"https:\/\/servyproglobal.com\/ca\/soluciones\/mortero-de-lana-de-roca\/#primaryimage","url":"https:\/\/servyproglobal.com\/wp-content\/uploads\/2025\/02\/thumbnail.jpg","contentUrl":"https:\/\/servyproglobal.com\/wp-content\/uploads\/2025\/02\/thumbnail.jpg","width":1920,"height":1080,"caption":"forjados-chapa-colaborante"},{"@type":"BreadcrumbList","@id":"https:\/\/servyproglobal.com\/ca\/soluciones\/mortero-de-lana-de-roca\/#breadcrumb","itemListElement":[{"@type":"ListItem","position":1,"name":"Portada","item":"https:\/\/servyproglobal.com\/ca\/"},{"@type":"ListItem","position":2,"name":"Soluciones","item":"https:\/\/servyproglobal.com\/ca\/soluciones\/"},{"@type":"ListItem","position":3,"name":"Morter de llana de roca"}]},{"@type":"WebSite","@id":"https:\/\/servyproglobal.com\/ca\/#website","url":"https:\/\/servyproglobal.com\/ca\/","name":"SERVYPRO","description":"L\u00edderes en protecci\u00f3n pasiva contra el fuego","publisher":{"@id":"https:\/\/servyproglobal.com\/ca\/#organization"},"potentialAction":[{"@type":"SearchAction","target":{"@type":"EntryPoint","urlTemplate":"https:\/\/servyproglobal.com\/ca\/?s={search_term_string}"},"query-input":{"@type":"PropertyValueSpecification","valueRequired":true,"valueName":"search_term_string"}}],"inLanguage":"ca"},{"@type":"Organization","@id":"https:\/\/servyproglobal.com\/ca\/#organization","name":"SERVYPRO","url":"https:\/\/servyproglobal.com\/ca\/","logo":{"@type":"ImageObject","inLanguage":"ca","@id":"https:\/\/servyproglobal.com\/ca\/#\/schema\/logo\/image\/","url":"https:\/\/servyproglobal.com\/wp-content\/uploads\/2026\/01\/logo_dark-1.png","contentUrl":"https:\/\/servyproglobal.com\/wp-content\/uploads\/2026\/01\/logo_dark-1.png","width":608,"height":108,"caption":"SERVYPRO"},"image":{"@id":"https:\/\/servyproglobal.com\/ca\/#\/schema\/logo\/image\/"}}]}},"_links":{"self":[{"href":"https:\/\/servyproglobal.com\/ca\/wp-json\/wp\/v2\/pages\/10749","targetHints":{"allow":["GET"]}}],"collection":[{"href":"https:\/\/servyproglobal.com\/ca\/wp-json\/wp\/v2\/pages"}],"about":[{"href":"https:\/\/servyproglobal.com\/ca\/wp-json\/wp\/v2\/types\/page"}],"author":[{"embeddable":true,"href":"https:\/\/servyproglobal.com\/ca\/wp-json\/wp\/v2\/users\/1"}],"replies":[{"embeddable":true,"href":"https:\/\/servyproglobal.com\/ca\/wp-json\/wp\/v2\/comments?post=10749"}],"version-history":[{"count":6,"href":"https:\/\/servyproglobal.com\/ca\/wp-json\/wp\/v2\/pages\/10749\/revisions"}],"predecessor-version":[{"id":11362,"href":"https:\/\/servyproglobal.com\/ca\/wp-json\/wp\/v2\/pages\/10749\/revisions\/11362"}],"up":[{"embeddable":true,"href":"https:\/\/servyproglobal.com\/ca\/wp-json\/wp\/v2\/pages\/10731"}],"wp:featuredmedia":[{"embeddable":true,"href":"https:\/\/servyproglobal.com\/ca\/wp-json\/wp\/v2\/media\/10583"}],"wp:attachment":[{"href":"https:\/\/servyproglobal.com\/ca\/wp-json\/wp\/v2\/media?parent=10749"}],"curies":[{"name":"wp","href":"https:\/\/api.w.org\/{rel}","templated":true}]}}